{"id":1678,"date":"2020-06-11T13:59:50","date_gmt":"2020-06-11T11:59:50","guid":{"rendered":"https:\/\/www.avant-pays-savoyard.com\/smaps\/?page_id=1678"},"modified":"2020-06-11T18:48:24","modified_gmt":"2020-06-11T16:48:24","slug":"les-orientations-du-scot","status":"publish","type":"page","link":"https:\/\/www.avant-pays-savoyard.com\/smaps\/les-orientations-du-scot\/","title":{"rendered":"Les orientations du SCOT"},"content":{"rendered":"[et_pb_section fb_built=\u00a0\u00bb1&Prime; _builder_version=\u00a0\u00bb4.4.5&Prime; background_color=\u00a0\u00bb#fbfdfe\u00a0\u00bb custom_margin=\u00a0\u00bb0px||0px||true|false\u00a0\u00bb custom_padding=\u00a0\u00bb0px||0px||true|false\u00a0\u00bb][et_pb_row column_structure=\u00a0\u00bb1_3,2_3&Prime; _builder_version=\u00a0\u00bb4.4.5&Prime;][et_pb_column type=\u00a0\u00bb1_3&Prime; _builder_version=\u00a0\u00bb4.4.5&Prime;][et_pb_code _builder_version=\u00a0\u00bb4.4.5&Prime; custom_margin=\u00a0\u00bb||14px|||\u00a0\u00bb]<span><span><a href=\"https:\/\/www.avant-pays-savoyard.com\/smaps\/\">Accueil<\/a><\/span><\/span>[\/et_pb_code][et_pb_image src=\u00a0\u00bbhttps:\/\/www.avant-pays-savoyard.com\/smaps\/wp-content\/uploads\/2020\/06\/scotspeaker.png\u00a0\u00bb title_text=\u00a0\u00bbscotspeaker\u00a0\u00bb align=\u00a0\u00bbcenter\u00a0\u00bb _builder_version=\u00a0\u00bb4.4.5&Prime;][\/et_pb_image][et_pb_text _builder_version=\u00a0\u00bb4.4.5&Prime; custom_padding=\u00a0\u00bb10px||||false|false\u00a0\u00bb]\n<h3 style=\"text-align: center;\"><strong>Les orientations du SCOT<\/strong><\/h3>\n[\/et_pb_text][\/et_pb_column][et_pb_column type=\u00a0\u00bb2_3&Prime; _builder_version=\u00a0\u00bb4.4.5&Prime;][\/et_pb_column][\/et_pb_row][\/et_pb_section][et_pb_section fb_built=\u00a0\u00bb1&Prime; custom_padding_last_edited=\u00a0\u00bbon|tablet\u00a0\u00bb _builder_version=\u00a0\u00bb4.4.5&Prime; background_color=\u00a0\u00bb#FBFDFE\u00a0\u00bb custom_margin_tablet=\u00a0\u00bb-1px||-1px||true|false\u00a0\u00bb custom_margin_phone=\u00a0\u00bb\u00a0\u00bb custom_margin_last_edited=\u00a0\u00bbon|tablet\u00a0\u00bb custom_padding_tablet=\u00a0\u00bb0px||0px||true|false\u00a0\u00bb custom_padding_phone=\u00a0\u00bb\u00a0\u00bb][et_pb_row _builder_version=\u00a0\u00bb4.4.5&Prime;][et_pb_column type=\u00a0\u00bb4_4&Prime; _builder_version=\u00a0\u00bb4.4.5&Prime;][et_pb_text admin_label=\u00a0\u00bbTexte son role\u00a0\u00bb _builder_version=\u00a0\u00bb4.4.5&Prime; text_font=\u00a0\u00bbInter|700|||||||\u00a0\u00bb text_text_color=\u00a0\u00bb#010101&Prime; text_font_size=\u00a0\u00bb26px\u00a0\u00bb]\n<p>Le SCOT de l&rsquo;Avant Pays Savoyard d\u00e9gage cinq th\u00e9matiques, cinq grands d\u00e9fis pour un am\u00e9nagement durable :<\/p>\n[\/et_pb_text][\/et_pb_column][\/et_pb_row][\/et_pb_section][et_pb_section fb_built=\u00a0\u00bb1&Prime; _builder_version=\u00a0\u00bb4.4.5&Prime; hover_enabled=\u00a0\u00bb0&Prime; box_shadow_style=\u00a0\u00bbpreset1&Prime; box_shadow_spread=\u00a0\u00bb-1px\u00a0\u00bb box_shadow_blur=\u00a0\u00bb6px\u00a0\u00bb border_radii=\u00a0\u00bbon|5px|5px|5px|5px\u00a0\u00bb custom_margin=\u00a0\u00bb||40px||false|false\u00a0\u00bb max_width=\u00a0\u00bb80%\u00a0\u00bb module_alignment=\u00a0\u00bbcenter\u00a0\u00bb][et_pb_row _builder_version=\u00a0\u00bb4.4.5&Prime;][et_pb_column type=\u00a0\u00bb4_4&Prime; _builder_version=\u00a0\u00bb4.4.5&Prime;][et_pb_text admin_label=\u00a0\u00bbTexte son role\u00a0\u00bb _builder_version=\u00a0\u00bb4.4.5&Prime; text_font=\u00a0\u00bbInter|700|||||||\u00a0\u00bb text_text_color=\u00a0\u00bb#010101&Prime; text_font_size=\u00a0\u00bb26px\u00a0\u00bb]\n<p style=\"text-align: left;\">1. Renforcer l&rsquo;\u00e9quilibre du territoire<\/p>\n[\/et_pb_text][\/et_pb_column][\/et_pb_row][et_pb_row column_structure=\u00a0\u00bb1_2,1_2&Prime; _builder_version=\u00a0\u00bb4.4.5&Prime; min_height=\u00a0\u00bb261px\u00a0\u00bb][et_pb_column type=\u00a0\u00bb1_2&Prime; _builder_version=\u00a0\u00bb4.4.5&Prime;][et_pb_testimonial portrait_url=\u00a0\u00bbhttps:\/\/www.avant-pays-savoyard.com\/smaps\/wp-content\/uploads\/2020\/06\/teamwork-3-150&#215;150.png\u00a0\u00bb quote_icon=\u00a0\u00bboff\u00a0\u00bb quote_icon_color=\u00a0\u00bbrgba(0,0,0,0)\u00a0\u00bb quote_icon_background_color=\u00a0\u00bbrgba(0,0,0,0)\u00a0\u00bb _builder_version=\u00a0\u00bb4.4.5&Prime; body_font=\u00a0\u00bbInter||||||||\u00a0\u00bb body_text_color=\u00a0\u00bb#000000&Prime; body_line_height=\u00a0\u00bb1.6em\u00a0\u00bb use_background_color=\u00a0\u00bboff\u00a0\u00bb width=\u00a0\u00bb100%\u00a0\u00bb custom_padding=\u00a0\u00bb0px|||||\u00a0\u00bb animation_style=\u00a0\u00bbslide\u00a0\u00bb animation_direction=\u00a0\u00bbright\u00a0\u00bb animation_intensity_slide=\u00a0\u00bb20%\u00a0\u00bb border_radii_portrait=\u00a0\u00bboff|10px|10px|10px|10px\u00a0\u00bb border_color_all_portrait=\u00a0\u00bbrgba(0,0,0,0)\u00a0\u00bb border_style_all_portrait=\u00a0\u00bbnone\u00a0\u00bb]\n<p align=\"JUSTIFY\"><span color=\"#000000\" style=\"color: #000000;\"><span face=\"Inter\" style=\"font-family: Inter;\"><span size=\"2\" style=\"font-size: small;\"><span>Les e\u0301lus ont fait le choix d\u2019une strate\u0301gie territoriale pour le de\u0301veloppement de l\u2019Avant Pays Savoyard, distinguant plusieurs po\u0302les.<\/span><\/span><\/span><\/span><\/p>\n<p align=\"JUSTIFY\"><span color=\"#000000\" style=\"color: #000000;\"><span face=\"Inter\" style=\"font-family: Inter;\"><span size=\"2\" style=\"font-size: small;\"><span>Elle prend en compte la diversite\u0301 des bassins de vie et les fonctions assure\u0301es par chaque commune. Elle <b>assure la comple\u0301mentarite\u0301 entre les diffe\u0301rents po\u0302les <\/b><\/span><\/span><\/span><\/span><span color=\"#000000\" style=\"color: #000000;\"><span face=\"Inter\" style=\"font-family: Inter;\"><span size=\"2\" style=\"font-size: small;\"><span>et les interactions avec les territoires voisins. Cette structure permettra d&rsquo;organiser le de\u0301veloppement e\u0301quilibre\u0301 du territoire. <\/span><\/span><\/span><\/span><\/p>\n[\/et_pb_testimonial][\/et_pb_column][et_pb_column type=\u00a0\u00bb1_2&Prime; _builder_version=\u00a0\u00bb4.4.5&Prime;][et_pb_image src=\u00a0\u00bbhttps:\/\/www.avant-pays-savoyard.com\/smaps\/wp-content\/uploads\/2020\/06\/legende_armature_.png\u00a0\u00bb title_text=\u00a0\u00bblegende_armature_\u00a0\u00bb align=\u00a0\u00bbcenter\u00a0\u00bb _builder_version=\u00a0\u00bb4.4.5&Prime; max_height=\u00a0\u00bb254px\u00a0\u00bb][\/et_pb_image][\/et_pb_column][\/et_pb_row][\/et_pb_section][et_pb_section fb_built=\u00a0\u00bb1&Prime; _builder_version=\u00a0\u00bb4.4.5&Prime; box_shadow_style=\u00a0\u00bbpreset1&Prime; box_shadow_spread=\u00a0\u00bb-1px\u00a0\u00bb box_shadow_blur=\u00a0\u00bb6px\u00a0\u00bb border_radii=\u00a0\u00bbon|5px|5px|5px|5px\u00a0\u00bb custom_margin=\u00a0\u00bb||40px||false|false\u00a0\u00bb max_width=\u00a0\u00bb80%\u00a0\u00bb module_alignment=\u00a0\u00bbcenter\u00a0\u00bb][et_pb_row _builder_version=\u00a0\u00bb4.4.5&Prime;][et_pb_column type=\u00a0\u00bb4_4&Prime; _builder_version=\u00a0\u00bb4.4.5&Prime;][et_pb_text admin_label=\u00a0\u00bbTexte son role\u00a0\u00bb _builder_version=\u00a0\u00bb4.4.5&Prime; text_font=\u00a0\u00bbInter|700|||||||\u00a0\u00bb text_text_color=\u00a0\u00bb#010101&Prime; text_font_size=\u00a0\u00bb26px\u00a0\u00bb]\n<p style=\"text-align: left;\">2. R\u00e9duire la consommation fonci\u00e8re li\u00e9e \u00e0 l&rsquo;habitat<\/p>\n[\/et_pb_text][\/et_pb_column][\/et_pb_row][et_pb_row column_structure=\u00a0\u00bb1_2,1_2&Prime; _builder_version=\u00a0\u00bb4.4.5&Prime; min_height=\u00a0\u00bb261px\u00a0\u00bb][et_pb_column type=\u00a0\u00bb1_2&Prime; _builder_version=\u00a0\u00bb4.4.5&Prime;][et_pb_testimonial portrait_url=\u00a0\u00bbhttps:\/\/www.avant-pays-savoyard.com\/smaps\/wp-content\/uploads\/2020\/06\/village-150&#215;150.png\u00a0\u00bb quote_icon=\u00a0\u00bboff\u00a0\u00bb quote_icon_color=\u00a0\u00bbrgba(0,0,0,0)\u00a0\u00bb quote_icon_background_color=\u00a0\u00bbrgba(0,0,0,0)\u00a0\u00bb _builder_version=\u00a0\u00bb4.4.5&Prime; body_font=\u00a0\u00bbInter||||||||\u00a0\u00bb body_text_color=\u00a0\u00bb#000000&Prime; body_line_height=\u00a0\u00bb1.6em\u00a0\u00bb use_background_color=\u00a0\u00bboff\u00a0\u00bb width=\u00a0\u00bb100%\u00a0\u00bb custom_padding=\u00a0\u00bb0px|||||\u00a0\u00bb animation_style=\u00a0\u00bbslide\u00a0\u00bb animation_direction=\u00a0\u00bbright\u00a0\u00bb animation_intensity_slide=\u00a0\u00bb20%\u00a0\u00bb border_radii_portrait=\u00a0\u00bboff|10px|10px|10px|10px\u00a0\u00bb border_color_all_portrait=\u00a0\u00bbrgba(0,0,0,0)\u00a0\u00bb border_style_all_portrait=\u00a0\u00bbnone\u00a0\u00bb]\n<p align=\"JUSTIFY\"><span color=\"#000000\" style=\"color: #000000;\"><span face=\"Inter\" style=\"font-family: Inter;\"><span size=\"2\" style=\"font-size: small;\"><span>L&rsquo;enjeu majeur est de <b>re\u0301duire la consommation foncie\u0300re de 50% <\/b>par rapport aux 10 dernie\u0300res anne\u0301es, afin de pre\u0301server les espaces agricoles et naturels. De nouvelles formes d&rsquo;habitat, pre\u0301servant l&rsquo;identite\u0301 du territoire, devront e\u0302tre propose\u0301es afin d&rsquo;e\u0301viter le mitage et de renforcer les c\u0153urs des bourgs et hameaux. De plus, le de\u0301veloppement urbain sera recentre\u0301 autour des po\u0302les ; leurs fonctions de services, de commerces et d&rsquo;e\u0301quipements seront ainsi renforce\u0301es. <\/span><\/span><\/span><\/span><\/p>\n<p align=\"JUSTIFY\"><span color=\"#000000\" style=\"color: #000000;\"><span face=\"Inter\" style=\"font-family: Inter;\"><span size=\"2\" style=\"font-size: small;\"><span>La mixite\u0301 sociale sera de\u0301veloppe\u0301e sur le territoire notamment par une offre de logements a\u0300 loyer mode\u0301re\u0301 permettant de re\u0301pondre aux besoins de tous les habitants.<\/span><\/span><\/span><\/span><\/p>\n[\/et_pb_testimonial][\/et_pb_column][et_pb_column type=\u00a0\u00bb1_2&Prime; _builder_version=\u00a0\u00bb4.4.5&Prime;][\/et_pb_column][\/et_pb_row][\/et_pb_section][et_pb_section fb_built=\u00a0\u00bb1&Prime; _builder_version=\u00a0\u00bb4.4.5&Prime; box_shadow_style=\u00a0\u00bbpreset1&Prime; box_shadow_spread=\u00a0\u00bb-1px\u00a0\u00bb box_shadow_blur=\u00a0\u00bb6px\u00a0\u00bb border_radii=\u00a0\u00bbon|5px|5px|5px|5px\u00a0\u00bb custom_margin=\u00a0\u00bb||40px||false|false\u00a0\u00bb max_width=\u00a0\u00bb80%\u00a0\u00bb module_alignment=\u00a0\u00bbcenter\u00a0\u00bb][et_pb_row _builder_version=\u00a0\u00bb4.4.5&Prime;][et_pb_column type=\u00a0\u00bb4_4&Prime; _builder_version=\u00a0\u00bb4.4.5&Prime;][et_pb_text admin_label=\u00a0\u00bbTexte son role\u00a0\u00bb _builder_version=\u00a0\u00bb4.4.5&Prime; text_font=\u00a0\u00bbInter|700|||||||\u00a0\u00bb text_text_color=\u00a0\u00bb#010101&Prime; text_font_size=\u00a0\u00bb26px\u00a0\u00bb]\n<p style=\"text-align: left;\">3. Environnement, paysage, agriculture : des murs porteurs<\/p>\n[\/et_pb_text][\/et_pb_column][\/et_pb_row][et_pb_row column_structure=\u00a0\u00bb1_2,1_2&Prime; _builder_version=\u00a0\u00bb4.4.5&Prime; min_height=\u00a0\u00bb261px\u00a0\u00bb][et_pb_column type=\u00a0\u00bb1_2&Prime; _builder_version=\u00a0\u00bb4.4.5&Prime;][et_pb_testimonial portrait_url=\u00a0\u00bbhttps:\/\/www.avant-pays-savoyard.com\/smaps\/wp-content\/uploads\/2020\/06\/forest.png\u00a0\u00bb quote_icon=\u00a0\u00bboff\u00a0\u00bb quote_icon_color=\u00a0\u00bbrgba(0,0,0,0)\u00a0\u00bb quote_icon_background_color=\u00a0\u00bbrgba(0,0,0,0)\u00a0\u00bb _builder_version=\u00a0\u00bb4.4.5&Prime; body_font=\u00a0\u00bbInter||||||||\u00a0\u00bb body_text_color=\u00a0\u00bb#000000&Prime; body_line_height=\u00a0\u00bb1.6em\u00a0\u00bb use_background_color=\u00a0\u00bboff\u00a0\u00bb width=\u00a0\u00bb100%\u00a0\u00bb custom_padding=\u00a0\u00bb0px|||||\u00a0\u00bb animation_style=\u00a0\u00bbslide\u00a0\u00bb animation_direction=\u00a0\u00bbright\u00a0\u00bb animation_intensity_slide=\u00a0\u00bb20%\u00a0\u00bb border_radii_portrait=\u00a0\u00bboff|10px|10px|10px|10px\u00a0\u00bb border_color_all_portrait=\u00a0\u00bbrgba(0,0,0,0)\u00a0\u00bb border_style_all_portrait=\u00a0\u00bbnone\u00a0\u00bb]\n<p align=\"JUSTIFY\" style=\"text-align: justify;\"><span color=\"#000000\" style=\"color: #000000;\"><span face=\"Inter\" style=\"font-family: Inter;\"><span size=\"2\" style=\"font-size: small;\"><span>L&rsquo;attractivite\u0301 de l&rsquo;Avant Pays Savoyard s&rsquo;appuie sur la diversite\u0301, la richesse et la grande qualite\u0301 de ses espaces naturels et agricoles. Afin de pre\u0301server les espaces essentiels a\u0300 la biodiversite\u0301 ainsi que les paysages remarquables, une trame verte et bleue a e\u0301te\u0301 e\u0301labore\u0301e pour prote\u0301ger les secteurs fragilise\u0301s. L&rsquo;activite\u0301 agricole dynamique participe a\u0300 la qualite\u0301 des paysages. <\/span><\/span><\/span><\/span><\/p>\n<p align=\"JUSTIFY\" style=\"text-align: justify;\"><span color=\"#000000\" style=\"color: #000000;\"><span face=\"Inter\" style=\"font-family: Inter;\"><span size=\"2\" style=\"font-size: small;\"><span>Le SCOT <b>affirme le caracte\u0300re rural du territoire <\/b>par le respect des terres agricoles. Il tend a\u0300 sauvegarder ces surfaces en optimisant l&rsquo;espace occupe\u0301 par l&rsquo;habitat dans les villages. <\/span><\/span><\/span><\/span><\/p>\n[\/et_pb_testimonial][\/et_pb_column][et_pb_column type=\u00a0\u00bb1_2&Prime; _builder_version=\u00a0\u00bb4.4.5&Prime;][\/et_pb_column][\/et_pb_row][\/et_pb_section][et_pb_section fb_built=\u00a0\u00bb1&Prime; _builder_version=\u00a0\u00bb4.4.5&Prime; box_shadow_style=\u00a0\u00bbpreset1&Prime; box_shadow_spread=\u00a0\u00bb-1px\u00a0\u00bb box_shadow_blur=\u00a0\u00bb6px\u00a0\u00bb border_radii=\u00a0\u00bbon|5px|5px|5px|5px\u00a0\u00bb custom_margin=\u00a0\u00bb||40px||false|false\u00a0\u00bb max_width=\u00a0\u00bb80%\u00a0\u00bb module_alignment=\u00a0\u00bbcenter\u00a0\u00bb][et_pb_row _builder_version=\u00a0\u00bb4.4.5&Prime;][et_pb_column type=\u00a0\u00bb4_4&Prime; _builder_version=\u00a0\u00bb4.4.5&Prime;][et_pb_text admin_label=\u00a0\u00bbTexte son role\u00a0\u00bb _builder_version=\u00a0\u00bb4.4.5&Prime; text_font=\u00a0\u00bbInter|700|||||||\u00a0\u00bb text_text_color=\u00a0\u00bb#010101&Prime; text_font_size=\u00a0\u00bb26px\u00a0\u00bb]\n<p style=\"text-align: left;\">4. Ma\u00eetrise du foncier \u00e9conomique et diversit\u00e9 des activit\u00e9s<\/p>\n[\/et_pb_text][\/et_pb_column][\/et_pb_row][et_pb_row column_structure=\u00a0\u00bb1_2,1_2&Prime; _builder_version=\u00a0\u00bb4.4.5&Prime; min_height=\u00a0\u00bb261px\u00a0\u00bb][et_pb_column type=\u00a0\u00bb1_2&Prime; _builder_version=\u00a0\u00bb4.4.5&Prime;][et_pb_testimonial portrait_url=\u00a0\u00bbhttps:\/\/www.avant-pays-savoyard.com\/smaps\/wp-content\/uploads\/2020\/06\/fast-food-150&#215;150.png\u00a0\u00bb quote_icon=\u00a0\u00bboff\u00a0\u00bb quote_icon_color=\u00a0\u00bbrgba(0,0,0,0)\u00a0\u00bb quote_icon_background_color=\u00a0\u00bbrgba(0,0,0,0)\u00a0\u00bb _builder_version=\u00a0\u00bb4.4.5&Prime; body_font=\u00a0\u00bbInter||||||||\u00a0\u00bb body_text_color=\u00a0\u00bb#000000&Prime; body_line_height=\u00a0\u00bb1.6em\u00a0\u00bb use_background_color=\u00a0\u00bboff\u00a0\u00bb width=\u00a0\u00bb100%\u00a0\u00bb custom_padding=\u00a0\u00bb0px|||||\u00a0\u00bb animation_style=\u00a0\u00bbslide\u00a0\u00bb animation_direction=\u00a0\u00bbright\u00a0\u00bb animation_intensity_slide=\u00a0\u00bb20%\u00a0\u00bb border_radii_portrait=\u00a0\u00bboff|10px|10px|10px|10px\u00a0\u00bb border_color_all_portrait=\u00a0\u00bbrgba(0,0,0,0)\u00a0\u00bb border_style_all_portrait=\u00a0\u00bbnone\u00a0\u00bb]\n<p align=\"JUSTIFY\"><span color=\"#000000\" style=\"color: #000000;\"><span face=\"Inter\" style=\"font-family: Inter;\"><span size=\"2\" style=\"font-size: small;\"><span>Le SCOT doit offrir les conditions spatiales ade\u0301quates au de\u0301veloppement e\u0301conomique, a\u0300 l\u2019accueil d\u2019entreprises tant en terme d\u2019organisation et de structuration territoriale que d\u2019offre foncie\u0300re. <\/span><\/span><\/span><\/span><\/p>\n<p align=\"JUSTIFY\"><span color=\"#000000\" style=\"color: #000000;\"><span face=\"Inter\" style=\"font-family: Inter;\"><span size=\"2\" style=\"font-size: small;\"><span>Il <b>encadre le de\u0301veloppement <\/b><b> des diffe\u0301rentes activite\u0301s<\/b> industrielles, artisanales et commerciales qui structurent le territoire. <\/span><\/span><\/span><\/span><\/p>\n<p align=\"JUSTIFY\" style=\"text-align: justify;\"><span color=\"#000000\" style=\"color: #000000;\"><span face=\"Inter\" style=\"font-family: Inter;\"><span size=\"2\" style=\"font-size: small;\"><span>Il doit e\u0301galement e\u0302tre le garant d\u2019un de\u0301veloppement e\u0301conomique qualitatif qui rende possible la cohabitation entre de\u0301veloppement industriel, agricole, re\u0301sidentiel et touristique. <\/span><\/span><\/span><\/span><\/p>\n[\/et_pb_testimonial][\/et_pb_column][et_pb_column type=\u00a0\u00bb1_2&Prime; _builder_version=\u00a0\u00bb4.4.5&Prime;][\/et_pb_column][\/et_pb_row][\/et_pb_section][et_pb_section fb_built=\u00a0\u00bb1&Prime; _builder_version=\u00a0\u00bb4.4.5&Prime; box_shadow_style=\u00a0\u00bbpreset1&Prime; box_shadow_spread=\u00a0\u00bb-1px\u00a0\u00bb box_shadow_blur=\u00a0\u00bb6px\u00a0\u00bb border_radii=\u00a0\u00bbon|5px|5px|5px|5px\u00a0\u00bb custom_margin=\u00a0\u00bb||40px||false|false\u00a0\u00bb max_width=\u00a0\u00bb80%\u00a0\u00bb module_alignment=\u00a0\u00bbcenter\u00a0\u00bb][et_pb_row _builder_version=\u00a0\u00bb4.4.5&Prime;][et_pb_column type=\u00a0\u00bb4_4&Prime; _builder_version=\u00a0\u00bb4.4.5&Prime;][et_pb_text admin_label=\u00a0\u00bbTexte son role\u00a0\u00bb _builder_version=\u00a0\u00bb4.4.5&Prime; text_font=\u00a0\u00bbInter|700|||||||\u00a0\u00bb text_text_color=\u00a0\u00bb#010101&Prime; text_font_size=\u00a0\u00bb26px\u00a0\u00bb]\n<p style=\"text-align: left;\">5. D\u00e9velopper des alternatives \u00e0 la voiture<\/p>\n[\/et_pb_text][\/et_pb_column][\/et_pb_row][et_pb_row column_structure=\u00a0\u00bb1_2,1_2&Prime; _builder_version=\u00a0\u00bb4.4.5&Prime; min_height=\u00a0\u00bb261px\u00a0\u00bb][et_pb_column type=\u00a0\u00bb1_2&Prime; _builder_version=\u00a0\u00bb4.4.5&Prime;][et_pb_testimonial portrait_url=\u00a0\u00bbhttps:\/\/www.avant-pays-savoyard.com\/smaps\/wp-content\/uploads\/2020\/06\/bicycle-150&#215;150.png\u00a0\u00bb quote_icon=\u00a0\u00bboff\u00a0\u00bb quote_icon_color=\u00a0\u00bbrgba(0,0,0,0)\u00a0\u00bb quote_icon_background_color=\u00a0\u00bbrgba(0,0,0,0)\u00a0\u00bb _builder_version=\u00a0\u00bb4.4.5&Prime; body_font=\u00a0\u00bbInter||||||||\u00a0\u00bb body_text_color=\u00a0\u00bb#000000&Prime; body_line_height=\u00a0\u00bb1.6em\u00a0\u00bb use_background_color=\u00a0\u00bboff\u00a0\u00bb width=\u00a0\u00bb100%\u00a0\u00bb custom_padding=\u00a0\u00bb0px|||||\u00a0\u00bb animation_style=\u00a0\u00bbslide\u00a0\u00bb animation_direction=\u00a0\u00bbright\u00a0\u00bb animation_intensity_slide=\u00a0\u00bb20%\u00a0\u00bb border_radii_portrait=\u00a0\u00bboff|10px|10px|10px|10px\u00a0\u00bb border_color_all_portrait=\u00a0\u00bbrgba(0,0,0,0)\u00a0\u00bb border_style_all_portrait=\u00a0\u00bbnone\u00a0\u00bb]\n<p align=\"JUSTIFY\"><span face=\"Inter\" style=\"font-family: Inter;\"><span size=\"2\" style=\"font-size: small;\"><span><span color=\"#000000\" style=\"color: #000000;\">Le SCOT doit contribuer \u00e0 l&rsquo;organisation dun syste\u0300me de de\u0301placements qui conforte le fonctionnement du territoire, tout en pre\u0301servant les liens avec les bassins de vie voisins. <\/span><\/span><\/span><\/span><\/p>\n<p align=\"JUSTIFY\"><span face=\"Inter\" style=\"font-family: Inter;\"><span size=\"2\" style=\"font-size: small;\"><span><span color=\"#000000\" style=\"color: #000000;\">Il doit permettre de <\/span><span color=\"#000000\" style=\"color: #000000;\">renforcer les <\/span><span color=\"#000000\" style=\"color: #000000;\">interactions entre les bourgs par le <strong>de\u0301veloppement de modes de de\u0301placements alternatifs<\/strong>. Il devra renforcer l\u2019utilisation du re\u0301seau ferre\u0301 et des gares existantes. Il valorisera l&rsquo;usage du v\u00e9lo au quotidien. <\/span><\/span><\/span><\/span><\/p>\n[\/et_pb_testimonial][\/et_pb_column][et_pb_column type=\u00a0\u00bb1_2&Prime; _builder_version=\u00a0\u00bb4.4.5&Prime;][\/et_pb_column][\/et_pb_row][\/et_pb_section]\n","protected":false},"excerpt":{"rendered":"<p><span><span><a href=\"https:\/\/www.avant-pays-savoyard.com\/smaps\/\">Accueil<\/a><\/span><\/span>Les orientations du SCOTLe SCOT de l&rsquo;Avant Pays Savoyard d\u00e9gage cinq th\u00e9matiques, cinq grands d\u00e9fis pour un am\u00e9nagement durable :1. Renforcer l&rsquo;\u00e9quilibre du territoireLes e\u0301lus ont fait le choix d\u2019une strate\u0301gie territoriale pour le de\u0301veloppement de l\u2019Avant Pays Savoyard, distinguant plusieurs po\u0302les. Elle prend en compte la diversite\u0301 des bassins de vie et les fonctions [&hellip;]<\/p>\n","protected":false},"author":2,"featured_media":0,"parent":0,"menu_order":0,"comment_status":"closed","ping_status":"closed","template":"","meta":{"_et_pb_use_builder":"on","_et_pb_old_content":"","_et_gb_content_width":"","_monsterinsights_skip_tracking":false,"_monsterinsights_sitenote_active":false,"_monsterinsights_sitenote_note":"","_monsterinsights_sitenote_category":0,"footnotes":""},"class_list":["post-1678","page","type-page","status-publish","hentry"],"yoast_head":"<!-- This site is optimized with the Yoast SEO plugin v27.5 - https:\/\/yoast.com\/product\/yoast-seo-wordpress\/ -->\n<title>Les orientations du SCOT | Avant Pays Savoyard<\/title>\n<meta name=\"description\" content=\"Les orientations du SCOT | Avant Pays Savoyard\" \/>\n<meta name=\"robots\" content=\"index, follow, max-snippet:-1, max-image-preview:large, max-video-preview:-1\" \/>\n<link rel=\"canonical\" href=\"https:\/\/www.avant-pays-savoyard.com\/smaps\/les-orientations-du-scot\/\" \/>\n<meta property=\"og:locale\" content=\"fr_FR\" \/>\n<meta property=\"og:type\" content=\"article\" \/>\n<meta property=\"og:title\" content=\"Les orientations du SCOT | Avant Pays Savoyard\" \/>\n<meta property=\"og:description\" content=\"Les orientations du SCOT | Avant Pays Savoyard\" \/>\n<meta property=\"og:url\" content=\"https:\/\/www.avant-pays-savoyard.com\/smaps\/les-orientations-du-scot\/\" \/>\n<meta property=\"og:site_name\" content=\"Syndicat Mixte Avant-Pays Savoyard\" \/>\n<meta property=\"article:publisher\" content=\"https:\/\/www.facebook.com\/philippe.smaps?eid=ARBa3pcAa8gXFS8WNK_PRvsO8QdGpgIOahlkYUZ_fHoQSowEaz5KpN0GqL0PUxNL0ZbTsFwcVmpWqAsm\" \/>\n<meta property=\"article:modified_time\" content=\"2020-06-11T16:48:24+00:00\" \/>\n<meta name=\"twitter:card\" content=\"summary_large_image\" \/>\n<meta name=\"twitter:label1\" content=\"Dur\u00e9e de lecture estim\u00e9e\" \/>\n\t<meta name=\"twitter:data1\" content=\"8 minutes\" \/>\n<script type=\"application\/ld+json\" class=\"yoast-schema-graph\">{\"@context\":\"https:\\\/\\\/schema.org\",\"@graph\":[{\"@type\":\"WebPage\",\"@id\":\"https:\\\/\\\/www.avant-pays-savoyard.com\\\/smaps\\\/les-orientations-du-scot\\\/\",\"url\":\"https:\\\/\\\/www.avant-pays-savoyard.com\\\/smaps\\\/les-orientations-du-scot\\\/\",\"name\":\"Les orientations du SCOT | Avant Pays Savoyard\",\"isPartOf\":{\"@id\":\"https:\\\/\\\/www.avant-pays-savoyard.com\\\/smaps\\\/#website\"},\"datePublished\":\"2020-06-11T11:59:50+00:00\",\"dateModified\":\"2020-06-11T16:48:24+00:00\",\"description\":\"Les orientations du SCOT | Avant Pays Savoyard\",\"breadcrumb\":{\"@id\":\"https:\\\/\\\/www.avant-pays-savoyard.com\\\/smaps\\\/les-orientations-du-scot\\\/#breadcrumb\"},\"inLanguage\":\"fr-FR\",\"potentialAction\":[{\"@type\":\"ReadAction\",\"target\":[\"https:\\\/\\\/www.avant-pays-savoyard.com\\\/smaps\\\/les-orientations-du-scot\\\/\"]}]},{\"@type\":\"BreadcrumbList\",\"@id\":\"https:\\\/\\\/www.avant-pays-savoyard.com\\\/smaps\\\/les-orientations-du-scot\\\/#breadcrumb\",\"itemListElement\":[{\"@type\":\"ListItem\",\"position\":1,\"name\":\"Accueil\",\"item\":\"https:\\\/\\\/www.avant-pays-savoyard.com\\\/smaps\\\/\"},{\"@type\":\"ListItem\",\"position\":2,\"name\":\"Les orientations du SCOT\"}]},{\"@type\":\"WebSite\",\"@id\":\"https:\\\/\\\/www.avant-pays-savoyard.com\\\/smaps\\\/#website\",\"url\":\"https:\\\/\\\/www.avant-pays-savoyard.com\\\/smaps\\\/\",\"name\":\"Syndicat Mixte Avant-Pays Savoyard\",\"description\":\"Site du SMAPS\",\"publisher\":{\"@id\":\"https:\\\/\\\/www.avant-pays-savoyard.com\\\/smaps\\\/#organization\"},\"potentialAction\":[{\"@type\":\"SearchAction\",\"target\":{\"@type\":\"EntryPoint\",\"urlTemplate\":\"https:\\\/\\\/www.avant-pays-savoyard.com\\\/smaps\\\/?s={search_term_string}\"},\"query-input\":{\"@type\":\"PropertyValueSpecification\",\"valueRequired\":true,\"valueName\":\"search_term_string\"}}],\"inLanguage\":\"fr-FR\"},{\"@type\":\"Organization\",\"@id\":\"https:\\\/\\\/www.avant-pays-savoyard.com\\\/smaps\\\/#organization\",\"name\":\"Avant Pays Savoyard\",\"url\":\"https:\\\/\\\/www.avant-pays-savoyard.com\\\/smaps\\\/\",\"logo\":{\"@type\":\"ImageObject\",\"inLanguage\":\"fr-FR\",\"@id\":\"https:\\\/\\\/www.avant-pays-savoyard.com\\\/smaps\\\/#\\\/schema\\\/logo\\\/image\\\/\",\"url\":\"https:\\\/\\\/www.avant-pays-savoyard.com\\\/smaps\\\/wp-content\\\/uploads\\\/2020\\\/11\\\/logo-smaps.png\",\"contentUrl\":\"https:\\\/\\\/www.avant-pays-savoyard.com\\\/smaps\\\/wp-content\\\/uploads\\\/2020\\\/11\\\/logo-smaps.png\",\"width\":1617,\"height\":738,\"caption\":\"Avant Pays Savoyard\"},\"image\":{\"@id\":\"https:\\\/\\\/www.avant-pays-savoyard.com\\\/smaps\\\/#\\\/schema\\\/logo\\\/image\\\/\"},\"sameAs\":[\"https:\\\/\\\/www.facebook.com\\\/philippe.smaps?eid=ARBa3pcAa8gXFS8WNK_PRvsO8QdGpgIOahlkYUZ_fHoQSowEaz5KpN0GqL0PUxNL0ZbTsFwcVmpWqAsm\"]}]}<\/script>\n<!-- \/ Yoast SEO plugin. -->","yoast_head_json":{"title":"Les orientations du SCOT | Avant Pays Savoyard","description":"Les orientations du SCOT | Avant Pays Savoyard","robots":{"index":"index","follow":"follow","max-snippet":"max-snippet:-1","max-image-preview":"max-image-preview:large","max-video-preview":"max-video-preview:-1"},"canonical":"https:\/\/www.avant-pays-savoyard.com\/smaps\/les-orientations-du-scot\/","og_locale":"fr_FR","og_type":"article","og_title":"Les orientations du SCOT | Avant Pays Savoyard","og_description":"Les orientations du SCOT | Avant Pays Savoyard","og_url":"https:\/\/www.avant-pays-savoyard.com\/smaps\/les-orientations-du-scot\/","og_site_name":"Syndicat Mixte Avant-Pays Savoyard","article_publisher":"https:\/\/www.facebook.com\/philippe.smaps?eid=ARBa3pcAa8gXFS8WNK_PRvsO8QdGpgIOahlkYUZ_fHoQSowEaz5KpN0GqL0PUxNL0ZbTsFwcVmpWqAsm","article_modified_time":"2020-06-11T16:48:24+00:00","twitter_card":"summary_large_image","twitter_misc":{"Dur\u00e9e de lecture estim\u00e9e":"8 minutes"},"schema":{"@context":"https:\/\/schema.org","@graph":[{"@type":"WebPage","@id":"https:\/\/www.avant-pays-savoyard.com\/smaps\/les-orientations-du-scot\/","url":"https:\/\/www.avant-pays-savoyard.com\/smaps\/les-orientations-du-scot\/","name":"Les orientations du SCOT | Avant Pays Savoyard","isPartOf":{"@id":"https:\/\/www.avant-pays-savoyard.com\/smaps\/#website"},"datePublished":"2020-06-11T11:59:50+00:00","dateModified":"2020-06-11T16:48:24+00:00","description":"Les orientations du SCOT | Avant Pays Savoyard","breadcrumb":{"@id":"https:\/\/www.avant-pays-savoyard.com\/smaps\/les-orientations-du-scot\/#breadcrumb"},"inLanguage":"fr-FR","potentialAction":[{"@type":"ReadAction","target":["https:\/\/www.avant-pays-savoyard.com\/smaps\/les-orientations-du-scot\/"]}]},{"@type":"BreadcrumbList","@id":"https:\/\/www.avant-pays-savoyard.com\/smaps\/les-orientations-du-scot\/#breadcrumb","itemListElement":[{"@type":"ListItem","position":1,"name":"Accueil","item":"https:\/\/www.avant-pays-savoyard.com\/smaps\/"},{"@type":"ListItem","position":2,"name":"Les orientations du SCOT"}]},{"@type":"WebSite","@id":"https:\/\/www.avant-pays-savoyard.com\/smaps\/#website","url":"https:\/\/www.avant-pays-savoyard.com\/smaps\/","name":"Syndicat Mixte Avant-Pays Savoyard","description":"Site du SMAPS","publisher":{"@id":"https:\/\/www.avant-pays-savoyard.com\/smaps\/#organization"},"potentialAction":[{"@type":"SearchAction","target":{"@type":"EntryPoint","urlTemplate":"https:\/\/www.avant-pays-savoyard.com\/smaps\/?s={search_term_string}"},"query-input":{"@type":"PropertyValueSpecification","valueRequired":true,"valueName":"search_term_string"}}],"inLanguage":"fr-FR"},{"@type":"Organization","@id":"https:\/\/www.avant-pays-savoyard.com\/smaps\/#organization","name":"Avant Pays Savoyard","url":"https:\/\/www.avant-pays-savoyard.com\/smaps\/","logo":{"@type":"ImageObject","inLanguage":"fr-FR","@id":"https:\/\/www.avant-pays-savoyard.com\/smaps\/#\/schema\/logo\/image\/","url":"https:\/\/www.avant-pays-savoyard.com\/smaps\/wp-content\/uploads\/2020\/11\/logo-smaps.png","contentUrl":"https:\/\/www.avant-pays-savoyard.com\/smaps\/wp-content\/uploads\/2020\/11\/logo-smaps.png","width":1617,"height":738,"caption":"Avant Pays Savoyard"},"image":{"@id":"https:\/\/www.avant-pays-savoyard.com\/smaps\/#\/schema\/logo\/image\/"},"sameAs":["https:\/\/www.facebook.com\/philippe.smaps?eid=ARBa3pcAa8gXFS8WNK_PRvsO8QdGpgIOahlkYUZ_fHoQSowEaz5KpN0GqL0PUxNL0ZbTsFwcVmpWqAsm"]}]}},"publishpress_future_action":{"enabled":false,"date":"2026-05-07 14:53:33","action":"change-status","newStatus":"draft","terms":[],"taxonomy":"","extraData":[]},"publishpress_future_workflow_manual_trigger":{"enabledWorkflows":[]},"_links":{"self":[{"href":"https:\/\/www.avant-pays-savoyard.com\/smaps\/wp-json\/wp\/v2\/pages\/1678","targetHints":{"allow":["GET"]}}],"collection":[{"href":"https:\/\/www.avant-pays-savoyard.com\/smaps\/wp-json\/wp\/v2\/pages"}],"about":[{"href":"https:\/\/www.avant-pays-savoyard.com\/smaps\/wp-json\/wp\/v2\/types\/page"}],"author":[{"embeddable":true,"href":"https:\/\/www.avant-pays-savoyard.com\/smaps\/wp-json\/wp\/v2\/users\/2"}],"replies":[{"embeddable":true,"href":"https:\/\/www.avant-pays-savoyard.com\/smaps\/wp-json\/wp\/v2\/comments?post=1678"}],"version-history":[{"count":16,"href":"https:\/\/www.avant-pays-savoyard.com\/smaps\/wp-json\/wp\/v2\/pages\/1678\/revisions"}],"predecessor-version":[{"id":1813,"href":"https:\/\/www.avant-pays-savoyard.com\/smaps\/wp-json\/wp\/v2\/pages\/1678\/revisions\/1813"}],"wp:attachment":[{"href":"https:\/\/www.avant-pays-savoyard.com\/smaps\/wp-json\/wp\/v2\/media?parent=1678"}],"curies":[{"name":"wp","href":"https:\/\/api.w.org\/{rel}","templated":true}]}}