{"id":4996,"date":"2023-03-03T16:33:35","date_gmt":"2023-03-03T15:33:35","guid":{"rendered":"https:\/\/www.avant-pays-savoyard.com\/smaps\/?page_id=4996"},"modified":"2026-03-10T13:44:23","modified_gmt":"2026-03-10T12:44:23","slug":"defi-des-ecoliers","status":"publish","type":"page","link":"https:\/\/www.avant-pays-savoyard.com\/smaps\/defi-des-ecoliers\/","title":{"rendered":"D\u00e9fi des \u00e9coliers"},"content":{"rendered":"[et_pb_section fb_built=\u00a0\u00bb1&Prime; _builder_version=\u00a0\u00bb4.16&Prime; background_color=\u00a0\u00bb#FBFDFE\u00a0\u00bb custom_margin=\u00a0\u00bb0px||0px||false|false\u00a0\u00bb custom_padding=\u00a0\u00bb0px||0px||false|false\u00a0\u00bb global_colors_info=\u00a0\u00bb{}\u00a0\u00bb][et_pb_row _builder_version=\u00a0\u00bb4.16&Prime; width=\u00a0\u00bb100%\u00a0\u00bb max_width=\u00a0\u00bb100%\u00a0\u00bb module_alignment=\u00a0\u00bbcenter\u00a0\u00bb custom_margin=\u00a0\u00bb0px||0px||false|false\u00a0\u00bb custom_padding=\u00a0\u00bb0px||0px||false|false\u00a0\u00bb global_colors_info=\u00a0\u00bb{}\u00a0\u00bb][et_pb_column type=\u00a0\u00bb4_4&Prime; _builder_version=\u00a0\u00bb4.16&Prime; global_colors_info=\u00a0\u00bb{}\u00a0\u00bb][et_pb_image src=\u00a0\u00bbhttps:\/\/www.avant-pays-savoyard.com\/smaps\/wp-content\/uploads\/2026\/03\/BANDEAU-MAIL-2026.jpg\u00a0\u00bb alt=\u00a0\u00bbBandeau D\u00e9fi des \u00e9coliers &#8211; SMAPS\u00a0\u00bb title_text=\u00a0\u00bbBANDEAU MAIL &#8211; 2026&Prime; align=\u00a0\u00bbcenter\u00a0\u00bb force_fullwidth=\u00a0\u00bbon\u00a0\u00bb src_tablet=\u00a0\u00bb\u00a0\u00bb src_phone=\u00a0\u00bb\u00a0\u00bb src_last_edited=\u00a0\u00bbon|desktop\u00a0\u00bb disabled_on=\u00a0\u00bbon|on|off\u00a0\u00bb _builder_version=\u00a0\u00bb4.27.4&Prime; _module_preset=\u00a0\u00bbdefault\u00a0\u00bb hover_enabled=\u00a0\u00bb0&Prime; global_colors_info=\u00a0\u00bb{}\u00a0\u00bb sticky_enabled=\u00a0\u00bb0&Prime;][\/et_pb_image][\/et_pb_column][\/et_pb_row][\/et_pb_section][et_pb_section fb_built=\u00a0\u00bb1&Prime; make_equal=\u00a0\u00bbon\u00a0\u00bb use_custom_gutter=\u00a0\u00bbon\u00a0\u00bb gutter_width=\u00a0\u00bb2&Prime; specialty=\u00a0\u00bbon\u00a0\u00bb padding_top_bottom_link_1=\u00a0\u00bbfalse\u00a0\u00bb padding_top_bottom_link_2=\u00a0\u00bbfalse\u00a0\u00bb padding_left_right_link_1=\u00a0\u00bbfalse\u00a0\u00bb padding_left_right_link_2=\u00a0\u00bbfalse\u00a0\u00bb _builder_version=\u00a0\u00bb4.16&Prime; _module_preset=\u00a0\u00bbdefault\u00a0\u00bb width=\u00a0\u00bb100%\u00a0\u00bb max_width=\u00a0\u00bb100%\u00a0\u00bb module_alignment=\u00a0\u00bbcenter\u00a0\u00bb inner_width=\u00a0\u00bb80%\u00a0\u00bb inner_max_width=\u00a0\u00bb80%\u00a0\u00bb inner_module_alignment=\u00a0\u00bbcenter\u00a0\u00bb custom_padding=\u00a0\u00bb0px||47px||false|false\u00a0\u00bb global_colors_info=\u00a0\u00bb{}\u00a0\u00bb][et_pb_column type=\u00a0\u00bb2_3&Prime; specialty_columns=\u00a0\u00bb2&Prime; _builder_version=\u00a0\u00bb4.16&Prime; custom_padding=\u00a0\u00bb|||\u00a0\u00bb global_colors_info=\u00a0\u00bb{}\u00a0\u00bb custom_padding__hover=\u00a0\u00bb|||\u00a0\u00bb][et_pb_row_inner _builder_version=\u00a0\u00bb4.16&Prime; custom_padding=\u00a0\u00bb0px||0px|||\u00a0\u00bb global_colors_info=\u00a0\u00bb{}\u00a0\u00bb][et_pb_column_inner saved_specialty_column_type=\u00a0\u00bb2_3&Prime; _builder_version=\u00a0\u00bb4.16&Prime; global_colors_info=\u00a0\u00bb{}\u00a0\u00bb][et_pb_text disabled_on=\u00a0\u00bbon|off|off\u00a0\u00bb _builder_version=\u00a0\u00bb4.27.4&Prime; text_font=\u00a0\u00bbInter||||||||\u00a0\u00bb custom_margin=\u00a0\u00bb0px||0px||false|false\u00a0\u00bb custom_padding=\u00a0\u00bb29px||10px||false|false\u00a0\u00bb hover_enabled=\u00a0\u00bb0&Prime; global_colors_info=\u00a0\u00bb{}\u00a0\u00bb sticky_enabled=\u00a0\u00bb0&Prime;]\n<h3>\u00ab D\u00e9fi des \u00c9coliers \u00bb \u2013 Qu\u2019est-ce que c\u2019est ?<\/h3>\n<p>Le Syndicat Mixte de l\u2019Avant-Pays Savoyard organise en 2026 la <strong>4\u00e8me \u00e9dition du D\u00e9fi des <\/strong><b>\u00c9coliers, un challenge Mobilit\u00e9 inter-\u00e9tablissements scolaires<\/b>\u00a0sur la th\u00e9matique des\u00a0<strong>d\u00e9placements actifs. Apr\u00e8s deux \u00e9ditions r\u00e9ussies qui ont mobilis\u00e9 \u00e0 chaque fois plus de 1000 \u00e9coliers et leurs familles, cette ann\u00e9e le D\u00e9fi s&rsquo;agrandit !\u00a0 Il se fera en simultan\u00e9 dans plusieurs territoires fran\u00e7ais et italiens dans le cadre du projet europ\u00e9en ALCOTRA-AMICI. Et pour toucher encore plus de familles, il int\u00e9grera les d\u00e9placements actifs (v\u00e9lo, marche, trotinette) et partag\u00e9s (covoiturage, autocar etc.). <\/strong>Cette 4\u00e8me \u00e9dition donnera la possibilit\u00e9 \u00e0 toutes les \u00e9coles primaires maternelles et \u00e9l\u00e9mentaires du territoire de participer au jour du D\u00e9fi, et de s\u00fbrement gagner de tr\u00e8s beaux lots pour r\u00e9compenser les efforts fournis !<\/p>\n[\/et_pb_text][et_pb_divider disabled_on=\u00a0\u00bbon|off|off\u00a0\u00bb _builder_version=\u00a0\u00bb4.16&Prime; _module_preset=\u00a0\u00bbdefault\u00a0\u00bb custom_margin=\u00a0\u00bb15px||0px||false|false\u00a0\u00bb custom_padding=\u00a0\u00bb||0px||false|false\u00a0\u00bb global_colors_info=\u00a0\u00bb{}\u00a0\u00bb][\/et_pb_divider][\/et_pb_column_inner][\/et_pb_row_inner][et_pb_row_inner column_structure=\u00a0\u00bb1_2,1_2&Prime; use_custom_gutter=\u00a0\u00bbon\u00a0\u00bb gutter_width=\u00a0\u00bb2&Prime; _builder_version=\u00a0\u00bb4.16&Prime; custom_margin=\u00a0\u00bb||0px||false|false\u00a0\u00bb custom_padding=\u00a0\u00bb13px||0px|||\u00a0\u00bb global_colors_info=\u00a0\u00bb{}\u00a0\u00bb][et_pb_column_inner type=\u00a0\u00bb1_2&Prime; saved_specialty_column_type=\u00a0\u00bb2_3&Prime; _builder_version=\u00a0\u00bb4.16&Prime; global_colors_info=\u00a0\u00bb{}\u00a0\u00bb][et_pb_image src=\u00a0\u00bbhttps:\/\/www.avant-pays-savoyard.com\/smaps\/wp-content\/uploads\/2026\/03\/AFFICHE-2026-A4-Mix-Semaine-Jour-scaled.jpg\u00a0\u00bb alt=\u00a0\u00bbAffiche D\u00e9fi des \u00e9coliers 2024&Prime; title_text=\u00a0\u00bbAFFICHE 2026 A4 &#8211; Mix Semaine + Jour\u00a0\u00bb _builder_version=\u00a0\u00bb4.27.4&Prime; _module_preset=\u00a0\u00bbdefault\u00a0\u00bb custom_padding=\u00a0\u00bb||5px||false|false\u00a0\u00bb hover_enabled=\u00a0\u00bb0&Prime; global_colors_info=\u00a0\u00bb{}\u00a0\u00bb sticky_enabled=\u00a0\u00bb0&Prime;][\/et_pb_image][\/et_pb_column_inner][et_pb_column_inner type=\u00a0\u00bb1_2&Prime; saved_specialty_column_type=\u00a0\u00bb2_3&Prime; _builder_version=\u00a0\u00bb4.16&Prime; global_colors_info=\u00a0\u00bb{}\u00a0\u00bb][et_pb_text _builder_version=\u00a0\u00bb4.27.4&Prime; text_font=\u00a0\u00bbInter||||||||\u00a0\u00bb text_text_color=\u00a0\u00bb#000000&Prime; background_color=\u00a0\u00bbRGBA(255,255,255,0)\u00a0\u00bb custom_margin=\u00a0\u00bb0px||0px||false|false\u00a0\u00bb custom_padding=\u00a0\u00bb20px|20px|20px|20px|false|false\u00a0\u00bb border_width_all=\u00a0\u00bb3px\u00a0\u00bb border_color_all=\u00a0\u00bb#55B192&Prime; border_style_all=\u00a0\u00bbdashed\u00a0\u00bb global_colors_info=\u00a0\u00bb{}\u00a0\u00bb]\n<h3>Objectifs de l&rsquo;action<\/h3>\n<p>Proposer aux \u00e9l\u00e8ves le temps d&rsquo;une journ\u00e9e de se rendre \u00e0 l\u2019\u00e9cole,<strong> en privil\u00e9giant les d\u00e9placements actifs comme la marche \u00e0 pied ou le v\u00e9lo<\/strong>, et aussi <strong>les d\u00e9placements partag\u00e9s<\/strong> (covoiturage, autocar ou train) de fa\u00e7on \u00e0 <strong>encourager une dynamique sportive et \u00e9cologique ce jour-l\u00e0<\/strong>, et ainsi <em>transmettre aux enfants les retomb\u00e9es positives et les bienfaits sur la sant\u00e9 et l\u2019environnement<\/em>.<\/p>\n<p>Vous le savez, de nombreuses \u00e9tudes montrent qu\u2019une pratique r\u00e9guli\u00e8re des d\u00e9placements actifs (marche \u00e0 pied, v\u00e9lo\u2026) permet aux jeunes d\u2019atteindre plus facilement le niveau d\u2019activit\u00e9 physique recommand\u00e9 et contribue \u00e0 une meilleure sant\u00e9 au quotidien.C&rsquo;est pourquoi avec le D\u00e9fi des \u00e9coliers, \u00ab\u00a0Aujourd&rsquo;hui, je vais \u00e0 l&rsquo;\u00e9cole autrement\u00a0\u00bb !<\/p>\n[\/et_pb_text][et_pb_text _builder_version=\u00a0\u00bb4.27.4&Prime; _module_preset=\u00a0\u00bbdefault\u00a0\u00bb text_font=\u00a0\u00bbInter|600|||||||\u00a0\u00bb text_orientation=\u00a0\u00bbcenter\u00a0\u00bb custom_padding=\u00a0\u00bb39px||||false|false\u00a0\u00bb global_colors_info=\u00a0\u00bb{}\u00a0\u00bb]\n<p>Afin d\u2019encourager cette dynamique, nous vous invitons nombreux \u00e0 ce premier rendez-vous du\u00a0:<\/p>\n<p><span style=\"color: #f68f34;\">D\u00c9FI DES \u00c9COLIERS \u00ab\u00a0D\u00e9placements actifs\u00a0\u00bb<br \/><\/span><span style=\"color: #f68f34;\"><strong>Le vendredi 16 mai 2025<\/strong><\/span><\/p>\n[\/et_pb_text][\/et_pb_column_inner][\/et_pb_row_inner][et_pb_row_inner _builder_version=\u00a0\u00bb4.16&Prime; custom_padding=\u00a0\u00bb21px||0px|||\u00a0\u00bb global_colors_info=\u00a0\u00bb{}\u00a0\u00bb][et_pb_column_inner saved_specialty_column_type=\u00a0\u00bb2_3&Prime; _builder_version=\u00a0\u00bb4.16&Prime; global_colors_info=\u00a0\u00bb{}\u00a0\u00bb][et_pb_divider disabled_on=\u00a0\u00bbon|off|off\u00a0\u00bb _builder_version=\u00a0\u00bb4.16&Prime; _module_preset=\u00a0\u00bbdefault\u00a0\u00bb custom_margin=\u00a0\u00bb15px||0px||false|false\u00a0\u00bb custom_padding=\u00a0\u00bb||0px||false|false\u00a0\u00bb global_colors_info=\u00a0\u00bb{}\u00a0\u00bb][\/et_pb_divider][et_pb_text disabled_on=\u00a0\u00bbon|off|off\u00a0\u00bb _builder_version=\u00a0\u00bb4.27.4&Prime; text_font=\u00a0\u00bbInter||||||||\u00a0\u00bb custom_margin=\u00a0\u00bb0px||0px||false|false\u00a0\u00bb custom_padding=\u00a0\u00bb0px||10px||false|false\u00a0\u00bb global_colors_info=\u00a0\u00bb{}\u00a0\u00bb]\n<h3>Vous \u00eates un \u00e9tablissement scolaire et vous souhaitez participer ?<\/h3>\n<p>Inscrivez-votre \u00e9cole sur ce formulaire en contacter <strong>Marie-Lou Pantz<\/strong>\u00a0 04 79 70 78 47 | <a class=\"moz-txt-link-abbreviated\" href=\"mailto:marielou.pantz@agence-ecomobilite.fr\">marielou.pantz@agence-ecomobilite.fr<\/a>\u00a0<\/p>\n[\/et_pb_text][et_pb_divider disabled_on=\u00a0\u00bbon|off|off\u00a0\u00bb _builder_version=\u00a0\u00bb4.16&Prime; _module_preset=\u00a0\u00bbdefault\u00a0\u00bb custom_margin=\u00a0\u00bb15px||0px||false|false\u00a0\u00bb custom_padding=\u00a0\u00bb||0px||false|false\u00a0\u00bb global_colors_info=\u00a0\u00bb{}\u00a0\u00bb][\/et_pb_divider][et_pb_divider disabled_on=\u00a0\u00bbon|off|off\u00a0\u00bb _builder_version=\u00a0\u00bb4.16&Prime; _module_preset=\u00a0\u00bbdefault\u00a0\u00bb custom_margin=\u00a0\u00bb15px||0px||false|false\u00a0\u00bb custom_padding=\u00a0\u00bb||0px||false|false\u00a0\u00bb global_colors_info=\u00a0\u00bb{}\u00a0\u00bb][\/et_pb_divider][et_pb_text disabled_on=\u00a0\u00bbon|off|off\u00a0\u00bb _builder_version=\u00a0\u00bb4.27.4&Prime; text_font=\u00a0\u00bbInter||||||||\u00a0\u00bb custom_margin=\u00a0\u00bb0px||0px||false|false\u00a0\u00bb custom_padding=\u00a0\u00bb0px||10px||false|false\u00a0\u00bb hover_enabled=\u00a0\u00bb0&Prime; global_colors_info=\u00a0\u00bb{}\u00a0\u00bb sticky_enabled=\u00a0\u00bb0&Prime;]\n<h3>Les \u00e9coles laur\u00e9ates<\/h3>\n<p>Cette ann\u00e9e,6 \u00e9coles recevront un prix, selon les cat\u00e9gories suivantes *<br \/><em>\u2022 1 \u00e9cole laur\u00e9ate \u00ab meilleur score des territoires Avant-Pays Savoyard et Arlys\u00e8re \u00bb ;<br \/>\u2022 1 \u00e9cole laur\u00e9ate cat\u00e9gorie \u00ab modes actifs sur l\u2019Avant-Pays Savoyard\u00bb (v\u00e9lo, marche, trottinette) ;<br \/>\u2022 1 \u00e9cole laur\u00e9ate cat\u00e9gorie \u00ab meilleure progression tous modes confondus sur l\u2019Avant-Pays Savoyard\u00bb entre D\u00e9fi 2025 et 2026 ;<br \/>\u2022 3 \u00e9coles laur\u00e9ates sur l\u2019Avant-Pays Savoyard (cat\u00e9gorie \u00ab Meilleur score tous modes confondus par communaut\u00e9 de communes)<br \/>*\u00a0 Attention, les \u00e9coles laur\u00e9ates dans plusieurs cat\u00e9gories ne se verront remettre qu\u2019un seul prix. Les \u00e9coles arriv\u00e9es deuxi\u00e8me se verront alors remettre le prix de la cat\u00e9gorie, le cas \u00e9ch\u00e9ant.<\/em><\/p>\n[\/et_pb_text][et_pb_divider disabled_on=\u00a0\u00bbon|off|off\u00a0\u00bb _builder_version=\u00a0\u00bb4.16&Prime; _module_preset=\u00a0\u00bbdefault\u00a0\u00bb custom_margin=\u00a0\u00bb15px||0px||false|false\u00a0\u00bb custom_padding=\u00a0\u00bb||0px||false|false\u00a0\u00bb global_colors_info=\u00a0\u00bb{}\u00a0\u00bb][\/et_pb_divider][\/et_pb_column_inner][\/et_pb_row_inner][et_pb_row_inner _builder_version=\u00a0\u00bb4.16&Prime; custom_padding=\u00a0\u00bb0px||0px|||\u00a0\u00bb global_colors_info=\u00a0\u00bb{}\u00a0\u00bb][et_pb_column_inner saved_specialty_column_type=\u00a0\u00bb2_3&Prime; _builder_version=\u00a0\u00bb4.16&Prime; global_colors_info=\u00a0\u00bb{}\u00a0\u00bb][et_pb_image src=\u00a0\u00bbhttps:\/\/www.avant-pays-savoyard.com\/smaps\/wp-content\/uploads\/2026\/03\/Bandeau_Logos_Partenaires.png\u00a0\u00bb alt=\u00a0\u00bbBandeau &#8211; SMAPS\u00a0\u00bb title_text=\u00a0\u00bbBandeau_Logos_Partenaires\u00a0\u00bb _builder_version=\u00a0\u00bb4.27.4&Prime; _module_preset=\u00a0\u00bbdefault\u00a0\u00bb width=\u00a0\u00bb72%\u00a0\u00bb module_alignment=\u00a0\u00bbcenter\u00a0\u00bb custom_margin=\u00a0\u00bb||0px||false|false\u00a0\u00bb hover_enabled=\u00a0\u00bb0&Prime; global_colors_info=\u00a0\u00bb{}\u00a0\u00bb sticky_enabled=\u00a0\u00bb0&Prime;][\/et_pb_image][\/et_pb_column_inner][\/et_pb_row_inner][et_pb_row_inner _builder_version=\u00a0\u00bb4.16&Prime; custom_padding=\u00a0\u00bb0px||0px|||\u00a0\u00bb global_colors_info=\u00a0\u00bb{}\u00a0\u00bb][et_pb_column_inner saved_specialty_column_type=\u00a0\u00bb2_3&Prime; _builder_version=\u00a0\u00bb4.16&Prime; global_colors_info=\u00a0\u00bb{}\u00a0\u00bb][et_pb_image src=\u00a0\u00bbhttps:\/\/www.avant-pays-savoyard.com\/smaps\/wp-content\/uploads\/2024\/04\/logo_amici_alcotra_colore_sfondo-trasparente.png\u00a0\u00bb alt=\u00a0\u00bbBandeau &#8211; SMAPS\u00a0\u00bb title_text=\u00a0\u00bblogo_amici_alcotra_colore_sfondo trasparente\u00a0\u00bb _builder_version=\u00a0\u00bb4.27.4&Prime; _module_preset=\u00a0\u00bbdefault\u00a0\u00bb width=\u00a0\u00bb72%\u00a0\u00bb module_alignment=\u00a0\u00bbcenter\u00a0\u00bb custom_margin=\u00a0\u00bb||0px||false|false\u00a0\u00bb hover_enabled=\u00a0\u00bb0&Prime; global_colors_info=\u00a0\u00bb{}\u00a0\u00bb sticky_enabled=\u00a0\u00bb0&Prime;][\/et_pb_image][\/et_pb_column_inner][\/et_pb_row_inner][\/et_pb_column][et_pb_column type=\u00a0\u00bb1_3&Prime; _builder_version=\u00a0\u00bb4.16&Prime; custom_padding=\u00a0\u00bb|||\u00a0\u00bb global_colors_info=\u00a0\u00bb{}\u00a0\u00bb custom_padding__hover=\u00a0\u00bb|||\u00a0\u00bb][et_pb_text admin_label=\u00a0\u00bbTexte son role\u00a0\u00bb _builder_version=\u00a0\u00bb4.16&Prime; text_font=\u00a0\u00bbInter|700|||||||\u00a0\u00bb text_text_color=\u00a0\u00bb#010101&Prime; text_font_size=\u00a0\u00bb26px\u00a0\u00bb custom_margin=\u00a0\u00bb-5px|||||\u00a0\u00bb custom_padding_tablet=\u00a0\u00bb30px||||false|false\u00a0\u00bb custom_padding_phone=\u00a0\u00bb\u00a0\u00bb custom_padding_last_edited=\u00a0\u00bbon|phone\u00a0\u00bb global_colors_info=\u00a0\u00bb{}\u00a0\u00bb]\n<p>Contact<\/p>\n[\/et_pb_text][et_pb_text _builder_version=\u00a0\u00bb4.27.4&Prime; text_font=\u00a0\u00bbExo||||||||\u00a0\u00bb hover_enabled=\u00a0\u00bb0&Prime; global_colors_info=\u00a0\u00bb{}\u00a0\u00bb sticky_enabled=\u00a0\u00bb0&Prime;]\n<p><b>Informations &amp; inscription<\/b><\/p>\n<p>Marie-Lou Panz<br \/>07 44 79 54 61<br \/>marie-lou.pantz@agence-ecomobilite.fr<\/p>\n<p>&nbsp;<\/p>\n[\/et_pb_text][et_pb_image src=\u00a0\u00bbhttps:\/\/www.avant-pays-savoyard.com\/smaps\/wp-content\/uploads\/2024\/04\/logo_amici_alcotra_colore_sfondo-trasparente.png\u00a0\u00bb alt=\u00a0\u00bbLogo UE Alcotra 2021 2027&Prime; title_text=\u00a0\u00bblogo_amici_alcotra_colore_sfondo trasparente\u00a0\u00bb url=\u00a0\u00bbhttps:\/\/interreg-alcotra.eu\/fr\u00a0\u00bb align=\u00a0\u00bbcenter\u00a0\u00bb _builder_version=\u00a0\u00bb4.27.4&Prime; _module_preset=\u00a0\u00bbdefault\u00a0\u00bb width=\u00a0\u00bb77%\u00a0\u00bb module_alignment=\u00a0\u00bbleft\u00a0\u00bb custom_margin=\u00a0\u00bb20px||||false|false\u00a0\u00bb custom_padding=\u00a0\u00bb||||false|false\u00a0\u00bb box_shadow_style=\u00a0\u00bbpreset3&Prime; box_shadow_color=\u00a0\u00bbrgba(0,0,0,0.16)\u00a0\u00bb global_module=\u00a0\u00bb3995&Prime; saved_tabs=\u00a0\u00bball\u00a0\u00bb global_colors_info=\u00a0\u00bb{}\u00a0\u00bb width__hover_enabled=\u00a0\u00bbon|hover\u00a0\u00bb width__hover=\u00a0\u00bb83%\u00a0\u00bb][\/et_pb_image][et_pb_button button_url=\u00a0\u00bbhttps:\/\/www.avant-pays-savoyard.com\/smaps\/project\/energie-positive\/\u00a0\u00bb button_text=\u00a0\u00bbTerritoire \u00e0 Energie Positive\u00a0\u00bb button_alignment=\u00a0\u00bbleft\u00a0\u00bb _builder_version=\u00a0\u00bb4.14.7&Prime; _module_preset=\u00a0\u00bbdefault\u00a0\u00bb custom_button=\u00a0\u00bbon\u00a0\u00bb button_text_size=\u00a0\u00bb15px\u00a0\u00bb button_text_color=\u00a0\u00bb#FFFFFF\u00a0\u00bb button_bg_color=\u00a0\u00bb#44937A\u00a0\u00bb button_font=\u00a0\u00bbExo|600||on|||||\u00a0\u00bb button_icon=\u00a0\u00bb&#x45;||divi||400&Prime; button_icon_color=\u00a0\u00bb#FFFFFF\u00a0\u00bb button_icon_placement=\u00a0\u00bbleft\u00a0\u00bb button_on_hover=\u00a0\u00bboff\u00a0\u00bb custom_padding=\u00a0\u00bb|16px||26px|false|false\u00a0\u00bb global_module=\u00a0\u00bb3619&Prime; saved_tabs=\u00a0\u00bball\u00a0\u00bb global_colors_info=\u00a0\u00bb{}\u00a0\u00bb button_bg_color__hover=\u00a0\u00bb#000000&Prime; button_bg_color__hover_enabled=\u00a0\u00bbon|hover\u00a0\u00bb][\/et_pb_button][et_pb_button button_url=\u00a0\u00bbhttps:\/\/interreg-alcotra.eu\/fr\u00a0\u00bb button_text=\u00a0\u00bbAvec le soutien de l&rsquo;UE\u00a0\u00bb button_alignment=\u00a0\u00bbleft\u00a0\u00bb _builder_version=\u00a0\u00bb4.21.0&Prime; _module_preset=\u00a0\u00bbdefault\u00a0\u00bb custom_button=\u00a0\u00bbon\u00a0\u00bb button_text_size=\u00a0\u00bb15px\u00a0\u00bb button_text_color=\u00a0\u00bb#FFFFFF\u00a0\u00bb button_bg_color=\u00a0\u00bb#72af9d\u00a0\u00bb button_font=\u00a0\u00bbExo|600||on|||||\u00a0\u00bb button_icon=\u00a0\u00bb&#x45;||divi||400&Prime; button_icon_color=\u00a0\u00bb#FFFFFF\u00a0\u00bb button_icon_placement=\u00a0\u00bbleft\u00a0\u00bb button_on_hover=\u00a0\u00bboff\u00a0\u00bb custom_margin=\u00a0\u00bb10px||||false|false\u00a0\u00bb custom_padding=\u00a0\u00bb|16px||26px|false|false\u00a0\u00bb global_module=\u00a0\u00bb3983&Prime; global_colors_info=\u00a0\u00bb{}\u00a0\u00bb button_bg_color__hover_enabled=\u00a0\u00bbon|hover\u00a0\u00bb button_bg_color__hover=\u00a0\u00bb#000000&Prime; button_bg_enable_color__hover=\u00a0\u00bbon\u00a0\u00bb][\/et_pb_button][\/et_pb_column][\/et_pb_section]\n","protected":false},"excerpt":{"rendered":"<p>\u00ab D\u00e9fi des \u00c9coliers \u00bb \u2013 Qu\u2019est-ce que c\u2019est ? Le Syndicat Mixte de l\u2019Avant-Pays Savoyard organise en 2026 la 4\u00e8me \u00e9dition du D\u00e9fi des \u00c9coliers, un challenge Mobilit\u00e9 inter-\u00e9tablissements scolaires\u00a0sur la th\u00e9matique des\u00a0d\u00e9placements actifs. Apr\u00e8s deux \u00e9ditions r\u00e9ussies qui ont mobilis\u00e9 \u00e0 chaque fois plus de 1000 \u00e9coliers et leurs familles, cette ann\u00e9e le [&hellip;]<\/p>\n","protected":false},"author":1,"featured_media":4982,"parent":0,"menu_order":0,"comment_status":"closed","ping_status":"closed","template":"","meta":{"_et_pb_use_builder":"on","_et_pb_old_content":"","_et_gb_content_width":"","_monsterinsights_skip_tracking":false,"_monsterinsights_sitenote_active":false,"_monsterinsights_sitenote_note":"","_monsterinsights_sitenote_category":0,"footnotes":""},"class_list":["post-4996","page","type-page","status-publish","has-post-thumbnail","hentry"],"yoast_head":"<!-- This site is optimized with the Yoast SEO plugin v27.5 - https:\/\/yoast.com\/product\/yoast-seo-wordpress\/ -->\n<title>D\u00e9fi des \u00e9coliers | Avant Pays Savoyard<\/title>\n<meta name=\"description\" content=\"D\u00e9fi des \u00e9coliers | Challenge Mobilit\u00e9 inter \u00e9tablissements scolaires sur la th\u00e9matique des d\u00e9placements actifs\" \/>\n<meta name=\"robots\" content=\"index, follow, max-snippet:-1, max-image-preview:large, max-video-preview:-1\" \/>\n<link rel=\"canonical\" href=\"https:\/\/www.avant-pays-savoyard.com\/smaps\/defi-des-ecoliers\/\" \/>\n<meta property=\"og:locale\" content=\"fr_FR\" \/>\n<meta property=\"og:type\" content=\"article\" \/>\n<meta property=\"og:title\" content=\"Les Ateliers Climat\" \/>\n<meta property=\"og:description\" content=\"D\u00e9fi des \u00e9coliers | Challenge Mobilit\u00e9 inter \u00e9tablissements scolaires sur la th\u00e9matique des d\u00e9placements actifs\" \/>\n<meta property=\"og:url\" content=\"https:\/\/www.avant-pays-savoyard.com\/smaps\/defi-des-ecoliers\/\" \/>\n<meta property=\"og:site_name\" content=\"Syndicat Mixte Avant-Pays Savoyard\" \/>\n<meta property=\"article:publisher\" content=\"https:\/\/www.facebook.com\/philippe.smaps?eid=ARBa3pcAa8gXFS8WNK_PRvsO8QdGpgIOahlkYUZ_fHoQSowEaz5KpN0GqL0PUxNL0ZbTsFwcVmpWqAsm\" \/>\n<meta property=\"article:modified_time\" content=\"2026-03-10T12:44:23+00:00\" \/>\n<meta property=\"og:image\" content=\"https:\/\/www.avant-pays-savoyard.com\/smaps\/wp-content\/uploads\/2022\/08\/Site_image_v3.png\" \/>\n\t<meta property=\"og:image:width\" content=\"605\" \/>\n\t<meta property=\"og:image:height\" content=\"302\" \/>\n\t<meta property=\"og:image:type\" content=\"image\/png\" \/>\n<meta name=\"twitter:card\" content=\"summary_large_image\" \/>\n<meta name=\"twitter:image\" content=\"https:\/\/www.avant-pays-savoyard.com\/smaps\/wp-content\/uploads\/2022\/08\/Site_image_v3.png\" \/>\n<meta name=\"twitter:label1\" content=\"Dur\u00e9e de lecture estim\u00e9e\" \/>\n\t<meta name=\"twitter:data1\" content=\"4 minutes\" \/>\n<script type=\"application\/ld+json\" class=\"yoast-schema-graph\">{\"@context\":\"https:\\\/\\\/schema.org\",\"@graph\":[{\"@type\":\"WebPage\",\"@id\":\"https:\\\/\\\/www.avant-pays-savoyard.com\\\/smaps\\\/defi-des-ecoliers\\\/\",\"url\":\"https:\\\/\\\/www.avant-pays-savoyard.com\\\/smaps\\\/defi-des-ecoliers\\\/\",\"name\":\"D\u00e9fi des \u00e9coliers | Avant Pays Savoyard\",\"isPartOf\":{\"@id\":\"https:\\\/\\\/www.avant-pays-savoyard.com\\\/smaps\\\/#website\"},\"primaryImageOfPage\":{\"@id\":\"https:\\\/\\\/www.avant-pays-savoyard.com\\\/smaps\\\/defi-des-ecoliers\\\/#primaryimage\"},\"image\":{\"@id\":\"https:\\\/\\\/www.avant-pays-savoyard.com\\\/smaps\\\/defi-des-ecoliers\\\/#primaryimage\"},\"thumbnailUrl\":\"https:\\\/\\\/www.avant-pays-savoyard.com\\\/smaps\\\/wp-content\\\/uploads\\\/2023\\\/03\\\/Defi-des-ecoliers-v6_VDef_page-0001-scaled.jpg\",\"datePublished\":\"2023-03-03T15:33:35+00:00\",\"dateModified\":\"2026-03-10T12:44:23+00:00\",\"description\":\"D\u00e9fi des \u00e9coliers | Challenge Mobilit\u00e9 inter \u00e9tablissements scolaires sur la th\u00e9matique des d\u00e9placements actifs\",\"breadcrumb\":{\"@id\":\"https:\\\/\\\/www.avant-pays-savoyard.com\\\/smaps\\\/defi-des-ecoliers\\\/#breadcrumb\"},\"inLanguage\":\"fr-FR\",\"potentialAction\":[{\"@type\":\"ReadAction\",\"target\":[\"https:\\\/\\\/www.avant-pays-savoyard.com\\\/smaps\\\/defi-des-ecoliers\\\/\"]}]},{\"@type\":\"ImageObject\",\"inLanguage\":\"fr-FR\",\"@id\":\"https:\\\/\\\/www.avant-pays-savoyard.com\\\/smaps\\\/defi-des-ecoliers\\\/#primaryimage\",\"url\":\"https:\\\/\\\/www.avant-pays-savoyard.com\\\/smaps\\\/wp-content\\\/uploads\\\/2023\\\/03\\\/Defi-des-ecoliers-v6_VDef_page-0001-scaled.jpg\",\"contentUrl\":\"https:\\\/\\\/www.avant-pays-savoyard.com\\\/smaps\\\/wp-content\\\/uploads\\\/2023\\\/03\\\/Defi-des-ecoliers-v6_VDef_page-0001-scaled.jpg\",\"width\":1792,\"height\":2560,\"caption\":\"D\u00e9fi des \u00e9coliers - SMAPS\"},{\"@type\":\"BreadcrumbList\",\"@id\":\"https:\\\/\\\/www.avant-pays-savoyard.com\\\/smaps\\\/defi-des-ecoliers\\\/#breadcrumb\",\"itemListElement\":[{\"@type\":\"ListItem\",\"position\":1,\"name\":\"Accueil\",\"item\":\"https:\\\/\\\/www.avant-pays-savoyard.com\\\/smaps\\\/\"},{\"@type\":\"ListItem\",\"position\":2,\"name\":\"D\u00e9fi des \u00e9coliers\"}]},{\"@type\":\"WebSite\",\"@id\":\"https:\\\/\\\/www.avant-pays-savoyard.com\\\/smaps\\\/#website\",\"url\":\"https:\\\/\\\/www.avant-pays-savoyard.com\\\/smaps\\\/\",\"name\":\"Syndicat Mixte Avant-Pays Savoyard\",\"description\":\"Site du SMAPS\",\"publisher\":{\"@id\":\"https:\\\/\\\/www.avant-pays-savoyard.com\\\/smaps\\\/#organization\"},\"potentialAction\":[{\"@type\":\"SearchAction\",\"target\":{\"@type\":\"EntryPoint\",\"urlTemplate\":\"https:\\\/\\\/www.avant-pays-savoyard.com\\\/smaps\\\/?s={search_term_string}\"},\"query-input\":{\"@type\":\"PropertyValueSpecification\",\"valueRequired\":true,\"valueName\":\"search_term_string\"}}],\"inLanguage\":\"fr-FR\"},{\"@type\":\"Organization\",\"@id\":\"https:\\\/\\\/www.avant-pays-savoyard.com\\\/smaps\\\/#organization\",\"name\":\"Avant Pays Savoyard\",\"url\":\"https:\\\/\\\/www.avant-pays-savoyard.com\\\/smaps\\\/\",\"logo\":{\"@type\":\"ImageObject\",\"inLanguage\":\"fr-FR\",\"@id\":\"https:\\\/\\\/www.avant-pays-savoyard.com\\\/smaps\\\/#\\\/schema\\\/logo\\\/image\\\/\",\"url\":\"https:\\\/\\\/www.avant-pays-savoyard.com\\\/smaps\\\/wp-content\\\/uploads\\\/2020\\\/11\\\/logo-smaps.png\",\"contentUrl\":\"https:\\\/\\\/www.avant-pays-savoyard.com\\\/smaps\\\/wp-content\\\/uploads\\\/2020\\\/11\\\/logo-smaps.png\",\"width\":1617,\"height\":738,\"caption\":\"Avant Pays Savoyard\"},\"image\":{\"@id\":\"https:\\\/\\\/www.avant-pays-savoyard.com\\\/smaps\\\/#\\\/schema\\\/logo\\\/image\\\/\"},\"sameAs\":[\"https:\\\/\\\/www.facebook.com\\\/philippe.smaps?eid=ARBa3pcAa8gXFS8WNK_PRvsO8QdGpgIOahlkYUZ_fHoQSowEaz5KpN0GqL0PUxNL0ZbTsFwcVmpWqAsm\"]}]}<\/script>\n<!-- \/ Yoast SEO plugin. -->","yoast_head_json":{"title":"D\u00e9fi des \u00e9coliers | Avant Pays Savoyard","description":"D\u00e9fi des \u00e9coliers | Challenge Mobilit\u00e9 inter \u00e9tablissements scolaires sur la th\u00e9matique des d\u00e9placements actifs","robots":{"index":"index","follow":"follow","max-snippet":"max-snippet:-1","max-image-preview":"max-image-preview:large","max-video-preview":"max-video-preview:-1"},"canonical":"https:\/\/www.avant-pays-savoyard.com\/smaps\/defi-des-ecoliers\/","og_locale":"fr_FR","og_type":"article","og_title":"Les Ateliers Climat","og_description":"D\u00e9fi des \u00e9coliers | Challenge Mobilit\u00e9 inter \u00e9tablissements scolaires sur la th\u00e9matique des d\u00e9placements actifs","og_url":"https:\/\/www.avant-pays-savoyard.com\/smaps\/defi-des-ecoliers\/","og_site_name":"Syndicat Mixte Avant-Pays Savoyard","article_publisher":"https:\/\/www.facebook.com\/philippe.smaps?eid=ARBa3pcAa8gXFS8WNK_PRvsO8QdGpgIOahlkYUZ_fHoQSowEaz5KpN0GqL0PUxNL0ZbTsFwcVmpWqAsm","article_modified_time":"2026-03-10T12:44:23+00:00","og_image":[{"width":605,"height":302,"url":"https:\/\/www.avant-pays-savoyard.com\/smaps\/wp-content\/uploads\/2022\/08\/Site_image_v3.png","type":"image\/png"}],"twitter_card":"summary_large_image","twitter_image":"https:\/\/www.avant-pays-savoyard.com\/smaps\/wp-content\/uploads\/2022\/08\/Site_image_v3.png","twitter_misc":{"Dur\u00e9e de lecture estim\u00e9e":"4 minutes"},"schema":{"@context":"https:\/\/schema.org","@graph":[{"@type":"WebPage","@id":"https:\/\/www.avant-pays-savoyard.com\/smaps\/defi-des-ecoliers\/","url":"https:\/\/www.avant-pays-savoyard.com\/smaps\/defi-des-ecoliers\/","name":"D\u00e9fi des \u00e9coliers | Avant Pays Savoyard","isPartOf":{"@id":"https:\/\/www.avant-pays-savoyard.com\/smaps\/#website"},"primaryImageOfPage":{"@id":"https:\/\/www.avant-pays-savoyard.com\/smaps\/defi-des-ecoliers\/#primaryimage"},"image":{"@id":"https:\/\/www.avant-pays-savoyard.com\/smaps\/defi-des-ecoliers\/#primaryimage"},"thumbnailUrl":"https:\/\/www.avant-pays-savoyard.com\/smaps\/wp-content\/uploads\/2023\/03\/Defi-des-ecoliers-v6_VDef_page-0001-scaled.jpg","datePublished":"2023-03-03T15:33:35+00:00","dateModified":"2026-03-10T12:44:23+00:00","description":"D\u00e9fi des \u00e9coliers | Challenge Mobilit\u00e9 inter \u00e9tablissements scolaires sur la th\u00e9matique des d\u00e9placements actifs","breadcrumb":{"@id":"https:\/\/www.avant-pays-savoyard.com\/smaps\/defi-des-ecoliers\/#breadcrumb"},"inLanguage":"fr-FR","potentialAction":[{"@type":"ReadAction","target":["https:\/\/www.avant-pays-savoyard.com\/smaps\/defi-des-ecoliers\/"]}]},{"@type":"ImageObject","inLanguage":"fr-FR","@id":"https:\/\/www.avant-pays-savoyard.com\/smaps\/defi-des-ecoliers\/#primaryimage","url":"https:\/\/www.avant-pays-savoyard.com\/smaps\/wp-content\/uploads\/2023\/03\/Defi-des-ecoliers-v6_VDef_page-0001-scaled.jpg","contentUrl":"https:\/\/www.avant-pays-savoyard.com\/smaps\/wp-content\/uploads\/2023\/03\/Defi-des-ecoliers-v6_VDef_page-0001-scaled.jpg","width":1792,"height":2560,"caption":"D\u00e9fi des \u00e9coliers - SMAPS"},{"@type":"BreadcrumbList","@id":"https:\/\/www.avant-pays-savoyard.com\/smaps\/defi-des-ecoliers\/#breadcrumb","itemListElement":[{"@type":"ListItem","position":1,"name":"Accueil","item":"https:\/\/www.avant-pays-savoyard.com\/smaps\/"},{"@type":"ListItem","position":2,"name":"D\u00e9fi des \u00e9coliers"}]},{"@type":"WebSite","@id":"https:\/\/www.avant-pays-savoyard.com\/smaps\/#website","url":"https:\/\/www.avant-pays-savoyard.com\/smaps\/","name":"Syndicat Mixte Avant-Pays Savoyard","description":"Site du SMAPS","publisher":{"@id":"https:\/\/www.avant-pays-savoyard.com\/smaps\/#organization"},"potentialAction":[{"@type":"SearchAction","target":{"@type":"EntryPoint","urlTemplate":"https:\/\/www.avant-pays-savoyard.com\/smaps\/?s={search_term_string}"},"query-input":{"@type":"PropertyValueSpecification","valueRequired":true,"valueName":"search_term_string"}}],"inLanguage":"fr-FR"},{"@type":"Organization","@id":"https:\/\/www.avant-pays-savoyard.com\/smaps\/#organization","name":"Avant Pays Savoyard","url":"https:\/\/www.avant-pays-savoyard.com\/smaps\/","logo":{"@type":"ImageObject","inLanguage":"fr-FR","@id":"https:\/\/www.avant-pays-savoyard.com\/smaps\/#\/schema\/logo\/image\/","url":"https:\/\/www.avant-pays-savoyard.com\/smaps\/wp-content\/uploads\/2020\/11\/logo-smaps.png","contentUrl":"https:\/\/www.avant-pays-savoyard.com\/smaps\/wp-content\/uploads\/2020\/11\/logo-smaps.png","width":1617,"height":738,"caption":"Avant Pays Savoyard"},"image":{"@id":"https:\/\/www.avant-pays-savoyard.com\/smaps\/#\/schema\/logo\/image\/"},"sameAs":["https:\/\/www.facebook.com\/philippe.smaps?eid=ARBa3pcAa8gXFS8WNK_PRvsO8QdGpgIOahlkYUZ_fHoQSowEaz5KpN0GqL0PUxNL0ZbTsFwcVmpWqAsm"]}]}},"publishpress_future_action":{"enabled":false,"date":"2026-05-07 13:38:11","action":"change-status","newStatus":"draft","terms":[],"taxonomy":"","extraData":[]},"publishpress_future_workflow_manual_trigger":{"enabledWorkflows":[]},"_links":{"self":[{"href":"https:\/\/www.avant-pays-savoyard.com\/smaps\/wp-json\/wp\/v2\/pages\/4996","targetHints":{"allow":["GET"]}}],"collection":[{"href":"https:\/\/www.avant-pays-savoyard.com\/smaps\/wp-json\/wp\/v2\/pages"}],"about":[{"href":"https:\/\/www.avant-pays-savoyard.com\/smaps\/wp-json\/wp\/v2\/types\/page"}],"author":[{"embeddable":true,"href":"https:\/\/www.avant-pays-savoyard.com\/smaps\/wp-json\/wp\/v2\/users\/1"}],"replies":[{"embeddable":true,"href":"https:\/\/www.avant-pays-savoyard.com\/smaps\/wp-json\/wp\/v2\/comments?post=4996"}],"version-history":[{"count":11,"href":"https:\/\/www.avant-pays-savoyard.com\/smaps\/wp-json\/wp\/v2\/pages\/4996\/revisions"}],"predecessor-version":[{"id":7111,"href":"https:\/\/www.avant-pays-savoyard.com\/smaps\/wp-json\/wp\/v2\/pages\/4996\/revisions\/7111"}],"wp:featuredmedia":[{"embeddable":true,"href":"https:\/\/www.avant-pays-savoyard.com\/smaps\/wp-json\/wp\/v2\/media\/4982"}],"wp:attachment":[{"href":"https:\/\/www.avant-pays-savoyard.com\/smaps\/wp-json\/wp\/v2\/media?parent=4996"}],"curies":[{"name":"wp","href":"https:\/\/api.w.org\/{rel}","templated":true}]}}