{"id":5033,"date":"2023-03-10T09:44:35","date_gmt":"2023-03-10T08:44:35","guid":{"rendered":"https:\/\/www.avant-pays-savoyard.com\/smaps\/?page_id=5033"},"modified":"2026-03-27T10:10:05","modified_gmt":"2026-03-27T09:10:05","slug":"reflex-velo","status":"publish","type":"page","link":"https:\/\/www.avant-pays-savoyard.com\/smaps\/reflex-velo\/","title":{"rendered":"R\u00e9flex V\u00e9lo"},"content":{"rendered":"[et_pb_section fb_built=\u00a0\u00bb1&Prime; fullwidth=\u00a0\u00bbon\u00a0\u00bb disabled_on=\u00a0\u00bbon|on|on\u00a0\u00bb _builder_version=\u00a0\u00bb4.16&Prime; _module_preset=\u00a0\u00bbdefault\u00a0\u00bb disabled=\u00a0\u00bbon\u00a0\u00bb saved_tabs=\u00a0\u00bball\u00a0\u00bb collapsed=\u00a0\u00bboff\u00a0\u00bb global_colors_info=\u00a0\u00bb{}\u00a0\u00bb][et_pb_fullwidth_image src=\u00a0\u00bbhttps:\/\/www.avant-pays-savoyard.com\/smaps\/wp-content\/uploads\/2021\/10\/en-tete-tepos.jpg\u00a0\u00bb alt=\u00a0\u00bbTerritoire \u00e0 \u00e9nergie positive : retour \u00e0 la page principale\u00a0\u00bb title_text=\u00a0\u00bbAteliers_climat_site_v2&Prime; url=\u00a0\u00bbhttps:\/\/www.avant-pays-savoyard.com\/smaps\/project\/energie-positive\/\u00a0\u00bb use_overlay=\u00a0\u00bbon\u00a0\u00bb overlay_icon_color=\u00a0\u00bbRGBA(255,255,255,0)\u00a0\u00bb hover_overlay_color=\u00a0\u00bbrgba(255,255,255,0.3)\u00a0\u00bb src_tablet=\u00a0\u00bb\u00a0\u00bb src_phone=\u00a0\u00bb\u00a0\u00bb src_last_edited=\u00a0\u00bbon|desktop\u00a0\u00bb _builder_version=\u00a0\u00bb4.16&Prime; _module_preset=\u00a0\u00bbdefault\u00a0\u00bb global_colors_info=\u00a0\u00bb{}\u00a0\u00bb][\/et_pb_fullwidth_image][\/et_pb_section][et_pb_section fb_built=\u00a0\u00bb1&Prime; disabled_on=\u00a0\u00bbon|on|off\u00a0\u00bb _builder_version=\u00a0\u00bb4.27.4&Prime; background_color=\u00a0\u00bb#FBFDFE\u00a0\u00bb custom_margin=\u00a0\u00bb0px||0px||false|false\u00a0\u00bb custom_padding=\u00a0\u00bb0px||0px||false|false\u00a0\u00bb global_colors_info=\u00a0\u00bb{}\u00a0\u00bb][et_pb_row _builder_version=\u00a0\u00bb4.16&Prime; width=\u00a0\u00bb100%\u00a0\u00bb max_width=\u00a0\u00bb100%\u00a0\u00bb module_alignment=\u00a0\u00bbcenter\u00a0\u00bb custom_margin=\u00a0\u00bb0px||0px||false|false\u00a0\u00bb custom_padding=\u00a0\u00bb0px||0px||false|false\u00a0\u00bb global_colors_info=\u00a0\u00bb{}\u00a0\u00bb][et_pb_column type=\u00a0\u00bb4_4&Prime; _builder_version=\u00a0\u00bb4.16&Prime; global_colors_info=\u00a0\u00bb{}\u00a0\u00bb][et_pb_image src=\u00a0\u00bbhttps:\/\/www.avant-pays-savoyard.com\/smaps\/wp-content\/uploads\/2024\/01\/Reflex-velo-web-rvb.png\u00a0\u00bb title_text=\u00a0\u00bbReflex-velo-web-rvb\u00a0\u00bb align=\u00a0\u00bbcenter\u00a0\u00bb force_fullwidth=\u00a0\u00bbon\u00a0\u00bb src_tablet=\u00a0\u00bb\u00a0\u00bb src_phone=\u00a0\u00bb\u00a0\u00bb src_last_edited=\u00a0\u00bbon|desktop\u00a0\u00bb disabled_on=\u00a0\u00bboff|off|off\u00a0\u00bb _builder_version=\u00a0\u00bb4.27.4&Prime; _module_preset=\u00a0\u00bbdefault\u00a0\u00bb global_colors_info=\u00a0\u00bb{}\u00a0\u00bb][\/et_pb_image][\/et_pb_column][\/et_pb_row][\/et_pb_section][et_pb_section fb_built=\u00a0\u00bb1&Prime; disabled_on=\u00a0\u00bboff|off|off\u00a0\u00bb _builder_version=\u00a0\u00bb4.27.4&Prime; background_color=\u00a0\u00bb#FBFDFE\u00a0\u00bb custom_margin=\u00a0\u00bb0px||0px||false|false\u00a0\u00bb custom_padding=\u00a0\u00bb0px||0px||false|false\u00a0\u00bb global_colors_info=\u00a0\u00bb{}\u00a0\u00bb][et_pb_row _builder_version=\u00a0\u00bb4.16&Prime; width=\u00a0\u00bb100%\u00a0\u00bb max_width=\u00a0\u00bb100%\u00a0\u00bb module_alignment=\u00a0\u00bbcenter\u00a0\u00bb custom_margin=\u00a0\u00bb0px||0px||false|false\u00a0\u00bb custom_padding=\u00a0\u00bb0px||0px||false|false\u00a0\u00bb global_colors_info=\u00a0\u00bb{}\u00a0\u00bb][et_pb_column type=\u00a0\u00bb4_4&Prime; _builder_version=\u00a0\u00bb4.16&Prime; global_colors_info=\u00a0\u00bb{}\u00a0\u00bb][et_pb_button button_url=\u00a0\u00bbhttps:\/\/www.avant-pays-savoyard.com\/smaps\/inscription-reflexvelo\/\u00a0\u00bb url_new_window=\u00a0\u00bbon\u00a0\u00bb button_text=\u00a0\u00bbJe candidate\u00a0\u00bb button_alignment=\u00a0\u00bbcenter\u00a0\u00bb _builder_version=\u00a0\u00bb4.27.4&Prime; _module_preset=\u00a0\u00bbdefault\u00a0\u00bb custom_button=\u00a0\u00bbon\u00a0\u00bb button_text_size=\u00a0\u00bb21px\u00a0\u00bb button_text_color=\u00a0\u00bb#FFFFFF\u00a0\u00bb button_bg_color=\u00a0\u00bb#F68F34&Prime; button_icon=\u00a0\u00bb&#xe07e;||divi||400&Prime; button_on_hover=\u00a0\u00bboff\u00a0\u00bb custom_margin=\u00a0\u00bb24px||10px||false|false\u00a0\u00bb custom_padding=\u00a0\u00bb10px|36px|10px|24px|false|false\u00a0\u00bb global_colors_info=\u00a0\u00bb{}\u00a0\u00bb button_text_color__hover_enabled=\u00a0\u00bbon|hover\u00a0\u00bb button_bg_color__hover_enabled=\u00a0\u00bbon|desktop\u00a0\u00bb button_bg_color__hover=\u00a0\u00bb#55B192&Prime; button_bg_enable_color__hover=\u00a0\u00bbon\u00a0\u00bb button_letter_spacing__hover_enabled=\u00a0\u00bbon|desktop\u00a0\u00bb button_letter_spacing__hover=\u00a0\u00bb1px\u00a0\u00bb button_text_color__hover=\u00a0\u00bb#FFFFFF\u00a0\u00bb][\/et_pb_button][\/et_pb_column][\/et_pb_row][\/et_pb_section][et_pb_section fb_built=\u00a0\u00bb1&Prime; disabled_on=\u00a0\u00bbon|on|on\u00a0\u00bb _builder_version=\u00a0\u00bb4.16&Prime; _module_preset=\u00a0\u00bbdefault\u00a0\u00bb custom_margin=\u00a0\u00bb0px||0px||false|false\u00a0\u00bb custom_padding=\u00a0\u00bb0px||0px||false|false\u00a0\u00bb disabled=\u00a0\u00bbon\u00a0\u00bb collapsed=\u00a0\u00bboff\u00a0\u00bb global_colors_info=\u00a0\u00bb{}\u00a0\u00bb][et_pb_row column_structure=\u00a0\u00bb3_4,1_4&Prime; use_custom_gutter=\u00a0\u00bbon\u00a0\u00bb make_equal=\u00a0\u00bbon\u00a0\u00bb _builder_version=\u00a0\u00bb4.16&Prime; _module_preset=\u00a0\u00bbdefault\u00a0\u00bb background_color=\u00a0\u00bbrgba(186,195,217,0.21)\u00a0\u00bb max_width=\u00a0\u00bb100%\u00a0\u00bb module_alignment=\u00a0\u00bbcenter\u00a0\u00bb custom_margin=\u00a0\u00bb0px||0px||false|false\u00a0\u00bb custom_padding=\u00a0\u00bb10px|10px|0px|10px|false|false\u00a0\u00bb global_colors_info=\u00a0\u00bb{}\u00a0\u00bb][et_pb_column type=\u00a0\u00bb3_4&Prime; _builder_version=\u00a0\u00bb4.16&Prime; _module_preset=\u00a0\u00bbdefault\u00a0\u00bb global_colors_info=\u00a0\u00bb{}\u00a0\u00bb][\/et_pb_column][et_pb_column type=\u00a0\u00bb1_4&Prime; _builder_version=\u00a0\u00bb4.16&Prime; _module_preset=\u00a0\u00bbdefault\u00a0\u00bb global_colors_info=\u00a0\u00bb{}\u00a0\u00bb][et_pb_blurb use_icon=\u00a0\u00bbon\u00a0\u00bb font_icon=\u00a0\u00bb&#xf4fc;||fa||900&Prime; icon_color=\u00a0\u00bb#BAC3D9&Prime; image_icon_background_color=\u00a0\u00bbRGBA(255,255,255,0)\u00a0\u00bb icon_placement=\u00a0\u00bbleft\u00a0\u00bb image_icon_width=\u00a0\u00bb36px\u00a0\u00bb _builder_version=\u00a0\u00bb4.16&Prime; _module_preset=\u00a0\u00bbdefault\u00a0\u00bb body_font=\u00a0\u00bb||||||||\u00a0\u00bb body_text_color=\u00a0\u00bb#233B4E\u00a0\u00bb body_font_size=\u00a0\u00bb14px\u00a0\u00bb body_line_height=\u00a0\u00bb1.3em\u00a0\u00bb module_alignment=\u00a0\u00bbcenter\u00a0\u00bb custom_margin=\u00a0\u00bb0px||0px||false|false\u00a0\u00bb custom_padding=\u00a0\u00bb0px||0px||false|false\u00a0\u00bb global_colors_info=\u00a0\u00bb{}\u00a0\u00bb]\n<p>Particuliers<br \/>Collectivit\u00e9s<br \/>Entreprises<br \/>Agriculteurs<\/p>\n[\/et_pb_blurb][\/et_pb_column][\/et_pb_row][\/et_pb_section][et_pb_section fb_built=\u00a0\u00bb1&Prime; _builder_version=\u00a0\u00bb4.16&Prime; background_color=\u00a0\u00bb#FBFDFE\u00a0\u00bb custom_margin=\u00a0\u00bb0px||0px||false|false\u00a0\u00bb custom_padding=\u00a0\u00bb0px||0px||false|false\u00a0\u00bb global_colors_info=\u00a0\u00bb{}\u00a0\u00bb][et_pb_row _builder_version=\u00a0\u00bb4.16&Prime; max_width=\u00a0\u00bb80%\u00a0\u00bb module_alignment=\u00a0\u00bbcenter\u00a0\u00bb custom_padding=\u00a0\u00bb12px||0px|||\u00a0\u00bb global_colors_info=\u00a0\u00bb{}\u00a0\u00bb][et_pb_column type=\u00a0\u00bb4_4&Prime; _builder_version=\u00a0\u00bb4.16&Prime; global_colors_info=\u00a0\u00bb{}\u00a0\u00bb][et_pb_divider _builder_version=\u00a0\u00bb4.16&Prime; _module_preset=\u00a0\u00bbdefault\u00a0\u00bb custom_margin=\u00a0\u00bb15px||0px||false|false\u00a0\u00bb custom_padding=\u00a0\u00bb||0px||false|false\u00a0\u00bb global_colors_info=\u00a0\u00bb{}\u00a0\u00bb][\/et_pb_divider][\/et_pb_column][\/et_pb_row][\/et_pb_section][et_pb_section fb_built=\u00a0\u00bb1&Prime; make_equal=\u00a0\u00bbon\u00a0\u00bb use_custom_gutter=\u00a0\u00bbon\u00a0\u00bb gutter_width=\u00a0\u00bb2&Prime; specialty=\u00a0\u00bbon\u00a0\u00bb padding_top_bottom_link_1=\u00a0\u00bbfalse\u00a0\u00bb padding_top_bottom_link_2=\u00a0\u00bbfalse\u00a0\u00bb padding_left_right_link_1=\u00a0\u00bbfalse\u00a0\u00bb padding_left_right_link_2=\u00a0\u00bbfalse\u00a0\u00bb _builder_version=\u00a0\u00bb4.16&Prime; _module_preset=\u00a0\u00bbdefault\u00a0\u00bb width=\u00a0\u00bb100%\u00a0\u00bb max_width=\u00a0\u00bb100%\u00a0\u00bb module_alignment=\u00a0\u00bbcenter\u00a0\u00bb inner_width=\u00a0\u00bb80%\u00a0\u00bb inner_max_width=\u00a0\u00bb80%\u00a0\u00bb inner_module_alignment=\u00a0\u00bbcenter\u00a0\u00bb custom_padding=\u00a0\u00bb0px||47px||false|false\u00a0\u00bb global_colors_info=\u00a0\u00bb{}\u00a0\u00bb][et_pb_column type=\u00a0\u00bb2_3&Prime; specialty_columns=\u00a0\u00bb2&Prime; _builder_version=\u00a0\u00bb4.16&Prime; custom_padding=\u00a0\u00bb|||\u00a0\u00bb global_colors_info=\u00a0\u00bb{}\u00a0\u00bb custom_padding__hover=\u00a0\u00bb|||\u00a0\u00bb][et_pb_row_inner _builder_version=\u00a0\u00bb4.16&Prime; custom_padding=\u00a0\u00bb0px||0px|||\u00a0\u00bb global_colors_info=\u00a0\u00bb{}\u00a0\u00bb][et_pb_column_inner saved_specialty_column_type=\u00a0\u00bb2_3&Prime; _builder_version=\u00a0\u00bb4.16&Prime; global_colors_info=\u00a0\u00bb{}\u00a0\u00bb][et_pb_text disabled_on=\u00a0\u00bbon|off|off\u00a0\u00bb _builder_version=\u00a0\u00bb4.27.4&Prime; text_font=\u00a0\u00bbInter||||||||\u00a0\u00bb custom_margin=\u00a0\u00bb0px||0px||false|false\u00a0\u00bb custom_padding=\u00a0\u00bb0px||10px||false|false\u00a0\u00bb hover_enabled=\u00a0\u00bb0&Prime; global_colors_info=\u00a0\u00bb{}\u00a0\u00bb sticky_enabled=\u00a0\u00bb0&Prime;]\n<h3>La reprise ! R\u00e9flex V\u00e9lo &#8230; et si on se d\u00e9pla\u00e7ait autrement en 2026 ?<\/h3>\n<p>Le Syndicat Mixte de l\u2019Avant-Pays Savoyard reconduit le programme \u00ab Reflex V\u00e9lo \u00bb pour la troisi\u00e8me ann\u00e9e cons\u00e9cutive. Ce dispositif doit permettre \u00e0 plusieurs volontaires de tester, gratuitement et pendant 3 mois, des V\u00e9los \u00e0 Assistance \u00c9lectrique (VAE) au quotidien.<br \/><em><br \/><\/em><\/p>\n[\/et_pb_text][et_pb_image src=\u00a0\u00bbhttps:\/\/www.avant-pays-savoyard.com\/smaps\/wp-content\/uploads\/2026\/03\/BANDEAU-LOGO-MOBILITES-DURABLES-2026-vf.png\u00a0\u00bb alt=\u00a0\u00bbBandeau &#8211; SMAPS\u00a0\u00bb title_text=\u00a0\u00bbBANDEAU LOGO MOBILITES DURABLES 2026 vf\u00a0\u00bb _builder_version=\u00a0\u00bb4.27.4&Prime; _module_preset=\u00a0\u00bbdefault\u00a0\u00bb width=\u00a0\u00bb100%\u00a0\u00bb module_alignment=\u00a0\u00bbcenter\u00a0\u00bb custom_margin=\u00a0\u00bb||0px||false|false\u00a0\u00bb hover_enabled=\u00a0\u00bb0&Prime; global_colors_info=\u00a0\u00bb{}\u00a0\u00bb sticky_enabled=\u00a0\u00bb0&Prime;][\/et_pb_image][et_pb_divider disabled_on=\u00a0\u00bbon|off|off\u00a0\u00bb _builder_version=\u00a0\u00bb4.16&Prime; _module_preset=\u00a0\u00bbdefault\u00a0\u00bb custom_margin=\u00a0\u00bb15px||0px||false|false\u00a0\u00bb custom_padding=\u00a0\u00bb||0px||false|false\u00a0\u00bb hover_enabled=\u00a0\u00bb0&Prime; global_colors_info=\u00a0\u00bb{}\u00a0\u00bb sticky_enabled=\u00a0\u00bb0&Prime;][\/et_pb_divider][\/et_pb_column_inner][\/et_pb_row_inner][et_pb_row_inner column_structure=\u00a0\u00bb1_2,1_2&Prime; use_custom_gutter=\u00a0\u00bbon\u00a0\u00bb gutter_width=\u00a0\u00bb2&Prime; _builder_version=\u00a0\u00bb4.20.0&Prime; custom_padding=\u00a0\u00bb0px||0px|||\u00a0\u00bb global_colors_info=\u00a0\u00bb{}\u00a0\u00bb][et_pb_column_inner type=\u00a0\u00bb1_2&Prime; saved_specialty_column_type=\u00a0\u00bb2_3&Prime; _builder_version=\u00a0\u00bb4.16&Prime; global_colors_info=\u00a0\u00bb{}\u00a0\u00bb][et_pb_image src=\u00a0\u00bbhttps:\/\/www.avant-pays-savoyard.com\/smaps\/wp-content\/uploads\/2025\/01\/Reflex-velo-carre-RS_Carre-RS.jpg\u00a0\u00bb title_text=\u00a0\u00bbReflex-velo-carr\u00e9-RS_Carr\u00e9 RS\u00a0\u00bb _builder_version=\u00a0\u00bb4.27.4&Prime; _module_preset=\u00a0\u00bbdefault\u00a0\u00bb custom_padding=\u00a0\u00bb||5px||false|false\u00a0\u00bb global_colors_info=\u00a0\u00bb{}\u00a0\u00bb][\/et_pb_image][\/et_pb_column_inner][et_pb_column_inner type=\u00a0\u00bb1_2&Prime; saved_specialty_column_type=\u00a0\u00bb2_3&Prime; _builder_version=\u00a0\u00bb4.16&Prime; global_colors_info=\u00a0\u00bb{}\u00a0\u00bb][et_pb_text disabled_on=\u00a0\u00bboff|off|off\u00a0\u00bb _builder_version=\u00a0\u00bb4.20.0&Prime; text_font=\u00a0\u00bbInter||||||||\u00a0\u00bb custom_margin=\u00a0\u00bb0px||0px||false|false\u00a0\u00bb custom_padding=\u00a0\u00bb0px||10px||false|false\u00a0\u00bb global_colors_info=\u00a0\u00bb{}\u00a0\u00bb]\n<h3>L&rsquo;objectif<\/h3>\n<p>Laisser sa voiture au garage pour faire des \u00e9conomies, se d\u00e9placer durablement, pr\u00e9server sa sant\u00e9 ! Vous le savez, <strong>les \u00e9tudes montrent qu\u2019une activit\u00e9 physique r\u00e9guli\u00e8re (marche \u00e0 pied, v\u00e9lo\u2026) contribue \u00e0 une meilleure sant\u00e9 au quotidien avec<\/strong> des<strong> impacts positifs sur le cadre de vie<\/strong>, en r\u00e9duisant les nuisances des v\u00e9hicules thermiques : bruits, particules fines, vitesse, \u00e9missions de Co2\u2026<\/p>\n[\/et_pb_text][et_pb_divider disabled_on=\u00a0\u00bbon|off|off\u00a0\u00bb _builder_version=\u00a0\u00bb4.16&Prime; _module_preset=\u00a0\u00bbdefault\u00a0\u00bb custom_margin=\u00a0\u00bb15px||0px||false|false\u00a0\u00bb custom_padding=\u00a0\u00bb||0px||false|false\u00a0\u00bb global_colors_info=\u00a0\u00bb{}\u00a0\u00bb][\/et_pb_divider][et_pb_text disabled_on=\u00a0\u00bbon|off|off\u00a0\u00bb _builder_version=\u00a0\u00bb4.27.4&Prime; text_font=\u00a0\u00bbInter||||||||\u00a0\u00bb custom_margin=\u00a0\u00bb0px||0px||false|false\u00a0\u00bb custom_padding=\u00a0\u00bb0px||10px||false|false\u00a0\u00bb global_colors_info=\u00a0\u00bb{}\u00a0\u00bb]\n<h3>Le lieu<\/h3>\n<p><strong>Si vous \u00eates s\u00e9lectionn\u00e9s, le lieu de r\u00e9cup\u00e9ration de votre VAE se fera \u00e0 Saint-Genix les Villages, Place des Tilleuls devant la France Services <\/strong>(commune situ\u00e9e \u00e0 15mn de Yenne, 15 mn de Novalaise) sous le barnum<em>.<\/em><\/p>\n[\/et_pb_text][\/et_pb_column_inner][\/et_pb_row_inner][et_pb_row_inner _builder_version=\u00a0\u00bb4.16&Prime; custom_padding=\u00a0\u00bb0px||0px|||\u00a0\u00bb global_colors_info=\u00a0\u00bb{}\u00a0\u00bb][et_pb_column_inner saved_specialty_column_type=\u00a0\u00bb2_3&Prime; _builder_version=\u00a0\u00bb4.16&Prime; global_colors_info=\u00a0\u00bb{}\u00a0\u00bb][et_pb_divider disabled_on=\u00a0\u00bbon|off|off\u00a0\u00bb _builder_version=\u00a0\u00bb4.16&Prime; _module_preset=\u00a0\u00bbdefault\u00a0\u00bb custom_margin=\u00a0\u00bb15px||0px||false|false\u00a0\u00bb custom_padding=\u00a0\u00bb||0px||false|false\u00a0\u00bb global_colors_info=\u00a0\u00bb{}\u00a0\u00bb][\/et_pb_divider][\/et_pb_column_inner][\/et_pb_row_inner][et_pb_row_inner _builder_version=\u00a0\u00bb4.16&Prime; custom_padding=\u00a0\u00bb0px||0px|||\u00a0\u00bb global_colors_info=\u00a0\u00bb{}\u00a0\u00bb][et_pb_column_inner saved_specialty_column_type=\u00a0\u00bb2_3&Prime; _builder_version=\u00a0\u00bb4.16&Prime; global_colors_info=\u00a0\u00bb{}\u00a0\u00bb][et_pb_text disabled_on=\u00a0\u00bbon|off|off\u00a0\u00bb _builder_version=\u00a0\u00bb4.27.4&Prime; text_font=\u00a0\u00bbInter||||||||\u00a0\u00bb custom_margin=\u00a0\u00bb0px||0px||false|false\u00a0\u00bb custom_padding=\u00a0\u00bb0px||10px||false|false\u00a0\u00bb global_colors_info=\u00a0\u00bb{}\u00a0\u00bb]\n<h3>3 campagnes de pr\u00eat de VAE en 2026<\/h3>\n<p><strong>Campagne #1 de Mars \u00e0 Mai 2026 :\u00a0 <\/strong><\/p>\n<ul>\n<li>Mercredi 04\/03 2 cr\u00e9neaux au choix de 14h30 \u00e0 16h30 ou de 17h \u00e0 19h : Retrait de votre VAE avec session de prise en main accompagn\u00e9e<\/li>\n<li>Mercredi 03\/06 de 17h \u00e0 19h : Retour de votre VAE et temps convivial de cl\u00f4ture<\/li>\n<\/ul>\n<p><strong>Campagne #2 de Juin \u00e0 Ao\u00fbt 2025 :<\/strong><\/p>\n<ul>\n<li>Mercredi 10\/06 2 cr\u00e9neaux au choix de 14h30 \u00e0 16h30 ou de 17h \u00e0 19h : Retrait de votre VAE avec session de prise en main accompagn\u00e9e<\/li>\n<li>Mercredi 02\/09 de 16h \u00e0 19h : Retour de votre VAE et temps convivial de cl\u00f4ture<\/li>\n<\/ul>\n<p><strong>Campagne #3 de Septembre \u00e0 F\u00e9vrier 2027 :<\/strong><\/p>\n<ul>\n<li>Mercredi 09\/09 2 cr\u00e9neaux au choix de 14h30 \u00e0 16h30 ou de 17h \u00e0 19h : Retrait de votre VAE avec session de prise en main accompagn\u00e9e<\/li>\n<li>Mercredi 10\/02 de 16h \u00e0 19h : Retour de votre VAE et temps convivial de cl\u00f4ture.<\/li>\n<\/ul>\n[\/et_pb_text][\/et_pb_column_inner][\/et_pb_row_inner][et_pb_row_inner _builder_version=\u00a0\u00bb4.16&Prime; custom_padding=\u00a0\u00bb0px||0px|||\u00a0\u00bb global_colors_info=\u00a0\u00bb{}\u00a0\u00bb][et_pb_column_inner saved_specialty_column_type=\u00a0\u00bb2_3&Prime; _builder_version=\u00a0\u00bb4.16&Prime; global_colors_info=\u00a0\u00bb{}\u00a0\u00bb][et_pb_divider disabled_on=\u00a0\u00bbon|off|off\u00a0\u00bb _builder_version=\u00a0\u00bb4.16&Prime; _module_preset=\u00a0\u00bbdefault\u00a0\u00bb custom_margin=\u00a0\u00bb15px||0px||false|false\u00a0\u00bb custom_padding=\u00a0\u00bb||0px||false|false\u00a0\u00bb global_colors_info=\u00a0\u00bb{}\u00a0\u00bb][\/et_pb_divider][\/et_pb_column_inner][\/et_pb_row_inner][et_pb_row_inner column_structure=\u00a0\u00bb1_2,1_2&Prime; use_custom_gutter=\u00a0\u00bbon\u00a0\u00bb gutter_width=\u00a0\u00bb2&Prime; _builder_version=\u00a0\u00bb4.20.0&Prime; custom_padding=\u00a0\u00bb0px||0px|||\u00a0\u00bb global_colors_info=\u00a0\u00bb{}\u00a0\u00bb][et_pb_column_inner type=\u00a0\u00bb1_2&Prime; saved_specialty_column_type=\u00a0\u00bb2_3&Prime; _builder_version=\u00a0\u00bb4.16&Prime; global_colors_info=\u00a0\u00bb{}\u00a0\u00bb][et_pb_image src=\u00a0\u00bbhttps:\/\/www.avant-pays-savoyard.com\/smaps\/wp-content\/uploads\/2026\/03\/AFFICHE-A4-Reflex-Velo-2026-Web-scaled.jpg\u00a0\u00bb title_text=\u00a0\u00bbAFFICHE A4 Reflex V\u00e9lo 2026 &#8211; Web\u00a0\u00bb _builder_version=\u00a0\u00bb4.27.4&Prime; _module_preset=\u00a0\u00bbdefault\u00a0\u00bb custom_padding=\u00a0\u00bb||5px||false|false\u00a0\u00bb hover_enabled=\u00a0\u00bb0&Prime; global_colors_info=\u00a0\u00bb{}\u00a0\u00bb sticky_enabled=\u00a0\u00bb0&Prime;][\/et_pb_image][\/et_pb_column_inner][et_pb_column_inner type=\u00a0\u00bb1_2&Prime; saved_specialty_column_type=\u00a0\u00bb2_3&Prime; _builder_version=\u00a0\u00bb4.16&Prime; global_colors_info=\u00a0\u00bb{}\u00a0\u00bb][et_pb_text disabled_on=\u00a0\u00bbon|off|off\u00a0\u00bb _builder_version=\u00a0\u00bb4.27.4&Prime; text_font=\u00a0\u00bbInter||||||||\u00a0\u00bb custom_margin=\u00a0\u00bb0px||0px||false|false\u00a0\u00bb custom_padding=\u00a0\u00bb0px||10px||false|false\u00a0\u00bb global_colors_info=\u00a0\u00bb{}\u00a0\u00bb]\n<h3>Qui peut candidater pour avoir un pr\u00eat de VAE ?<\/h3>\n<p>Si vous \u00eates majeur et que vous r\u00e9sidez dans l&rsquo;une des trois communaut\u00e9s de communes du Lac d&rsquo;Aiguebelette, Val Guiers ou de Yenne, alors vous pouvez postuler ! Afin que cette exp\u00e9rience cible des profils diff\u00e9rents nous sommes \u00e0 la recherche de familles, des personnes actives, en recherche d\u2019emploi, en situation de handicap, \u00e0 la retraite\u2026 Bref, toutes les candidatures sont les bienvenues pour faire d\u00e9couvrir le R\u00e9flex V\u00e9lo au quotidien ! \ud83d\ude0a<\/p>\n<p>&nbsp;<\/p>\n[\/et_pb_text][\/et_pb_column_inner][\/et_pb_row_inner][et_pb_row_inner _builder_version=\u00a0\u00bb4.16&Prime; custom_padding=\u00a0\u00bb0px||0px|||\u00a0\u00bb global_colors_info=\u00a0\u00bb{}\u00a0\u00bb][et_pb_column_inner saved_specialty_column_type=\u00a0\u00bb2_3&Prime; _builder_version=\u00a0\u00bb4.16&Prime; global_colors_info=\u00a0\u00bb{}\u00a0\u00bb][et_pb_text disabled_on=\u00a0\u00bbon|off|off\u00a0\u00bb _builder_version=\u00a0\u00bb4.27.4&Prime; text_font=\u00a0\u00bbInter||||||||\u00a0\u00bb custom_margin=\u00a0\u00bb0px||0px||false|false\u00a0\u00bb custom_padding=\u00a0\u00bb18px||10px||false|false\u00a0\u00bb global_colors_info=\u00a0\u00bb{}\u00a0\u00bb]\n<h3>Le fonctionnement<\/h3>\n<p><strong>En fonction de la composition de votre foyer, nous vous pr\u00eatons un \u00e0 deux VAE, adapt\u00e9s \u00e0 votre situation.<\/strong> Vous garderez les VAE, chez vous, tout au long de la campagne. Un entretien est pr\u00e9vu \u00e0 mi-parcours. En cas de casse sur le v\u00e9hicule, l\u2019Agence \u00e9comobilit\u00e9 Savoie-Mont-Blanc s\u2019occupera des r\u00e9parations. Une caution, non encaiss\u00e9e, vous est demand\u00e9e.<\/p>\n<p>En \u00e9change du pr\u00eat gratuit du VAE et du mat\u00e9riel, vous vous engagez \u00e0 r\u00e9pondre aux diff\u00e9rents questionnaires (impacts du projet, freins \u00e0 l\u2019usage, parcours\u2026). Votre pr\u00e9sence pendant la soir\u00e9e de lancement, le rendez-vous de mi-parcours, et la soir\u00e9e de cl\u00f4ture, est obligatoire.<\/p>\n<p>Vous serez accompagn\u00e9s tout au long du dispositif par un animateur de l&rsquo;Agence \u00e9comobilit\u00e9 Savoie Mont-Blanc. Vous pourrez lui demander de l\u2019aide face \u00e0 vos probl\u00e9matiques du quotidien. Il pourra vous accompagner sur le terrain en fonction du besoin (prise en main du VAE, comportements avec les autres usagers, itin\u00e9raire s\u00e9curis\u00e9, quelques bases de m\u00e9canique\u2026). L\u2019accompagnement se cl\u00f4turera par des conseils pour passer \u00e0 l\u2019achat afin de capitaliser la solide exp\u00e9rience du VAE que vous aurez acquis.<\/p>\n[\/et_pb_text][et_pb_text disabled_on=\u00a0\u00bbon|off|off\u00a0\u00bb _builder_version=\u00a0\u00bb4.27.4&Prime; text_font=\u00a0\u00bbInter||||||||\u00a0\u00bb custom_margin=\u00a0\u00bb0px||0px||false|false\u00a0\u00bb custom_padding=\u00a0\u00bb18px||10px||false|false\u00a0\u00bb global_colors_info=\u00a0\u00bb{}\u00a0\u00bb]\n<p><strong>La collectivit\u00e9 a investi dans un parc de v\u00e9los qui s&rsquo;adapte \u00e0 tous les besoins ! Diff\u00e9rents v\u00e9los \u00e0 assistance \u00e9lectrique seront propos\u00e9s aux b\u00e9n\u00e9ficiaires :<\/strong><\/p>\n<ul>\n<li><strong>25 VAE classique (mod\u00e8les GIANT Explore ou WINORA Tria ou Arcade Cycle en taille S, M ou L)<\/strong> ;<\/li>\n<li><strong>1 VAE &#8211; cargo BERGAMONT<\/strong> qui permet de transporter 1 \u00e0 2 enfants jusqu&rsquo;\u00e0 environ 20 kg dans une cabine avant.<\/li>\n<li><strong>2 VAE rallong\u00e9 dit \u00ab longtail \u00bb<\/strong>, permettant de transporter des enfants \u00e0 l\u2019arri\u00e8re du v\u00e9lo sur porte-bagage int\u00e9gr\u00e9, et avec \u00e0 l\u2019avant du v\u00e9lo porte-bagage pour transport de mat\u00e9riel ;<\/li>\n<li><strong>Pour les familles :<\/strong> si\u00e8ges enfants et remorques pour transporter des enfants \u00e0 l\u2019arri\u00e8re du v\u00e9lo ;<\/li>\n<li><strong>Tous les v\u00e9los sont fournis avec un kit mobilit\u00e9<\/strong> : porte-bagage, deux sacoches, casques (adulte et enfant), gilets, pompes, multi-outils, \u00e9quipements de pluie (veste, pantalons, gu\u00eatres), antivol U.<\/li>\n<\/ul>\n[\/et_pb_text][\/et_pb_column_inner][\/et_pb_row_inner][et_pb_row_inner _builder_version=\u00a0\u00bb4.16&Prime; custom_padding=\u00a0\u00bb0px||0px|||\u00a0\u00bb global_colors_info=\u00a0\u00bb{}\u00a0\u00bb][et_pb_column_inner saved_specialty_column_type=\u00a0\u00bb2_3&Prime; _builder_version=\u00a0\u00bb4.16&Prime; global_colors_info=\u00a0\u00bb{}\u00a0\u00bb][et_pb_divider disabled_on=\u00a0\u00bbon|off|off\u00a0\u00bb _builder_version=\u00a0\u00bb4.16&Prime; _module_preset=\u00a0\u00bbdefault\u00a0\u00bb custom_margin=\u00a0\u00bb15px||0px||false|false\u00a0\u00bb custom_padding=\u00a0\u00bb||0px||false|false\u00a0\u00bb global_colors_info=\u00a0\u00bb{}\u00a0\u00bb][\/et_pb_divider][\/et_pb_column_inner][\/et_pb_row_inner][et_pb_row_inner column_structure=\u00a0\u00bb1_2,1_2&Prime; use_custom_gutter=\u00a0\u00bbon\u00a0\u00bb gutter_width=\u00a0\u00bb2&Prime; _builder_version=\u00a0\u00bb4.16&Prime; custom_margin=\u00a0\u00bb||0px||false|false\u00a0\u00bb custom_padding=\u00a0\u00bb13px||0px|||\u00a0\u00bb global_colors_info=\u00a0\u00bb{}\u00a0\u00bb][et_pb_column_inner type=\u00a0\u00bb1_2&Prime; saved_specialty_column_type=\u00a0\u00bb2_3&Prime; _builder_version=\u00a0\u00bb4.16&Prime; global_colors_info=\u00a0\u00bb{}\u00a0\u00bb][et_pb_text _builder_version=\u00a0\u00bb4.27.4&Prime; text_font=\u00a0\u00bbInter||||||||\u00a0\u00bb text_text_color=\u00a0\u00bb#FFFFFF\u00a0\u00bb background_color=\u00a0\u00bb#55B192&Prime; custom_margin=\u00a0\u00bb0px||0px||false|false\u00a0\u00bb custom_padding=\u00a0\u00bb10px|10px|10px|10px|false|false\u00a0\u00bb global_colors_info=\u00a0\u00bb{}\u00a0\u00bb]\n<p style=\"text-align: center;\"><strong>3 campagnes R\u00e9flex V\u00e9lo<br \/>en 2026 !<\/strong><\/p>\n<p>Tous les retraits de vos VAE et les diff\u00e9rentes sessions d&rsquo;accompagnement pour chaque campagne de pr\u00eat se d\u00e9rouleront sur la commune de Saint-Genix les Village, qui se situe \u00e0 maximum 30 minutes de route de toutes les communes de l&rsquo;Avant-Pays Savoyard !<\/p>\n[\/et_pb_text][\/et_pb_column_inner][et_pb_column_inner type=\u00a0\u00bb1_2&Prime; saved_specialty_column_type=\u00a0\u00bb2_3&Prime; _builder_version=\u00a0\u00bb4.16&Prime; global_colors_info=\u00a0\u00bb{}\u00a0\u00bb][et_pb_text _builder_version=\u00a0\u00bb4.16&Prime; text_font=\u00a0\u00bbInter||||||||\u00a0\u00bb custom_margin=\u00a0\u00bb0px||0px||false|false\u00a0\u00bb custom_padding=\u00a0\u00bb0px||0px||false|false\u00a0\u00bb global_colors_info=\u00a0\u00bb{}\u00a0\u00bb]\n<p>Je laisse ma voiture au garage, pour :<\/p>\n<ul>\n<li><strong>Faire des \u00e9conomies <\/strong>: le budget li\u00e9 \u00e0 mes d\u00e9placements du quotidien diminue.<\/li>\n<li><strong>Me d\u00e9placer durablement :<\/strong> Je limite les \u00e9missions de gaz \u00e0 effet de serre, causes du r\u00e9chauffement climatique.<\/li>\n<li><strong>Pr\u00e9server ma sant\u00e9 :<\/strong> Par une activit\u00e9 physique douce et r\u00e9guli\u00e8re au quotidien.<\/li>\n<\/ul>\n[\/et_pb_text][et_pb_button button_url=\u00a0\u00bbhttps:\/\/www.avant-pays-savoyard.com\/smaps\/inscription-reflexvelo\/\u00a0\u00bb url_new_window=\u00a0\u00bbon\u00a0\u00bb button_text=\u00a0\u00bbJe candidate\u00a0\u00bb disabled_on=\u00a0\u00bboff|off|off\u00a0\u00bb _builder_version=\u00a0\u00bb4.27.4&Prime; _module_preset=\u00a0\u00bbdefault\u00a0\u00bb custom_button=\u00a0\u00bbon\u00a0\u00bb button_text_size=\u00a0\u00bb17px\u00a0\u00bb button_text_color=\u00a0\u00bb#FFFFFF\u00a0\u00bb button_bg_color=\u00a0\u00bb#F68F34&Prime; button_icon=\u00a0\u00bb&#xe07e;||divi||400&Prime; button_on_hover=\u00a0\u00bboff\u00a0\u00bb custom_margin=\u00a0\u00bb||10px||false|false\u00a0\u00bb custom_padding=\u00a0\u00bb10px|36px|10px|24px|false|false\u00a0\u00bb global_colors_info=\u00a0\u00bb{}\u00a0\u00bb button_text_color__hover_enabled=\u00a0\u00bbon|hover\u00a0\u00bb button_bg_color__hover_enabled=\u00a0\u00bbon|desktop\u00a0\u00bb button_bg_color__hover=\u00a0\u00bb#55B192&Prime; button_bg_enable_color__hover=\u00a0\u00bbon\u00a0\u00bb button_letter_spacing__hover_enabled=\u00a0\u00bbon|desktop\u00a0\u00bb button_letter_spacing__hover=\u00a0\u00bb1px\u00a0\u00bb button_text_color__hover=\u00a0\u00bb#FFFFFF\u00a0\u00bb][\/et_pb_button][\/et_pb_column_inner][\/et_pb_row_inner][et_pb_row_inner _builder_version=\u00a0\u00bb4.16&Prime; custom_padding=\u00a0\u00bb0px||0px|||\u00a0\u00bb global_colors_info=\u00a0\u00bb{}\u00a0\u00bb][et_pb_column_inner saved_specialty_column_type=\u00a0\u00bb2_3&Prime; _builder_version=\u00a0\u00bb4.16&Prime; global_colors_info=\u00a0\u00bb{}\u00a0\u00bb][et_pb_divider disabled_on=\u00a0\u00bbon|off|off\u00a0\u00bb _builder_version=\u00a0\u00bb4.16&Prime; _module_preset=\u00a0\u00bbdefault\u00a0\u00bb custom_margin=\u00a0\u00bb15px||0px||false|false\u00a0\u00bb custom_padding=\u00a0\u00bb||0px||false|false\u00a0\u00bb global_colors_info=\u00a0\u00bb{}\u00a0\u00bb][\/et_pb_divider][\/et_pb_column_inner][\/et_pb_row_inner][et_pb_row_inner _builder_version=\u00a0\u00bb4.16&Prime; custom_padding=\u00a0\u00bb0px||0px|||\u00a0\u00bb global_colors_info=\u00a0\u00bb{}\u00a0\u00bb][et_pb_column_inner saved_specialty_column_type=\u00a0\u00bb2_3&Prime; _builder_version=\u00a0\u00bb4.16&Prime; global_colors_info=\u00a0\u00bb{}\u00a0\u00bb][et_pb_image src=\u00a0\u00bbhttps:\/\/www.avant-pays-savoyard.com\/smaps\/wp-content\/uploads\/2026\/03\/BANDEAU-LOGO-MOBILITES-DURABLES-2026-vf.png\u00a0\u00bb alt=\u00a0\u00bbBandeau &#8211; SMAPS\u00a0\u00bb title_text=\u00a0\u00bbBANDEAU LOGO MOBILITES DURABLES 2026 vf\u00a0\u00bb _builder_version=\u00a0\u00bb4.27.4&Prime; _module_preset=\u00a0\u00bbdefault\u00a0\u00bb width=\u00a0\u00bb100%\u00a0\u00bb module_alignment=\u00a0\u00bbcenter\u00a0\u00bb custom_margin=\u00a0\u00bb||0px||false|false\u00a0\u00bb hover_enabled=\u00a0\u00bb0&Prime; global_colors_info=\u00a0\u00bb{}\u00a0\u00bb sticky_enabled=\u00a0\u00bb0&Prime;][\/et_pb_image][et_pb_text _builder_version=\u00a0\u00bb4.27.4&Prime; text_font=\u00a0\u00bbInter||on||||||\u00a0\u00bb text_font_size=\u00a0\u00bb15px\u00a0\u00bb custom_margin=\u00a0\u00bb0px||0px||false|false\u00a0\u00bb custom_padding=\u00a0\u00bb10px||10px||false|false\u00a0\u00bb hover_enabled=\u00a0\u00bb0&Prime; global_colors_info=\u00a0\u00bb{}\u00a0\u00bb sticky_enabled=\u00a0\u00bb0&Prime;]\n<p>Ce service b\u00e9n\u00e9ficie du soutien du D\u00e9partement de la Savoie, du Fonds Vert \u00ab\u00a0Mobilit\u00e9s durables en zones rurales\u00a0\u00bb et FRANCE NATION VERTE de la coordonn\u00e9e par la Pr\u00e9fecture de la Savoie,et de la Compagnie Nationale du Rh\u00f4ne au titre du <a href=\"https:\/\/www.cnr.tm.fr\/engagements\/missions-dinteret-general\/\">Plan 5 Rh\u00f4ne.\u00a0<\/a><\/p>\n[\/et_pb_text][\/et_pb_column_inner][\/et_pb_row_inner][et_pb_row_inner _builder_version=\u00a0\u00bb4.16&Prime; custom_padding=\u00a0\u00bb13px||0px|||\u00a0\u00bb global_colors_info=\u00a0\u00bb{}\u00a0\u00bb][et_pb_column_inner saved_specialty_column_type=\u00a0\u00bb2_3&Prime; _builder_version=\u00a0\u00bb4.16&Prime; global_colors_info=\u00a0\u00bb{}\u00a0\u00bb][et_pb_accordion open_toggle_background_color=\u00a0\u00bb#FFFFFF\u00a0\u00bb closed_toggle_background_color=\u00a0\u00bb#FFFFFF\u00a0\u00bb toggle_icon=\u00a0\u00bb&#x41;||divi||400&Prime; icon_color=\u00a0\u00bb#326B9B\u00a0\u00bb _builder_version=\u00a0\u00bb4.20.0&Prime; _module_preset=\u00a0\u00bbdefault\u00a0\u00bb toggle_font_size=\u00a0\u00bb17px\u00a0\u00bb closed_toggle_font_size=\u00a0\u00bb18px\u00a0\u00bb global_colors_info=\u00a0\u00bb{}\u00a0\u00bb][et_pb_accordion_item title=\u00a0\u00bbRGPD\u00a0\u00bb open=\u00a0\u00bbon\u00a0\u00bb icon_color=\u00a0\u00bb#55B192&Prime; _builder_version=\u00a0\u00bb4.20.0&Prime; _module_preset=\u00a0\u00bbdefault\u00a0\u00bb global_colors_info=\u00a0\u00bb{}\u00a0\u00bb]\n<p>Les informations recueillies dans le formulaire d\u2019inscription sont enregistr\u00e9es dans un fichier informatis\u00e9\u00a0 via la plateforme TypeForm par l&rsquo;Agence \u00e9co-mobilit\u00e9 pour le compte du Syndicat Mixte de l\u2019Avant Pays Savoyard pour l\u2019inscription des participants \u00e0 la Campagne R\u00e9flex V\u00e9lo. La base l\u00e9gale du traitement est l\u2019int\u00e9r\u00eat l\u00e9gitime.<\/p>\n<p>Les donn\u00e9es collect\u00e9es seront communiqu\u00e9es aux seuls destinataires suivants : gence \u00e9co-mobilit\u00e9 Syndicat Mixte de l\u2019Avant Pays Savoyard.<\/p>\n<p>Les donn\u00e9es sont conserv\u00e9es pendant 1 an. Vous pouvez acc\u00e9der aux donn\u00e9es vous concernant, les rectifier, demander leur effacement ou exercer votre droit \u00e0 la limitation du traitement de vos donn\u00e9es<\/p>\n<p>Consultez le site\u00a0cnil.fr pour plus d\u2019informations sur vos droits.<\/p>\n<p>Pour exercer ces droits ou pour toute question sur le traitement de vos donn\u00e9es dans ce dispositif, vous pouvez contacter le Syndicat Mixte de l\u2019Avant Pays Savoyard, <a href=\"mailto:info@avant-pays-savoyard.com\">info@avant-pays-savoyard.com<\/a> ou au 04 76 37 21 54.<\/p>\n<p>Si vous estimez, apr\u00e8s nous avoir contact\u00e9s, que vos droits \u00ab\u00a0Informatique et Libert\u00e9s\u00a0\u00bb ne sont pas respect\u00e9s, vous pouvez adresser une r\u00e9clamation \u00e0 la CNIL.<\/p>\n[\/et_pb_accordion_item][\/et_pb_accordion][\/et_pb_column_inner][\/et_pb_row_inner][\/et_pb_column][et_pb_column type=\u00a0\u00bb1_3&Prime; _builder_version=\u00a0\u00bb4.16&Prime; custom_padding=\u00a0\u00bb|||\u00a0\u00bb global_colors_info=\u00a0\u00bb{}\u00a0\u00bb custom_padding__hover=\u00a0\u00bb|||\u00a0\u00bb][et_pb_text admin_label=\u00a0\u00bbTexte son role\u00a0\u00bb _builder_version=\u00a0\u00bb4.16&Prime; text_font=\u00a0\u00bbInter|700|||||||\u00a0\u00bb text_text_color=\u00a0\u00bb#010101&Prime; text_font_size=\u00a0\u00bb26px\u00a0\u00bb custom_margin=\u00a0\u00bb-5px|||||\u00a0\u00bb custom_padding_tablet=\u00a0\u00bb30px||||false|false\u00a0\u00bb custom_padding_phone=\u00a0\u00bb\u00a0\u00bb custom_padding_last_edited=\u00a0\u00bbon|phone\u00a0\u00bb global_colors_info=\u00a0\u00bb{}\u00a0\u00bb]\n<p>Contact<\/p>\n[\/et_pb_text][et_pb_text _builder_version=\u00a0\u00bb4.16&Prime; text_font=\u00a0\u00bbExo||||||||\u00a0\u00bb custom_padding=\u00a0\u00bb||31px|||\u00a0\u00bb global_colors_info=\u00a0\u00bb{}\u00a0\u00bb]\n<p><b>Informations &amp; inscription<br \/><\/b><\/p>\n<p>R\u00e9flex V\u00e9lo<br \/>07 49 67 48 83 <br \/><a href=\"mailto:ateliersclimat@avant-pays-savoyard.com\">reflexvelo[a]avant-pays-savoyard.com<\/a><\/p>\n[\/et_pb_text][et_pb_button button_url=\u00a0\u00bbhttps:\/\/www.avant-pays-savoyard.com\/smaps\/project\/energie-positive\/\u00a0\u00bb button_text=\u00a0\u00bbTerritoire \u00e0 Energie Positive\u00a0\u00bb button_alignment=\u00a0\u00bbleft\u00a0\u00bb _builder_version=\u00a0\u00bb4.16&Prime; _module_preset=\u00a0\u00bbdefault\u00a0\u00bb custom_button=\u00a0\u00bbon\u00a0\u00bb button_text_size=\u00a0\u00bb15px\u00a0\u00bb button_text_color=\u00a0\u00bb#FFFFFF\u00a0\u00bb button_bg_color=\u00a0\u00bb#44937A\u00a0\u00bb button_font=\u00a0\u00bbExo|600||on|||||\u00a0\u00bb button_icon=\u00a0\u00bb&#x45;||divi||400&Prime; button_icon_color=\u00a0\u00bb#FFFFFF\u00a0\u00bb button_icon_placement=\u00a0\u00bbleft\u00a0\u00bb button_on_hover=\u00a0\u00bboff\u00a0\u00bb custom_padding=\u00a0\u00bb|16px||26px|false|false\u00a0\u00bb saved_tabs=\u00a0\u00bball\u00a0\u00bb global_colors_info=\u00a0\u00bb{}\u00a0\u00bb button_bg_color__hover=\u00a0\u00bb#000000&Prime; button_bg_color__hover_enabled=\u00a0\u00bbon|hover\u00a0\u00bb][\/et_pb_button][\/et_pb_column][\/et_pb_section]\n","protected":false},"excerpt":{"rendered":"<p>ParticuliersCollectivit\u00e9sEntreprisesAgriculteursLa reprise ! R\u00e9flex V\u00e9lo &#8230; et si on se d\u00e9pla\u00e7ait autrement en 2026 ? Le Syndicat Mixte de l\u2019Avant-Pays Savoyard reconduit le programme \u00ab Reflex V\u00e9lo \u00bb pour la troisi\u00e8me ann\u00e9e cons\u00e9cutive. Ce dispositif doit permettre \u00e0 plusieurs volontaires de tester, gratuitement et pendant 3 mois, des V\u00e9los \u00e0 Assistance \u00c9lectrique (VAE) au quotidien.L&rsquo;objectif [&hellip;]<\/p>\n","protected":false},"author":2,"featured_media":0,"parent":0,"menu_order":0,"comment_status":"closed","ping_status":"closed","template":"","meta":{"_et_pb_use_builder":"on","_et_pb_old_content":"","_et_gb_content_width":"","_monsterinsights_skip_tracking":false,"_monsterinsights_sitenote_active":false,"_monsterinsights_sitenote_note":"","_monsterinsights_sitenote_category":0,"footnotes":""},"class_list":["post-5033","page","type-page","status-publish","hentry"],"yoast_head":"<!-- This site is optimized with the Yoast SEO plugin v27.5 - https:\/\/yoast.com\/product\/yoast-seo-wordpress\/ -->\n<title>R\u00e9flex V\u00e9lo | Avant Pays Savoyard<\/title>\n<meta name=\"description\" content=\"R\u00e9flex V\u00e9lo | La campagne de mise \u00e0 disposition de v\u00e9los \u00e0 assistance \u00e9lectriques de l&#039;Avant-Pays Savoyard !\" \/>\n<meta name=\"robots\" content=\"index, follow, max-snippet:-1, max-image-preview:large, max-video-preview:-1\" \/>\n<link rel=\"canonical\" href=\"https:\/\/www.avant-pays-savoyard.com\/smaps\/reflex-velo\/\" \/>\n<meta property=\"og:locale\" content=\"fr_FR\" \/>\n<meta property=\"og:type\" content=\"article\" \/>\n<meta property=\"og:title\" content=\"R\u00e9flex V\u00e9lo | Avant Pays Savoyard\" \/>\n<meta property=\"og:description\" content=\"R\u00e9flex V\u00e9lo | La campagne de mise \u00e0 disposition de v\u00e9los \u00e0 assistance \u00e9lectriques de l&#039;Avant-Pays Savoyard !\" \/>\n<meta property=\"og:url\" content=\"https:\/\/www.avant-pays-savoyard.com\/smaps\/reflex-velo\/\" \/>\n<meta property=\"og:site_name\" content=\"Syndicat Mixte Avant-Pays Savoyard\" \/>\n<meta property=\"article:publisher\" content=\"https:\/\/www.facebook.com\/philippe.smaps?eid=ARBa3pcAa8gXFS8WNK_PRvsO8QdGpgIOahlkYUZ_fHoQSowEaz5KpN0GqL0PUxNL0ZbTsFwcVmpWqAsm\" \/>\n<meta property=\"article:modified_time\" content=\"2026-03-27T09:10:05+00:00\" \/>\n<meta name=\"twitter:card\" content=\"summary_large_image\" \/>\n<meta name=\"twitter:label1\" content=\"Dur\u00e9e de lecture estim\u00e9e\" \/>\n\t<meta name=\"twitter:data1\" content=\"7 minutes\" \/>\n<script type=\"application\/ld+json\" class=\"yoast-schema-graph\">{\"@context\":\"https:\\\/\\\/schema.org\",\"@graph\":[{\"@type\":\"WebPage\",\"@id\":\"https:\\\/\\\/www.avant-pays-savoyard.com\\\/smaps\\\/reflex-velo\\\/\",\"url\":\"https:\\\/\\\/www.avant-pays-savoyard.com\\\/smaps\\\/reflex-velo\\\/\",\"name\":\"R\u00e9flex V\u00e9lo | Avant Pays Savoyard\",\"isPartOf\":{\"@id\":\"https:\\\/\\\/www.avant-pays-savoyard.com\\\/smaps\\\/#website\"},\"datePublished\":\"2023-03-10T08:44:35+00:00\",\"dateModified\":\"2026-03-27T09:10:05+00:00\",\"description\":\"R\u00e9flex V\u00e9lo | La campagne de mise \u00e0 disposition de v\u00e9los \u00e0 assistance \u00e9lectriques de l'Avant-Pays Savoyard !\",\"breadcrumb\":{\"@id\":\"https:\\\/\\\/www.avant-pays-savoyard.com\\\/smaps\\\/reflex-velo\\\/#breadcrumb\"},\"inLanguage\":\"fr-FR\",\"potentialAction\":[{\"@type\":\"ReadAction\",\"target\":[\"https:\\\/\\\/www.avant-pays-savoyard.com\\\/smaps\\\/reflex-velo\\\/\"]}]},{\"@type\":\"BreadcrumbList\",\"@id\":\"https:\\\/\\\/www.avant-pays-savoyard.com\\\/smaps\\\/reflex-velo\\\/#breadcrumb\",\"itemListElement\":[{\"@type\":\"ListItem\",\"position\":1,\"name\":\"Accueil\",\"item\":\"https:\\\/\\\/www.avant-pays-savoyard.com\\\/smaps\\\/\"},{\"@type\":\"ListItem\",\"position\":2,\"name\":\"R\u00e9flex V\u00e9lo\"}]},{\"@type\":\"WebSite\",\"@id\":\"https:\\\/\\\/www.avant-pays-savoyard.com\\\/smaps\\\/#website\",\"url\":\"https:\\\/\\\/www.avant-pays-savoyard.com\\\/smaps\\\/\",\"name\":\"Syndicat Mixte Avant-Pays Savoyard\",\"description\":\"Site du SMAPS\",\"publisher\":{\"@id\":\"https:\\\/\\\/www.avant-pays-savoyard.com\\\/smaps\\\/#organization\"},\"potentialAction\":[{\"@type\":\"SearchAction\",\"target\":{\"@type\":\"EntryPoint\",\"urlTemplate\":\"https:\\\/\\\/www.avant-pays-savoyard.com\\\/smaps\\\/?s={search_term_string}\"},\"query-input\":{\"@type\":\"PropertyValueSpecification\",\"valueRequired\":true,\"valueName\":\"search_term_string\"}}],\"inLanguage\":\"fr-FR\"},{\"@type\":\"Organization\",\"@id\":\"https:\\\/\\\/www.avant-pays-savoyard.com\\\/smaps\\\/#organization\",\"name\":\"Avant Pays Savoyard\",\"url\":\"https:\\\/\\\/www.avant-pays-savoyard.com\\\/smaps\\\/\",\"logo\":{\"@type\":\"ImageObject\",\"inLanguage\":\"fr-FR\",\"@id\":\"https:\\\/\\\/www.avant-pays-savoyard.com\\\/smaps\\\/#\\\/schema\\\/logo\\\/image\\\/\",\"url\":\"https:\\\/\\\/www.avant-pays-savoyard.com\\\/smaps\\\/wp-content\\\/uploads\\\/2020\\\/11\\\/logo-smaps.png\",\"contentUrl\":\"https:\\\/\\\/www.avant-pays-savoyard.com\\\/smaps\\\/wp-content\\\/uploads\\\/2020\\\/11\\\/logo-smaps.png\",\"width\":1617,\"height\":738,\"caption\":\"Avant Pays Savoyard\"},\"image\":{\"@id\":\"https:\\\/\\\/www.avant-pays-savoyard.com\\\/smaps\\\/#\\\/schema\\\/logo\\\/image\\\/\"},\"sameAs\":[\"https:\\\/\\\/www.facebook.com\\\/philippe.smaps?eid=ARBa3pcAa8gXFS8WNK_PRvsO8QdGpgIOahlkYUZ_fHoQSowEaz5KpN0GqL0PUxNL0ZbTsFwcVmpWqAsm\"]}]}<\/script>\n<!-- \/ Yoast SEO plugin. -->","yoast_head_json":{"title":"R\u00e9flex V\u00e9lo | Avant Pays Savoyard","description":"R\u00e9flex V\u00e9lo | La campagne de mise \u00e0 disposition de v\u00e9los \u00e0 assistance \u00e9lectriques de l'Avant-Pays Savoyard !","robots":{"index":"index","follow":"follow","max-snippet":"max-snippet:-1","max-image-preview":"max-image-preview:large","max-video-preview":"max-video-preview:-1"},"canonical":"https:\/\/www.avant-pays-savoyard.com\/smaps\/reflex-velo\/","og_locale":"fr_FR","og_type":"article","og_title":"R\u00e9flex V\u00e9lo | Avant Pays Savoyard","og_description":"R\u00e9flex V\u00e9lo | La campagne de mise \u00e0 disposition de v\u00e9los \u00e0 assistance \u00e9lectriques de l'Avant-Pays Savoyard !","og_url":"https:\/\/www.avant-pays-savoyard.com\/smaps\/reflex-velo\/","og_site_name":"Syndicat Mixte Avant-Pays Savoyard","article_publisher":"https:\/\/www.facebook.com\/philippe.smaps?eid=ARBa3pcAa8gXFS8WNK_PRvsO8QdGpgIOahlkYUZ_fHoQSowEaz5KpN0GqL0PUxNL0ZbTsFwcVmpWqAsm","article_modified_time":"2026-03-27T09:10:05+00:00","twitter_card":"summary_large_image","twitter_misc":{"Dur\u00e9e de lecture estim\u00e9e":"7 minutes"},"schema":{"@context":"https:\/\/schema.org","@graph":[{"@type":"WebPage","@id":"https:\/\/www.avant-pays-savoyard.com\/smaps\/reflex-velo\/","url":"https:\/\/www.avant-pays-savoyard.com\/smaps\/reflex-velo\/","name":"R\u00e9flex V\u00e9lo | Avant Pays Savoyard","isPartOf":{"@id":"https:\/\/www.avant-pays-savoyard.com\/smaps\/#website"},"datePublished":"2023-03-10T08:44:35+00:00","dateModified":"2026-03-27T09:10:05+00:00","description":"R\u00e9flex V\u00e9lo | La campagne de mise \u00e0 disposition de v\u00e9los \u00e0 assistance \u00e9lectriques de l'Avant-Pays Savoyard !","breadcrumb":{"@id":"https:\/\/www.avant-pays-savoyard.com\/smaps\/reflex-velo\/#breadcrumb"},"inLanguage":"fr-FR","potentialAction":[{"@type":"ReadAction","target":["https:\/\/www.avant-pays-savoyard.com\/smaps\/reflex-velo\/"]}]},{"@type":"BreadcrumbList","@id":"https:\/\/www.avant-pays-savoyard.com\/smaps\/reflex-velo\/#breadcrumb","itemListElement":[{"@type":"ListItem","position":1,"name":"Accueil","item":"https:\/\/www.avant-pays-savoyard.com\/smaps\/"},{"@type":"ListItem","position":2,"name":"R\u00e9flex V\u00e9lo"}]},{"@type":"WebSite","@id":"https:\/\/www.avant-pays-savoyard.com\/smaps\/#website","url":"https:\/\/www.avant-pays-savoyard.com\/smaps\/","name":"Syndicat Mixte Avant-Pays Savoyard","description":"Site du SMAPS","publisher":{"@id":"https:\/\/www.avant-pays-savoyard.com\/smaps\/#organization"},"potentialAction":[{"@type":"SearchAction","target":{"@type":"EntryPoint","urlTemplate":"https:\/\/www.avant-pays-savoyard.com\/smaps\/?s={search_term_string}"},"query-input":{"@type":"PropertyValueSpecification","valueRequired":true,"valueName":"search_term_string"}}],"inLanguage":"fr-FR"},{"@type":"Organization","@id":"https:\/\/www.avant-pays-savoyard.com\/smaps\/#organization","name":"Avant Pays Savoyard","url":"https:\/\/www.avant-pays-savoyard.com\/smaps\/","logo":{"@type":"ImageObject","inLanguage":"fr-FR","@id":"https:\/\/www.avant-pays-savoyard.com\/smaps\/#\/schema\/logo\/image\/","url":"https:\/\/www.avant-pays-savoyard.com\/smaps\/wp-content\/uploads\/2020\/11\/logo-smaps.png","contentUrl":"https:\/\/www.avant-pays-savoyard.com\/smaps\/wp-content\/uploads\/2020\/11\/logo-smaps.png","width":1617,"height":738,"caption":"Avant Pays Savoyard"},"image":{"@id":"https:\/\/www.avant-pays-savoyard.com\/smaps\/#\/schema\/logo\/image\/"},"sameAs":["https:\/\/www.facebook.com\/philippe.smaps?eid=ARBa3pcAa8gXFS8WNK_PRvsO8QdGpgIOahlkYUZ_fHoQSowEaz5KpN0GqL0PUxNL0ZbTsFwcVmpWqAsm"]}]}},"publishpress_future_action":{"enabled":false,"date":"2026-05-06 16:39:56","action":"change-status","newStatus":"draft","terms":[],"taxonomy":"","extraData":[]},"publishpress_future_workflow_manual_trigger":{"enabledWorkflows":[]},"_links":{"self":[{"href":"https:\/\/www.avant-pays-savoyard.com\/smaps\/wp-json\/wp\/v2\/pages\/5033","targetHints":{"allow":["GET"]}}],"collection":[{"href":"https:\/\/www.avant-pays-savoyard.com\/smaps\/wp-json\/wp\/v2\/pages"}],"about":[{"href":"https:\/\/www.avant-pays-savoyard.com\/smaps\/wp-json\/wp\/v2\/types\/page"}],"author":[{"embeddable":true,"href":"https:\/\/www.avant-pays-savoyard.com\/smaps\/wp-json\/wp\/v2\/users\/2"}],"replies":[{"embeddable":true,"href":"https:\/\/www.avant-pays-savoyard.com\/smaps\/wp-json\/wp\/v2\/comments?post=5033"}],"version-history":[{"count":40,"href":"https:\/\/www.avant-pays-savoyard.com\/smaps\/wp-json\/wp\/v2\/pages\/5033\/revisions"}],"predecessor-version":[{"id":7167,"href":"https:\/\/www.avant-pays-savoyard.com\/smaps\/wp-json\/wp\/v2\/pages\/5033\/revisions\/7167"}],"wp:attachment":[{"href":"https:\/\/www.avant-pays-savoyard.com\/smaps\/wp-json\/wp\/v2\/media?parent=5033"}],"curies":[{"name":"wp","href":"https:\/\/api.w.org\/{rel}","templated":true}]}}