{"id":1205,"date":"2020-06-02T11:12:16","date_gmt":"2020-06-02T09:12:16","guid":{"rendered":"https:\/\/www.avant-pays-savoyard.com\/smaps\/?post_type=project&#038;p=1205"},"modified":"2026-03-27T09:53:03","modified_gmt":"2026-03-27T08:53:03","slug":"mobilite-velo","status":"publish","type":"project","link":"https:\/\/www.avant-pays-savoyard.com\/smaps\/project\/mobilite-velo\/","title":{"rendered":"Mobilit\u00e9"},"content":{"rendered":"[et_pb_section fb_built=\u00a0\u00bb1&Prime; _builder_version=\u00a0\u00bb4.16&Prime; background_color=\u00a0\u00bb#fbfdfe\u00a0\u00bb custom_margin=\u00a0\u00bb0px||0px||true|false\u00a0\u00bb custom_padding=\u00a0\u00bb0px||0px||true|false\u00a0\u00bb global_colors_info=\u00a0\u00bb{}\u00a0\u00bb][et_pb_row _builder_version=\u00a0\u00bb4.16&Prime; width=\u00a0\u00bb100%\u00a0\u00bb max_width=\u00a0\u00bb100%\u00a0\u00bb custom_margin=\u00a0\u00bb0px||0px||true|false\u00a0\u00bb custom_padding=\u00a0\u00bb0px||0px||true|false\u00a0\u00bb global_colors_info=\u00a0\u00bb{}\u00a0\u00bb][et_pb_column type=\u00a0\u00bb4_4&Prime; _builder_version=\u00a0\u00bb4.16&Prime; global_colors_info=\u00a0\u00bb{}\u00a0\u00bb][et_pb_image src=\u00a0\u00bbhttps:\/\/www.avant-pays-savoyard.com\/smaps\/wp-content\/uploads\/2020\/06\/Mobilite-Velo-SMAPS-bandeau-scaled.jpg\u00a0\u00bb title_text=\u00a0\u00bbMobilite Velo SMAPS bandeau\u00a0\u00bb _builder_version=\u00a0\u00bb4.27.4&Prime; _module_preset=\u00a0\u00bbdefault\u00a0\u00bb global_colors_info=\u00a0\u00bb{}\u00a0\u00bb][\/et_pb_image][\/et_pb_column][\/et_pb_row][et_pb_row _builder_version=\u00a0\u00bb4.16&Prime; background_color=\u00a0\u00bb#fbfdfe\u00a0\u00bb custom_margin=\u00a0\u00bb||-1px||false|false\u00a0\u00bb custom_padding=\u00a0\u00bb||0px||false|false\u00a0\u00bb global_colors_info=\u00a0\u00bb{}\u00a0\u00bb][et_pb_column type=\u00a0\u00bb4_4&Prime; _builder_version=\u00a0\u00bb4.16&Prime; global_colors_info=\u00a0\u00bb{}\u00a0\u00bb][et_pb_code _builder_version=\u00a0\u00bb4.16&Prime; custom_margin=\u00a0\u00bb||14px|||\u00a0\u00bb global_colors_info=\u00a0\u00bb{}\u00a0\u00bb]<span><span><a href=\"https:\/\/www.avant-pays-savoyard.com\/smaps\/\">Accueil<\/a><\/span><\/span>[\/et_pb_code][\/et_pb_column][\/et_pb_row][\/et_pb_section][et_pb_section fb_built=\u00a0\u00bb1&Prime; custom_padding_last_edited=\u00a0\u00bbon|tablet\u00a0\u00bb _builder_version=\u00a0\u00bb4.16&Prime; background_color=\u00a0\u00bb#FBFDFE\u00a0\u00bb custom_margin_tablet=\u00a0\u00bb-1px||-1px||true|false\u00a0\u00bb custom_margin_phone=\u00a0\u00bb\u00a0\u00bb custom_margin_last_edited=\u00a0\u00bbon|tablet\u00a0\u00bb custom_padding_tablet=\u00a0\u00bb0px||0px||true|false\u00a0\u00bb custom_padding_phone=\u00a0\u00bb\u00a0\u00bb global_colors_info=\u00a0\u00bb{}\u00a0\u00bb][et_pb_row _builder_version=\u00a0\u00bb4.16&Prime; custom_margin=\u00a0\u00bb0px||0px||true|false\u00a0\u00bb custom_padding=\u00a0\u00bb0px||0px||true|false\u00a0\u00bb global_colors_info=\u00a0\u00bb{}\u00a0\u00bb][et_pb_column type=\u00a0\u00bb4_4&Prime; _builder_version=\u00a0\u00bb4.16&Prime; global_colors_info=\u00a0\u00bb{}\u00a0\u00bb][et_pb_divider _builder_version=\u00a0\u00bb4.21.0&Prime; _module_preset=\u00a0\u00bbdefault\u00a0\u00bb global_colors_info=\u00a0\u00bb{}\u00a0\u00bb][\/et_pb_divider][\/et_pb_column][\/et_pb_row][\/et_pb_section][et_pb_section fb_built=\u00a0\u00bb1&Prime; _builder_version=\u00a0\u00bb4.21.0&Prime; _module_preset=\u00a0\u00bbdefault\u00a0\u00bb global_colors_info=\u00a0\u00bb{}\u00a0\u00bb][et_pb_row _builder_version=\u00a0\u00bb4.16&Prime; custom_margin=\u00a0\u00bb0px|auto|8px|auto|false|false\u00a0\u00bb custom_padding=\u00a0\u00bb0px||0px||false|false\u00a0\u00bb global_colors_info=\u00a0\u00bb{}\u00a0\u00bb][et_pb_column type=\u00a0\u00bb4_4&Prime; _builder_version=\u00a0\u00bb4.16&Prime; global_colors_info=\u00a0\u00bb{}\u00a0\u00bb][et_pb_text _builder_version=\u00a0\u00bb4.27.4&Prime; text_font=\u00a0\u00bbInter|700|||||||\u00a0\u00bb text_text_color=\u00a0\u00bb#010101&Prime; text_font_size=\u00a0\u00bb33px\u00a0\u00bb custom_margin=\u00a0\u00bb4px||0px||false|false\u00a0\u00bb custom_padding=\u00a0\u00bb0px||0px||false|false\u00a0\u00bb global_colors_info=\u00a0\u00bb{}\u00a0\u00bb]\n<p style=\"text-align: center;\">Services de Mobilit\u00e9 en Avant-Pays Savoyard<\/p>\n[\/et_pb_text][\/et_pb_column][\/et_pb_row][\/et_pb_section][et_pb_section fb_built=\u00a0\u00bb1&Prime; _builder_version=\u00a0\u00bb4.16&Prime; background_color=\u00a0\u00bb#FBFDFE\u00a0\u00bb global_colors_info=\u00a0\u00bb{}\u00a0\u00bb][et_pb_row column_structure=\u00a0\u00bb1_2,1_2&Prime; _builder_version=\u00a0\u00bb4.16&Prime; custom_margin=\u00a0\u00bb||-10px||false|false\u00a0\u00bb global_colors_info=\u00a0\u00bb{}\u00a0\u00bb][et_pb_column type=\u00a0\u00bb1_2&Prime; _builder_version=\u00a0\u00bb4.16&Prime; background_color=\u00a0\u00bb#ffffff\u00a0\u00bb transform_scale=\u00a0\u00bb95%|95%\u00a0\u00bb custom_padding=\u00a0\u00bb25px|25px|25px|25px|true|true\u00a0\u00bb border_radii=\u00a0\u00bbon|5px|5px|5px|5px\u00a0\u00bb box_shadow_style=\u00a0\u00bbpreset1&Prime; box_shadow_blur=\u00a0\u00bb6px\u00a0\u00bb box_shadow_spread=\u00a0\u00bb-1px\u00a0\u00bb global_colors_info=\u00a0\u00bb{}\u00a0\u00bb][et_pb_image src=\u00a0\u00bbhttps:\/\/www.avant-pays-savoyard.com\/smaps\/wp-content\/uploads\/2020\/06\/bike.png\u00a0\u00bb title_text=\u00a0\u00bbbike\u00a0\u00bb align=\u00a0\u00bbcenter\u00a0\u00bb _builder_version=\u00a0\u00bb4.16&Prime; _module_preset=\u00a0\u00bbdefault\u00a0\u00bb global_colors_info=\u00a0\u00bb{}\u00a0\u00bb][\/et_pb_image][et_pb_text _builder_version=\u00a0\u00bb4.16&Prime; text_font=\u00a0\u00bbInter||||||||\u00a0\u00bb custom_margin=\u00a0\u00bb20px||||false|false\u00a0\u00bb global_colors_info=\u00a0\u00bb{}\u00a0\u00bb]\n<p style=\"text-align: center;\"><b>Apporter \u00e0 tous et partout des solutions alternatives \u00e0 l&rsquo;usage individuel de la voiture<br \/>\n<\/b><\/p>\n[\/et_pb_text][\/et_pb_column][et_pb_column type=\u00a0\u00bb1_2&Prime; _builder_version=\u00a0\u00bb4.16&Prime; background_color=\u00a0\u00bb#ffffff\u00a0\u00bb transform_scale=\u00a0\u00bb95%|95%\u00a0\u00bb custom_padding=\u00a0\u00bb25px|25px|25px|25px|true|true\u00a0\u00bb border_radii=\u00a0\u00bbon|5px|5px|5px|5px\u00a0\u00bb box_shadow_style=\u00a0\u00bbpreset1&Prime; box_shadow_blur=\u00a0\u00bb6px\u00a0\u00bb box_shadow_spread=\u00a0\u00bb-1px\u00a0\u00bb global_colors_info=\u00a0\u00bb{}\u00a0\u00bb][et_pb_image src=\u00a0\u00bbhttps:\/\/www.avant-pays-savoyard.com\/smaps\/wp-content\/uploads\/2020\/06\/village-1.png\u00a0\u00bb title_text=\u00a0\u00bbvillage\u00a0\u00bb align=\u00a0\u00bbcenter\u00a0\u00bb _builder_version=\u00a0\u00bb4.16&Prime; _module_preset=\u00a0\u00bbdefault\u00a0\u00bb global_colors_info=\u00a0\u00bb{}\u00a0\u00bb][\/et_pb_image][et_pb_text _builder_version=\u00a0\u00bb4.27.4&Prime; text_font=\u00a0\u00bbInter||||||||\u00a0\u00bb custom_margin=\u00a0\u00bb20px||||false|false\u00a0\u00bb inline_fonts=\u00a0\u00bbInter\u00a0\u00bb global_colors_info=\u00a0\u00bb{}\u00a0\u00bb]\n<p><strong>Faciliter des d\u00e9placements durables au quotidien localement et en \u00e9change avec les agglom\u00e9rations<\/strong><\/p>\n[\/et_pb_text][\/et_pb_column][\/et_pb_row][\/et_pb_section][et_pb_section fb_built=\u00a0\u00bb1&Prime; _builder_version=\u00a0\u00bb4.21.0&Prime; _module_preset=\u00a0\u00bbdefault\u00a0\u00bb global_colors_info=\u00a0\u00bb{}\u00a0\u00bb][et_pb_row _builder_version=\u00a0\u00bb4.21.0&Prime; _module_preset=\u00a0\u00bbdefault\u00a0\u00bb global_colors_info=\u00a0\u00bb{}\u00a0\u00bb][et_pb_column type=\u00a0\u00bb4_4&Prime; _builder_version=\u00a0\u00bb4.21.0&Prime; _module_preset=\u00a0\u00bbdefault\u00a0\u00bb global_colors_info=\u00a0\u00bb{}\u00a0\u00bb][et_pb_text _builder_version=\u00a0\u00bb4.27.4&Prime; _module_preset=\u00a0\u00bbdefault\u00a0\u00bb global_colors_info=\u00a0\u00bb{}\u00a0\u00bb]\n<h1 style=\"text-align: center;\">Vos Guides Mobilit\u00e9<\/h1>\n[\/et_pb_text][\/et_pb_column][\/et_pb_row][\/et_pb_section][et_pb_section fb_built=\u00a0\u00bb1&Prime; _builder_version=\u00a0\u00bb4.21.0&Prime; _module_preset=\u00a0\u00bbdefault\u00a0\u00bb global_colors_info=\u00a0\u00bb{}\u00a0\u00bb][et_pb_row column_structure=\u00a0\u00bb1_2,1_2&Prime; _builder_version=\u00a0\u00bb4.21.0&Prime; _module_preset=\u00a0\u00bbdefault\u00a0\u00bb custom_padding=\u00a0\u00bb|25px||||\u00a0\u00bb global_colors_info=\u00a0\u00bb{}\u00a0\u00bb][et_pb_column type=\u00a0\u00bb1_2&Prime; _builder_version=\u00a0\u00bb4.21.0&Prime; _module_preset=\u00a0\u00bbdefault\u00a0\u00bb global_colors_info=\u00a0\u00bb{}\u00a0\u00bb][et_pb_text _builder_version=\u00a0\u00bb4.27.4&Prime; _module_preset=\u00a0\u00bbdefault\u00a0\u00bb background_color=\u00a0\u00bbRGBA(255,255,255,0)\u00a0\u00bb global_colors_info=\u00a0\u00bb{}\u00a0\u00bb]\n<h2>Se d\u00e9placer en Avant-Pays Savoyard<\/h2>\n<p>Un guide avec toutes les solutions pratiques, \u00e9conomiques, et \u00e9cologiques pour se d\u00e9placer au quotidien en Avant-Pays Savoyard et en direction des agglom\u00e9rations voisines.<\/p>\n[\/et_pb_text][et_pb_image src=\u00a0\u00bbhttps:\/\/www.avant-pays-savoyard.com\/smaps\/wp-content\/uploads\/2020\/06\/Illustration-SMAPS-Guide-Mobilite.png\u00a0\u00bb alt=\u00a0\u00bbAffiche Covoiturage &#8211; SMAPS\u00a0\u00bb title_text=\u00a0\u00bbIllustration SMAPS Guide Mobilite\u00a0\u00bb _builder_version=\u00a0\u00bb4.27.4&Prime; _module_preset=\u00a0\u00bbdefault\u00a0\u00bb custom_padding=\u00a0\u00bb|186px||||\u00a0\u00bb border_width_bottom=\u00a0\u00bb13px\u00a0\u00bb border_color_bottom=\u00a0\u00bb#FFFFFF\u00a0\u00bb global_colors_info=\u00a0\u00bb{}\u00a0\u00bb][\/et_pb_image][et_pb_button button_url=\u00a0\u00bbhttps:\/\/cutt.ly\/Guide-Pratique-SMAPS\u00a0\u00bb button_text=\u00a0\u00bbEn savoir plus\u00a0\u00bb _builder_version=\u00a0\u00bb4.27.4&Prime; _module_preset=\u00a0\u00bbdefault\u00a0\u00bb global_colors_info=\u00a0\u00bb{}\u00a0\u00bb][\/et_pb_button][\/et_pb_column][et_pb_column type=\u00a0\u00bb1_2&Prime; _builder_version=\u00a0\u00bb4.21.0&Prime; _module_preset=\u00a0\u00bbdefault\u00a0\u00bb global_colors_info=\u00a0\u00bb{}\u00a0\u00bb][et_pb_text _builder_version=\u00a0\u00bb4.27.4&Prime; _module_preset=\u00a0\u00bbdefault\u00a0\u00bb global_colors_info=\u00a0\u00bb{}\u00a0\u00bb]\n<h2>Guide pratique R\u00e9flex V\u00e9lo<\/h2>\n<p>Le guide utile pour trouver tous les conseils pratiques et les itin\u00e9raires cyclables s\u00e9curis\u00e9s pour adopter le V\u00e9lo au quotidien en Avant-Pays Savoyard.<\/p>\n[\/et_pb_text][et_pb_image src=\u00a0\u00bbhttps:\/\/www.avant-pays-savoyard.com\/smaps\/wp-content\/uploads\/2020\/06\/Guide-Reflex-Velo.png\u00a0\u00bb alt=\u00a0\u00bbR\u00e9flex V\u00e9lo et si on se d\u00e9pla\u00e7ait autrement en Avant Pays savoyard\u00a0\u00bb title_text=\u00a0\u00bbGuide Reflex Velo\u00a0\u00bb _builder_version=\u00a0\u00bb4.27.4&Prime; _module_preset=\u00a0\u00bbdefault\u00a0\u00bb custom_margin=\u00a0\u00bb|178px||||\u00a0\u00bb border_width_all=\u00a0\u00bb8px\u00a0\u00bb border_color_all=\u00a0\u00bbRGBA(255,255,255,0)\u00a0\u00bb global_colors_info=\u00a0\u00bb{}\u00a0\u00bb][\/et_pb_image][et_pb_button button_url=\u00a0\u00bbhttps:\/\/www.avant-pays-savoyard.com\/smaps\/reflex-velo-un-guide-pratique-pour-le-velo-au-quotidien\/\u00a0\u00bb button_text=\u00a0\u00bbEn savoir plus\u00a0\u00bb _builder_version=\u00a0\u00bb4.27.4&Prime; _module_preset=\u00a0\u00bbdefault\u00a0\u00bb global_colors_info=\u00a0\u00bb{}\u00a0\u00bb][\/et_pb_button][\/et_pb_column][\/et_pb_row][et_pb_row column_structure=\u00a0\u00bb1_2,1_2&Prime; _builder_version=\u00a0\u00bb4.21.0&Prime; _module_preset=\u00a0\u00bbdefault\u00a0\u00bb custom_padding=\u00a0\u00bb|25px||||\u00a0\u00bb global_colors_info=\u00a0\u00bb{}\u00a0\u00bb][et_pb_column type=\u00a0\u00bb1_2&Prime; _builder_version=\u00a0\u00bb4.21.0&Prime; _module_preset=\u00a0\u00bbdefault\u00a0\u00bb global_colors_info=\u00a0\u00bb{}\u00a0\u00bb][et_pb_text _builder_version=\u00a0\u00bb4.27.4&Prime; _module_preset=\u00a0\u00bbdefault\u00a0\u00bb background_color=\u00a0\u00bbRGBA(255,255,255,0)\u00a0\u00bb global_colors_info=\u00a0\u00bb{}\u00a0\u00bb]\n<h2>Jeu Alp&rsquo;Odyssey<\/h2>\n<p>Plongez au c\u0153ur des Alpes, entre France et Italie, et lancez-vous dans une aventure o\u00f9 chaque d\u00e9placement compte !<\/p>\n[\/et_pb_text][et_pb_image src=\u00a0\u00bbhttps:\/\/www.avant-pays-savoyard.com\/smaps\/wp-content\/uploads\/2020\/06\/Capture-decran-2026-01-20-122026.png\u00a0\u00bb alt=\u00a0\u00bbAffiche Covoiturage &#8211; SMAPS\u00a0\u00bb title_text=\u00a0\u00bbCapture d&rsquo;\u00e9cran 2026-01-20 122026&Prime; _builder_version=\u00a0\u00bb4.27.4&Prime; _module_preset=\u00a0\u00bbdefault\u00a0\u00bb custom_padding=\u00a0\u00bb|186px||||\u00a0\u00bb border_width_bottom=\u00a0\u00bb13px\u00a0\u00bb border_color_bottom=\u00a0\u00bb#FFFFFF\u00a0\u00bb global_colors_info=\u00a0\u00bb{}\u00a0\u00bb][\/et_pb_image][et_pb_button button_url=\u00a0\u00bbhttps:\/\/www.avant-pays-savoyard.com\/smaps\/project\/alp-odyssey\u00a0\u00bb button_text=\u00a0\u00bbEn savoir plus\u00a0\u00bb _builder_version=\u00a0\u00bb4.27.4&Prime; _module_preset=\u00a0\u00bbdefault\u00a0\u00bb global_colors_info=\u00a0\u00bb{}\u00a0\u00bb][\/et_pb_button][\/et_pb_column][et_pb_column type=\u00a0\u00bb1_2&Prime; _builder_version=\u00a0\u00bb4.21.0&Prime; _module_preset=\u00a0\u00bbdefault\u00a0\u00bb global_colors_info=\u00a0\u00bb{}\u00a0\u00bb][et_pb_text _builder_version=\u00a0\u00bb4.27.4&Prime; _module_preset=\u00a0\u00bbdefault\u00a0\u00bb global_colors_info=\u00a0\u00bb{}\u00a0\u00bb][\/et_pb_text][\/et_pb_column][\/et_pb_row][\/et_pb_section][et_pb_section fb_built=\u00a0\u00bb1&Prime; _builder_version=\u00a0\u00bb4.21.0&Prime; _module_preset=\u00a0\u00bbdefault\u00a0\u00bb global_colors_info=\u00a0\u00bb{}\u00a0\u00bb][et_pb_row _builder_version=\u00a0\u00bb4.21.0&Prime; _module_preset=\u00a0\u00bbdefault\u00a0\u00bb global_colors_info=\u00a0\u00bb{}\u00a0\u00bb][et_pb_column type=\u00a0\u00bb4_4&Prime; _builder_version=\u00a0\u00bb4.21.0&Prime; _module_preset=\u00a0\u00bbdefault\u00a0\u00bb global_colors_info=\u00a0\u00bb{}\u00a0\u00bb][et_pb_text _builder_version=\u00a0\u00bb4.27.4&Prime; _module_preset=\u00a0\u00bbdefault\u00a0\u00bb global_colors_info=\u00a0\u00bb{}\u00a0\u00bb]\n<h1 style=\"text-align: center;\">Services V\u00e9lo<\/h1>\n[\/et_pb_text][\/et_pb_column][\/et_pb_row][\/et_pb_section][et_pb_section fb_built=\u00a0\u00bb1&Prime; _builder_version=\u00a0\u00bb4.21.0&Prime; _module_preset=\u00a0\u00bbdefault\u00a0\u00bb global_colors_info=\u00a0\u00bb{}\u00a0\u00bb][et_pb_row column_structure=\u00a0\u00bb1_2,1_2&Prime; _builder_version=\u00a0\u00bb4.21.0&Prime; _module_preset=\u00a0\u00bbdefault\u00a0\u00bb custom_padding=\u00a0\u00bb26px|25px||||\u00a0\u00bb global_colors_info=\u00a0\u00bb{}\u00a0\u00bb][et_pb_column type=\u00a0\u00bb1_2&Prime; _builder_version=\u00a0\u00bb4.21.0&Prime; _module_preset=\u00a0\u00bbdefault\u00a0\u00bb global_colors_info=\u00a0\u00bb{}\u00a0\u00bb][et_pb_text _builder_version=\u00a0\u00bb4.27.4&Prime; _module_preset=\u00a0\u00bbdefault\u00a0\u00bb background_color=\u00a0\u00bbRGBA(255,255,255,0)\u00a0\u00bb global_colors_info=\u00a0\u00bb{}\u00a0\u00bb]\n<h2>Stationnements V\u00e9los<\/h2>\n<p>Le territoire propose de nombreuses solutions pour garer votre v\u00e9lo de fa\u00e7on pratique et s\u00e9curis\u00e9e, de mani\u00e8re temporaire (arceaux) ou pour la plus longue dur\u00e9e (consignes et boxs v\u00e9los)<\/p>\n[\/et_pb_text][et_pb_image src=\u00a0\u00bbhttps:\/\/www.avant-pays-savoyard.com\/smaps\/wp-content\/uploads\/2020\/06\/2023_Aire-ecomobilite-Novalaise-1-box-velos-scaled.jpg\u00a0\u00bb alt=\u00a0\u00bbAffiche Covoiturage &#8211; SMAPS\u00a0\u00bb title_text=\u00a0\u00bb2023_Aire ecomobilite Novalaise 1 box velos\u00a0\u00bb _builder_version=\u00a0\u00bb4.27.4&Prime; _module_preset=\u00a0\u00bbdefault\u00a0\u00bb custom_padding=\u00a0\u00bb|186px||||\u00a0\u00bb border_width_bottom=\u00a0\u00bb13px\u00a0\u00bb border_color_bottom=\u00a0\u00bb#FFFFFF\u00a0\u00bb global_colors_info=\u00a0\u00bb{}\u00a0\u00bb][\/et_pb_image][et_pb_button button_url=\u00a0\u00bbhttps:\/\/www.avant-pays-savoyard.com\/smaps\/project\/stationnements-velo\/\u00a0\u00bb button_text=\u00a0\u00bbEn savoir plus\u00a0\u00bb _builder_version=\u00a0\u00bb4.27.4&Prime; _module_preset=\u00a0\u00bbdefault\u00a0\u00bb global_colors_info=\u00a0\u00bb{}\u00a0\u00bb][\/et_pb_button][\/et_pb_column][et_pb_column type=\u00a0\u00bb1_2&Prime; _builder_version=\u00a0\u00bb4.21.0&Prime; _module_preset=\u00a0\u00bbdefault\u00a0\u00bb global_colors_info=\u00a0\u00bb{}\u00a0\u00bb][et_pb_text _builder_version=\u00a0\u00bb4.27.4&Prime; _module_preset=\u00a0\u00bbdefault\u00a0\u00bb global_colors_info=\u00a0\u00bb{}\u00a0\u00bb]\n<h2>Service VAE &#8211; R\u00e9flex V\u00e9lo<\/h2>\n<p>Le Syndicat Mixte de l\u2019Avant-Pays Savoyard innove avec le \u00ab R\u00e9flex V\u00e9lo \u00bb qui permet aux habitants du territoires de tester, gratuitement et pendant 3 mois, des V\u00e9los \u00e0 Assistance \u00c9lectrique (VAE) au quotidien.\u00a0<\/p>\n[\/et_pb_text][et_pb_image src=\u00a0\u00bbhttps:\/\/www.avant-pays-savoyard.com\/smaps\/wp-content\/uploads\/2020\/06\/AFFICHE-A4-Reflex-Velo-2026-Web-scaled.jpg\u00a0\u00bb alt=\u00a0\u00bbR\u00e9flex V\u00e9lo et si on se d\u00e9pla\u00e7ait autrement en Avant Pays savoyard\u00a0\u00bb title_text=\u00a0\u00bbAFFICHE A4 Reflex V\u00e9lo 2026 &#8211; Web\u00a0\u00bb _builder_version=\u00a0\u00bb4.27.4&Prime; _module_preset=\u00a0\u00bbdefault\u00a0\u00bb custom_margin=\u00a0\u00bb|178px||||\u00a0\u00bb border_width_all=\u00a0\u00bb8px\u00a0\u00bb border_color_all=\u00a0\u00bbRGBA(255,255,255,0)\u00a0\u00bb global_colors_info=\u00a0\u00bb{}\u00a0\u00bb][\/et_pb_image][et_pb_button button_url=\u00a0\u00bbhttps:\/\/www.avant-pays-savoyard.com\/smaps\/reflex-velo\/\u00a0\u00bb button_text=\u00a0\u00bbEn savoir plus\u00a0\u00bb _builder_version=\u00a0\u00bb4.21.0&Prime; _module_preset=\u00a0\u00bbdefault\u00a0\u00bb global_colors_info=\u00a0\u00bb{}\u00a0\u00bb][\/et_pb_button][\/et_pb_column][\/et_pb_row][et_pb_row column_structure=\u00a0\u00bb1_2,1_2&Prime; _builder_version=\u00a0\u00bb4.21.0&Prime; _module_preset=\u00a0\u00bbdefault\u00a0\u00bb custom_padding=\u00a0\u00bb|25px||||\u00a0\u00bb global_colors_info=\u00a0\u00bb{}\u00a0\u00bb][et_pb_column type=\u00a0\u00bb1_2&Prime; _builder_version=\u00a0\u00bb4.21.0&Prime; _module_preset=\u00a0\u00bbdefault\u00a0\u00bb global_colors_info=\u00a0\u00bb{}\u00a0\u00bb][et_pb_text _builder_version=\u00a0\u00bb4.27.4&Prime; _module_preset=\u00a0\u00bbdefault\u00a0\u00bb background_color=\u00a0\u00bbRGBA(255,255,255,0)\u00a0\u00bb global_colors_info=\u00a0\u00bb{}\u00a0\u00bb]\n<h2>Entretenir et R\u00e9parer son V\u00e9lo<\/h2>\n<p>De nombreux professionnels et b\u00e9n\u00e9voles associatifs peuvent vous aider dans l&rsquo;entretien et la r\u00e9paration de votre V\u00e9lo ou VAE<\/p>\n[\/et_pb_text][et_pb_image src=\u00a0\u00bbhttps:\/\/www.avant-pays-savoyard.com\/smaps\/wp-content\/uploads\/2020\/06\/REPARER-VELO_credit-SMAPS-scaled.jpg\u00a0\u00bb alt=\u00a0\u00bbAffiche Covoiturage &#8211; SMAPS\u00a0\u00bb title_text=\u00a0\u00bbOLYMPUS DIGITAL CAMERA\u00a0\u00bb _builder_version=\u00a0\u00bb4.27.4&Prime; _module_preset=\u00a0\u00bbdefault\u00a0\u00bb custom_padding=\u00a0\u00bb|186px||||\u00a0\u00bb border_width_bottom=\u00a0\u00bb13px\u00a0\u00bb border_color_bottom=\u00a0\u00bb#FFFFFF\u00a0\u00bb global_colors_info=\u00a0\u00bb{}\u00a0\u00bb][\/et_pb_image][et_pb_button button_url=\u00a0\u00bbhttps:\/\/www.avant-pays-savoyard.com\/smaps\/wp-content\/uploads\/2024\/06\/GABARIT-DEPLIAN-REFLEX-VELO_recto-verso-VERSION-FINALE.pdf\u00a0\u00bb button_text=\u00a0\u00bbEn savoir plus\u00a0\u00bb _builder_version=\u00a0\u00bb4.27.4&Prime; _module_preset=\u00a0\u00bbdefault\u00a0\u00bb global_colors_info=\u00a0\u00bb{}\u00a0\u00bb][\/et_pb_button][\/et_pb_column][et_pb_column type=\u00a0\u00bb1_2&Prime; _builder_version=\u00a0\u00bb4.21.0&Prime; _module_preset=\u00a0\u00bbdefault\u00a0\u00bb global_colors_info=\u00a0\u00bb{}\u00a0\u00bb][et_pb_text _builder_version=\u00a0\u00bb4.27.4&Prime; _module_preset=\u00a0\u00bbdefault\u00a0\u00bb background_color=\u00a0\u00bbRGBA(255,255,255,0)\u00a0\u00bb global_colors_info=\u00a0\u00bb{}\u00a0\u00bb]\n<h2>Louer un V\u00e9lo ou VAE<\/h2>\n<p>Plusieurs v\u00e9locistes locaux vous proposent des V\u00e9los et VAE \u00e0 la location pour des courtes dur\u00e9es au plus pr\u00e8s de chez vous.<\/p>\n[\/et_pb_text][et_pb_image src=\u00a0\u00bbhttps:\/\/www.avant-pays-savoyard.com\/smaps\/wp-content\/uploads\/2020\/06\/ReflexVelo@AnneBouillot-22_SMAPS-scaled.jpg\u00a0\u00bb alt=\u00a0\u00bbAffiche Covoiturage &#8211; SMAPS\u00a0\u00bb title_text=\u00a0\u00bbReflexVelo@AnneBouillot-22_SMAPS\u00a0\u00bb _builder_version=\u00a0\u00bb4.27.4&Prime; _module_preset=\u00a0\u00bbdefault\u00a0\u00bb custom_padding=\u00a0\u00bb|186px||||\u00a0\u00bb border_width_bottom=\u00a0\u00bb13px\u00a0\u00bb border_color_bottom=\u00a0\u00bb#FFFFFF\u00a0\u00bb global_colors_info=\u00a0\u00bb{}\u00a0\u00bb][\/et_pb_image][et_pb_button button_url=\u00a0\u00bbhttps:\/\/www.avant-pays-savoyard.com\/smaps\/wp-content\/uploads\/2024\/06\/GABARIT-DEPLIAN-REFLEX-VELO_recto-verso-VERSION-FINALE.pdf\u00a0\u00bb button_text=\u00a0\u00bbEn savoir plus\u00a0\u00bb _builder_version=\u00a0\u00bb4.27.4&Prime; _module_preset=\u00a0\u00bbdefault\u00a0\u00bb global_colors_info=\u00a0\u00bb{}\u00a0\u00bb][\/et_pb_button][\/et_pb_column][\/et_pb_row][et_pb_row column_structure=\u00a0\u00bb1_2,1_2&Prime; _builder_version=\u00a0\u00bb4.21.0&Prime; _module_preset=\u00a0\u00bbdefault\u00a0\u00bb custom_padding=\u00a0\u00bb|25px||||\u00a0\u00bb global_colors_info=\u00a0\u00bb{}\u00a0\u00bb][et_pb_column type=\u00a0\u00bb1_2&Prime; _builder_version=\u00a0\u00bb4.21.0&Prime; _module_preset=\u00a0\u00bbdefault\u00a0\u00bb global_colors_info=\u00a0\u00bb{}\u00a0\u00bb][et_pb_text _builder_version=\u00a0\u00bb4.27.4&Prime; _module_preset=\u00a0\u00bbdefault\u00a0\u00bb global_colors_info=\u00a0\u00bb{}\u00a0\u00bb]\n<h2>Animations V\u00e9lo<\/h2>\n<p>Un programme annuel d\u2019animations pour apprendre le V\u00e9lo, reprendre confiance et se mettre ou se remettre en selle, aussi bien que pour v\u00e9rifier l\u2019\u00e9tat de son biclou et apprendre \u00e0 l\u2019entretenir. Des animations gratuites et pour tous, sur inscription, et au plus pr\u00e8s de chez vous en Avant-Pays Savoyard. Inscription pr\u00e9alable conseill\u00e9e.<\/p>\n[\/et_pb_text][et_pb_image src=\u00a0\u00bbhttps:\/\/www.avant-pays-savoyard.com\/smaps\/wp-content\/uploads\/2020\/06\/Image-animation-reflex-velo-2026.png\u00a0\u00bb title_text=\u00a0\u00bbImage animation reflex velo 2026&Prime; _builder_version=\u00a0\u00bb4.27.4&Prime; _module_preset=\u00a0\u00bbdefault\u00a0\u00bb max_width=\u00a0\u00bb65%\u00a0\u00bb hover_enabled=\u00a0\u00bb0&Prime; global_colors_info=\u00a0\u00bb{}\u00a0\u00bb sticky_enabled=\u00a0\u00bb0&Prime;][\/et_pb_image][et_pb_button button_url=\u00a0\u00bbhttps:\/\/www.avant-pays-savoyard.com\/smaps\/project\/animations-velo\/\u00a0\u00bb button_text=\u00a0\u00bbEn Savoir plus\u00a0\u00bb button_alignment=\u00a0\u00bbleft\u00a0\u00bb _builder_version=\u00a0\u00bb4.27.4&Prime; _module_preset=\u00a0\u00bbdefault\u00a0\u00bb global_colors_info=\u00a0\u00bb{}\u00a0\u00bb][\/et_pb_button][\/et_pb_column][et_pb_column type=\u00a0\u00bb1_2&Prime; _builder_version=\u00a0\u00bb4.21.0&Prime; _module_preset=\u00a0\u00bbdefault\u00a0\u00bb global_colors_info=\u00a0\u00bb{}\u00a0\u00bb][et_pb_text _builder_version=\u00a0\u00bb4.27.4&Prime; _module_preset=\u00a0\u00bbdefault\u00a0\u00bb global_colors_info=\u00a0\u00bb{}\u00a0\u00bb]\n<h2>Dispositif R\u00e9flex V\u00e9li<\/h2>\n<p>Un exp\u00e9rimentation men\u00e9e en 2025 (close) qui a permis \u00e0 des habitants volontaires de tester, gratuitement et pendant 1 mois renouvelable, des V\u00e9hicules L\u00e9gers Interm\u00e9diaires (VELI), entre le v\u00e9lo et la voiture au quotidien.\u00a0<\/p>\n[\/et_pb_text][et_pb_image src=\u00a0\u00bbhttps:\/\/www.avant-pays-savoyard.com\/smaps\/wp-content\/uploads\/2020\/06\/Affiche-Reflex-Veli-A4-1.jpg\u00a0\u00bb alt=\u00a0\u00bbR\u00e9flex V\u00e9lo et si on se d\u00e9pla\u00e7ait autrement en Avant Pays savoyard\u00a0\u00bb title_text=\u00a0\u00bbAffiche Reflex V\u00e9li A4&Prime; _builder_version=\u00a0\u00bb4.27.4&Prime; _module_preset=\u00a0\u00bbdefault\u00a0\u00bb max_width=\u00a0\u00bb70%\u00a0\u00bb custom_margin=\u00a0\u00bb|178px||||\u00a0\u00bb border_width_all=\u00a0\u00bb8px\u00a0\u00bb border_color_all=\u00a0\u00bbRGBA(255,255,255,0)\u00a0\u00bb global_colors_info=\u00a0\u00bb{}\u00a0\u00bb][\/et_pb_image][et_pb_button button_url=\u00a0\u00bbhttps:\/\/www.avant-pays-savoyard.com\/smaps\/reflex-veli-avant-pays-savoyard\/\u00a0\u00bb button_text=\u00a0\u00bbEn savoir plus\u00a0\u00bb _builder_version=\u00a0\u00bb4.27.4&Prime; _module_preset=\u00a0\u00bbdefault\u00a0\u00bb global_colors_info=\u00a0\u00bb{}\u00a0\u00bb][\/et_pb_button][\/et_pb_column][\/et_pb_row][\/et_pb_section][et_pb_section fb_built=\u00a0\u00bb1&Prime; _builder_version=\u00a0\u00bb4.21.0&Prime; _module_preset=\u00a0\u00bbdefault\u00a0\u00bb global_colors_info=\u00a0\u00bb{}\u00a0\u00bb][et_pb_row _builder_version=\u00a0\u00bb4.21.0&Prime; _module_preset=\u00a0\u00bbdefault\u00a0\u00bb global_colors_info=\u00a0\u00bb{}\u00a0\u00bb][et_pb_column type=\u00a0\u00bb4_4&Prime; _builder_version=\u00a0\u00bb4.21.0&Prime; _module_preset=\u00a0\u00bbdefault\u00a0\u00bb global_colors_info=\u00a0\u00bb{}\u00a0\u00bb][et_pb_text _builder_version=\u00a0\u00bb4.27.4&Prime; _module_preset=\u00a0\u00bbdefault\u00a0\u00bb global_colors_info=\u00a0\u00bb{}\u00a0\u00bb]\n<h1 style=\"text-align: center;\">Covoiturage<\/h1>\n[\/et_pb_text][\/et_pb_column][\/et_pb_row][\/et_pb_section][et_pb_section fb_built=\u00a0\u00bb1&Prime; _builder_version=\u00a0\u00bb4.21.0&Prime; _module_preset=\u00a0\u00bbdefault\u00a0\u00bb global_colors_info=\u00a0\u00bb{}\u00a0\u00bb][et_pb_row column_structure=\u00a0\u00bb1_2,1_2&Prime; _builder_version=\u00a0\u00bb4.21.0&Prime; _module_preset=\u00a0\u00bbdefault\u00a0\u00bb custom_padding=\u00a0\u00bb|25px||||\u00a0\u00bb global_colors_info=\u00a0\u00bb{}\u00a0\u00bb][et_pb_column type=\u00a0\u00bb1_2&Prime; _builder_version=\u00a0\u00bb4.21.0&Prime; _module_preset=\u00a0\u00bbdefault\u00a0\u00bb global_colors_info=\u00a0\u00bb{}\u00a0\u00bb][et_pb_text _builder_version=\u00a0\u00bb4.27.4&Prime; _module_preset=\u00a0\u00bbdefault\u00a0\u00bb background_color=\u00a0\u00bbRGBA(255,255,255,0)\u00a0\u00bb global_colors_info=\u00a0\u00bb{}\u00a0\u00bb]\n<h2>Applications de covoiturage au quotidien<\/h2>\n<p>Le covoiturage c&rsquo;est \u00e9conomique et pratique ! Rencontrez facilement vos covoitureurs proches de chez vous en utilisant des applis de covoiturage disponibles en Savoie.<\/p>\n<p>&nbsp;<\/p>\n[\/et_pb_text][et_pb_image src=\u00a0\u00bbhttps:\/\/www.avant-pays-savoyard.com\/smaps\/wp-content\/uploads\/2023\/09\/Flyer-A5.V3_Page_3-scaled.jpg\u00a0\u00bb alt=\u00a0\u00bbAffiche Covoiturage &#8211; SMAPS\u00a0\u00bb title_text=\u00a0\u00bbAffiche Covoiturage &#8211; SMAPS\u00a0\u00bb _builder_version=\u00a0\u00bb4.21.0&Prime; _module_preset=\u00a0\u00bbdefault\u00a0\u00bb custom_padding=\u00a0\u00bb|186px||||\u00a0\u00bb border_width_bottom=\u00a0\u00bb13px\u00a0\u00bb border_color_bottom=\u00a0\u00bb#FFFFFF\u00a0\u00bb global_colors_info=\u00a0\u00bb{}\u00a0\u00bb][\/et_pb_image][et_pb_button button_url=\u00a0\u00bbhttps:\/\/www.avant-pays-savoyard.com\/smaps\/project\/covoiturage\/\u00a0\u00bb button_text=\u00a0\u00bbEn savoir plus\u00a0\u00bb _builder_version=\u00a0\u00bb4.27.4&Prime; _module_preset=\u00a0\u00bbdefault\u00a0\u00bb global_colors_info=\u00a0\u00bb{}\u00a0\u00bb][\/et_pb_button][\/et_pb_column][et_pb_column type=\u00a0\u00bb1_2&Prime; _builder_version=\u00a0\u00bb4.21.0&Prime; _module_preset=\u00a0\u00bbdefault\u00a0\u00bb global_colors_info=\u00a0\u00bb{}\u00a0\u00bb][et_pb_text _builder_version=\u00a0\u00bb4.27.4&Prime; _module_preset=\u00a0\u00bbdefault\u00a0\u00bb global_colors_info=\u00a0\u00bb{}\u00a0\u00bb]\n<h2>Aires de covoiturage<\/h2>\n<p>Le territoire propose plusieurs aires de covoiturage qui permettent de stationner votre v\u00e9hicule pour une courte ou moyenne dur\u00e9e, et de faciliter et s\u00e9curiser votre rencontre avec des covoitureurs conducteurs ou passagers.<\/p>\n<p>&nbsp;<\/p>\n[\/et_pb_text][et_pb_image src=\u00a0\u00bbhttps:\/\/www.avant-pays-savoyard.com\/smaps\/wp-content\/uploads\/2020\/06\/Aire-covoiturage-Nances_credit-SMAPS-1.png\u00a0\u00bb alt=\u00a0\u00bbR\u00e9flex V\u00e9lo et si on se d\u00e9pla\u00e7ait autrement en Avant Pays savoyard\u00a0\u00bb title_text=\u00a0\u00bbAire covoiturage Nances_credit SMAPS\u00a0\u00bb _builder_version=\u00a0\u00bb4.27.4&Prime; _module_preset=\u00a0\u00bbdefault\u00a0\u00bb custom_margin=\u00a0\u00bb|178px||||\u00a0\u00bb border_width_all=\u00a0\u00bb8px\u00a0\u00bb border_color_all=\u00a0\u00bbRGBA(255,255,255,0)\u00a0\u00bb global_colors_info=\u00a0\u00bb{}\u00a0\u00bb][\/et_pb_image][et_pb_button button_url=\u00a0\u00bbhttps:\/\/www.avant-pays-savoyard.com\/smaps\/project\/aires-covoiturage\/\u00a0\u00bb button_text=\u00a0\u00bbEn savoir plus\u00a0\u00bb _builder_version=\u00a0\u00bb4.27.4&Prime; _module_preset=\u00a0\u00bbdefault\u00a0\u00bb global_colors_info=\u00a0\u00bb{}\u00a0\u00bb][\/et_pb_button][\/et_pb_column][\/et_pb_row][\/et_pb_section][et_pb_section fb_built=\u00a0\u00bb1&Prime; _builder_version=\u00a0\u00bb4.21.0&Prime; _module_preset=\u00a0\u00bbdefault\u00a0\u00bb global_colors_info=\u00a0\u00bb{}\u00a0\u00bb][et_pb_row _builder_version=\u00a0\u00bb4.21.0&Prime; _module_preset=\u00a0\u00bbdefault\u00a0\u00bb global_colors_info=\u00a0\u00bb{}\u00a0\u00bb][et_pb_column type=\u00a0\u00bb4_4&Prime; _builder_version=\u00a0\u00bb4.21.0&Prime; _module_preset=\u00a0\u00bbdefault\u00a0\u00bb global_colors_info=\u00a0\u00bb{}\u00a0\u00bb][et_pb_text _builder_version=\u00a0\u00bb4.27.4&Prime; _module_preset=\u00a0\u00bbdefault\u00a0\u00bb global_colors_info=\u00a0\u00bb{}\u00a0\u00bb]\n<h1 style=\"text-align: center;\">Transports collectifs<\/h1>\n[\/et_pb_text][\/et_pb_column][\/et_pb_row][\/et_pb_section][et_pb_section fb_built=\u00a0\u00bb1&Prime; _builder_version=\u00a0\u00bb4.21.0&Prime; _module_preset=\u00a0\u00bbdefault\u00a0\u00bb global_colors_info=\u00a0\u00bb{}\u00a0\u00bb][et_pb_row column_structure=\u00a0\u00bb1_2,1_2&Prime; _builder_version=\u00a0\u00bb4.21.0&Prime; _module_preset=\u00a0\u00bbdefault\u00a0\u00bb custom_padding=\u00a0\u00bb|25px||||\u00a0\u00bb global_colors_info=\u00a0\u00bb{}\u00a0\u00bb][et_pb_column type=\u00a0\u00bb1_2&Prime; _builder_version=\u00a0\u00bb4.21.0&Prime; _module_preset=\u00a0\u00bbdefault\u00a0\u00bb global_colors_info=\u00a0\u00bb{}\u00a0\u00bb][et_pb_text _builder_version=\u00a0\u00bb4.27.4&Prime; _module_preset=\u00a0\u00bbdefault\u00a0\u00bb background_color=\u00a0\u00bbRGBA(255,255,255,0)\u00a0\u00bb global_colors_info=\u00a0\u00bb{}\u00a0\u00bb]\n<h2>Train<\/h2>\n<p>Le territoire est desservi par la ligne Saint-Andr\u00e9-le-Gaz &lt;&gt; Chamb\u00e9ry avec la desserte de 4 gares locales : Aiguebelette-le-Lac, Saint-B\u00e9ron, L\u00e9pin-le-Lac et Pont-de-Beauvoisin (Is\u00e8re), avec une desserte \u00e0 l&rsquo;heure en heures de pointe. Des Cars SNCF compl\u00e8tent cette offre.<\/p>\n<p>&nbsp;<\/p>\n[\/et_pb_text][et_pb_image src=\u00a0\u00bbhttps:\/\/www.avant-pays-savoyard.com\/smaps\/wp-content\/uploads\/2020\/06\/TRAIN-SNCF-Region-AURA-credit-Region-AURA.jpg\u00a0\u00bb alt=\u00a0\u00bbAffiche Covoiturage &#8211; SMAPS\u00a0\u00bb title_text=\u00a0\u00bbTRAIN SNCF Region AURA credit Region AURA\u00a0\u00bb _builder_version=\u00a0\u00bb4.27.4&Prime; _module_preset=\u00a0\u00bbdefault\u00a0\u00bb custom_padding=\u00a0\u00bb|186px||||\u00a0\u00bb border_width_bottom=\u00a0\u00bb13px\u00a0\u00bb border_color_bottom=\u00a0\u00bb#FFFFFF\u00a0\u00bb global_colors_info=\u00a0\u00bb{}\u00a0\u00bb][\/et_pb_image][et_pb_button button_url=\u00a0\u00bbhttps:\/\/www.ter.sncf.com\/auvergne-rhone-alpes\u00a0\u00bb button_text=\u00a0\u00bbHoraires et r\u00e9servation\u00a0\u00bb _builder_version=\u00a0\u00bb4.27.4&Prime; _module_preset=\u00a0\u00bbdefault\u00a0\u00bb global_colors_info=\u00a0\u00bb{}\u00a0\u00bb][\/et_pb_button][\/et_pb_column][et_pb_column type=\u00a0\u00bb1_2&Prime; _builder_version=\u00a0\u00bb4.21.0&Prime; _module_preset=\u00a0\u00bbdefault\u00a0\u00bb global_colors_info=\u00a0\u00bb{}\u00a0\u00bb][et_pb_text _builder_version=\u00a0\u00bb4.27.4&Prime; _module_preset=\u00a0\u00bbdefault\u00a0\u00bb global_colors_info=\u00a0\u00bb{}\u00a0\u00bb]\n<h2>Cars interurbains<\/h2>\n<p>Les Cars R\u00e9gion Auvergne-Rh\u00f4ne-Alpes desservent le territoire sur trois lignes : S01 reliant Saint-Alban de Montbel \u00e0 Chamb\u00e9ry, S02 reliant Yenne \u00e0 Chamb\u00e9ry et S07 Saint-Genix les Villages \u00e0 Chamb\u00e9ry.<\/p>\n<p>&nbsp;<\/p>\n[\/et_pb_text][et_pb_image src=\u00a0\u00bbhttps:\/\/www.avant-pays-savoyard.com\/smaps\/wp-content\/uploads\/2020\/06\/CAR-REGION-SAVOIE-credit-SMAPS-scaled.jpg\u00a0\u00bb alt=\u00a0\u00bbR\u00e9flex V\u00e9lo et si on se d\u00e9pla\u00e7ait autrement en Avant Pays savoyard\u00a0\u00bb title_text=\u00a0\u00bbCAR REGION SAVOIE-credit SMAPS\u00a0\u00bb _builder_version=\u00a0\u00bb4.27.4&Prime; _module_preset=\u00a0\u00bbdefault\u00a0\u00bb custom_margin=\u00a0\u00bb|178px||||\u00a0\u00bb border_width_all=\u00a0\u00bb8px\u00a0\u00bb border_color_all=\u00a0\u00bbRGBA(255,255,255,0)\u00a0\u00bb global_colors_info=\u00a0\u00bb{}\u00a0\u00bb][\/et_pb_image][et_pb_button button_url=\u00a0\u00bbhttps:\/\/www.cars-region-savoie.fr\/\u00a0\u00bb button_text=\u00a0\u00bbHoraires et r\u00e9servation\u00a0\u00bb _builder_version=\u00a0\u00bb4.27.4&Prime; _module_preset=\u00a0\u00bbdefault\u00a0\u00bb global_colors_info=\u00a0\u00bb{}\u00a0\u00bb][\/et_pb_button][\/et_pb_column][\/et_pb_row][\/et_pb_section][et_pb_section fb_built=\u00a0\u00bb1&Prime; _builder_version=\u00a0\u00bb4.21.0&Prime; _module_preset=\u00a0\u00bbdefault\u00a0\u00bb global_colors_info=\u00a0\u00bb{}\u00a0\u00bb][et_pb_row _builder_version=\u00a0\u00bb4.16&Prime; custom_margin=\u00a0\u00bb0px||0px||false|false\u00a0\u00bb custom_padding=\u00a0\u00bb0px||0px||false|false\u00a0\u00bb global_colors_info=\u00a0\u00bb{}\u00a0\u00bb][et_pb_column type=\u00a0\u00bb4_4&Prime; _builder_version=\u00a0\u00bb4.16&Prime; global_colors_info=\u00a0\u00bb{}\u00a0\u00bb][et_pb_text _builder_version=\u00a0\u00bb4.21.0&Prime; text_font=\u00a0\u00bbInter|700|||||||\u00a0\u00bb text_text_color=\u00a0\u00bb#010101&Prime; text_font_size=\u00a0\u00bb33px\u00a0\u00bb custom_margin=\u00a0\u00bb4px||0px||false|false\u00a0\u00bb custom_padding=\u00a0\u00bb0px||0px||false|false\u00a0\u00bb global_colors_info=\u00a0\u00bb{}\u00a0\u00bb]\n<p style=\"text-align: center;\">Nos missions Mobilit\u00e9<\/p>\n[\/et_pb_text][\/et_pb_column][\/et_pb_row][\/et_pb_section][et_pb_section fb_built=\u00a0\u00bb1&Prime; custom_padding_last_edited=\u00a0\u00bbon|phone\u00a0\u00bb _builder_version=\u00a0\u00bb4.16&Prime; background_color=\u00a0\u00bb#FBFDFE\u00a0\u00bb custom_margin_tablet=\u00a0\u00bb-1px||-1px||true|false\u00a0\u00bb custom_margin_phone=\u00a0\u00bb\u00a0\u00bb custom_margin_last_edited=\u00a0\u00bbon|tablet\u00a0\u00bb custom_padding_tablet=\u00a0\u00bb9px||9px||true|false\u00a0\u00bb custom_padding_phone=\u00a0\u00bb\u00a0\u00bb global_colors_info=\u00a0\u00bb{}\u00a0\u00bb][et_pb_row _builder_version=\u00a0\u00bb4.16&Prime; custom_margin=\u00a0\u00bb0px||0px||false|false\u00a0\u00bb custom_padding=\u00a0\u00bb0px||0px||false|false\u00a0\u00bb global_colors_info=\u00a0\u00bb{}\u00a0\u00bb][et_pb_column type=\u00a0\u00bb4_4&Prime; _builder_version=\u00a0\u00bb4.16&Prime; global_colors_info=\u00a0\u00bb{}\u00a0\u00bb][et_pb_text _builder_version=\u00a0\u00bb4.21.0&Prime; text_text_color=\u00a0\u00bb#55b192&Prime; text_font_size=\u00a0\u00bb18px\u00a0\u00bb custom_margin=\u00a0\u00bb0px|||0px|false|false\u00a0\u00bb global_colors_info=\u00a0\u00bb{}\u00a0\u00bb]\n<h2 style=\"text-align: center;\">Repenser et organiser une offre de mobilit\u00e9 durable en Avant-Pays Savoyard<\/h2>\n[\/et_pb_text][\/et_pb_column][\/et_pb_row][\/et_pb_section][et_pb_section fb_built=\u00a0\u00bb1&Prime; _builder_version=\u00a0\u00bb4.21.0&Prime; _module_preset=\u00a0\u00bbdefault\u00a0\u00bb global_colors_info=\u00a0\u00bb{}\u00a0\u00bb][et_pb_row _builder_version=\u00a0\u00bb4.16&Prime; min_height=\u00a0\u00bb424px\u00a0\u00bb custom_padding=\u00a0\u00bb||39px|||\u00a0\u00bb global_colors_info=\u00a0\u00bb{}\u00a0\u00bb][et_pb_column type=\u00a0\u00bb4_4&Prime; _builder_version=\u00a0\u00bb4.16&Prime; global_colors_info=\u00a0\u00bb{}\u00a0\u00bb][et_pb_text _builder_version=\u00a0\u00bb4.27.4&Prime; text_font=\u00a0\u00bbInter||||||||\u00a0\u00bb custom_margin=\u00a0\u00bb0px||0px||true|false\u00a0\u00bb custom_padding=\u00a0\u00bb0px||0px||false|false\u00a0\u00bb global_colors_info=\u00a0\u00bb{}\u00a0\u00bb]\n<h3>Coordination du d\u00e9ploiement du Sch\u00e9ma Directeur cyclable\u00a0<\/h3>\n<p>Le <a href=\"https:\/\/www.avant-pays-savoyard.com\/smaps\/wp-content\/uploads\/2022\/12\/Schema-Directeur-Cyclable-APS.pdf\" target=\"_blank\" rel=\"noopener\">Sch\u00e9ma Directeur Cyclable<\/a> du territoire de l&rsquo;Avant-Pays Savoyard a \u00e9t\u00e9 valid\u00e9 en 2022. Il constitue la feuille de route pour structurer, d\u00e9finir et planifier les am\u00e9nagements cyclables en vue de favoriser la pratique du v\u00e9lo (dont le v\u00e9lo \u00e0 assistance \u00e9lectrique) au quotidien.<\/p>\n<h3>D\u00e9veloppement de la politique cyclable sous tous ses aspects<\/h3>\n<p>L&rsquo;Avant-Pays Savoyard est laur\u00e9at du programme <a href=\"https:\/\/www.avant-pays-savoyard.com\/smaps\/wp-content\/uploads\/2022\/12\/Candidature-AVELO2-APS.pdf\" target=\"_blank\" rel=\"noopener\">AVELO2<\/a> (2022-2024) : ce dispositif port\u00e9 par l&rsquo;ADEME permet de d\u00e9velopper la mobilit\u00e9 cyclable pour les trajets du quotidien. Il int\u00e8gre la <strong>r\u00e9alisation d&rsquo;\u00e9tudes d&rsquo;am\u00e9nagements<\/strong> cyclables, la r\u00e9alisation de plans de mobilit\u00e9 des bourgs centres (Pont-de-Beauvoisin, Yenne, Novalaise, Saint-Genix sur Guiers), la cr\u00e9ation d&rsquo;un service de mise \u00e0 disposition de V\u00e9los Assistance \u00c9lectrique, et enfin le d\u00e9veloppement d&rsquo;une culture v\u00e9lo, avec l&rsquo;organisation de nombreuses animations pour <strong>favoriser la pratique du v\u00e9lo au quotidien<\/strong> pour tous les publics (D\u00e9fi des \u00e9coliers, F\u00eate \u00e9comobilit\u00e9, balades d\u00e9couvertes\u00a0 v\u00e9lo-seniors&#8230;)<\/p>\n<h3>D\u00e9ploiement de la Strat\u00e9gie D\u00e9veloppement du covoiturage<\/h3>\n<p>Lanc\u00e9 en 2022, un groupe de travail covoiturage a \u00e9t\u00e9 constitu\u00e9, afin de d\u00e9finir une politique ambitieuse en la mati\u00e8re. Elle se d\u00e9roule aujourd&rsquo;hui en trois grands champs :<br \/>1 &#8211; favoriser <strong>l&rsquo;identification, le maillage et l&rsquo;am\u00e9nagement d&rsquo;aires de covoiturage<\/strong> sur tout le territoire en consid\u00e9ration des enjeux prioritaires de r\u00e9duire les flux de trajets pendulaires domicile-travail vers les agglom\u00e9rations<br \/>2 &#8211; <strong>d\u00e9velopper une politique incitative ambitieuse<\/strong> par la mise en place d&rsquo;une plateforme de mise en relation privil\u00e9gi\u00e9e et par des gratifications financi\u00e8res aux covoitureurs.<br \/>3 &#8211; <strong>\u00e9tudier les besoins et les opportunit\u00e9s pour la mise en \u0153uvre d&rsquo;autres services<\/strong> en faveur du covoiturage (exemples : autostop organis\u00e9, lignes de covoiturage)<\/p>\n<h3>Coordination du projet ALCOTRA-AMICI \u00a0\u00bb Actions de Mobilit\u00e9s Coop\u00e9ratives, Innovantes et Int\u00e9gr\u00e9es\u00a0\u00bb<\/h3>\n<p><a href=\"https:\/\/www.avant-pays-savoyard.com\/smaps\/project\/amici\/\"><strong>AMICI<\/strong><\/a> est un programme de coop\u00e9ration europ\u00e9enne qui compte sur le soutien de l&rsquo;Union europ\u00e9enne \u00e0 travers son programme <a href=\"https:\/\/www.interreg-alcotra.eu\/fr\">Alcotra 2021-2027<\/a>. Il vise \u00e0 promouvoir le d\u00e9veloppement en partenariat (avec la Ville m\u00e9tropolitaine de Turin, l&rsquo;Union des Montagnes de Val de Suse et l&rsquo;agglom\u00e9ration d&rsquo;Arlys\u00e8re) de mesures en faveur d&rsquo;une mobilit\u00e9 urbaine et p\u00e9riurbaine durable, pour les personnes et les marchandises. Il comprend un volet de en sensibilisant les diff\u00e9rents acteurs sociaux \u00e0 l&rsquo;impact de la mobilit\u00e9 automobile sur l&#8217;empreinte carbone et de soutien aux alternatives au transport individuel et en multimodalit\u00e9.<\/p>\n<p><img loading=\"lazy\" decoding=\"async\" class=\"wp-image-6315 alignnone\" src=\"https:\/\/www.avant-pays-savoyard.com\/smaps\/wp-content\/uploads\/2024\/04\/logo_amici_alcotra_colore_sfondo-trasparente.png\" alt=\"\" width=\"171\" height=\"94\" srcset=\"https:\/\/www.avant-pays-savoyard.com\/smaps\/wp-content\/uploads\/2024\/04\/logo_amici_alcotra_colore_sfondo-trasparente-1280x703.png 1280w, https:\/\/www.avant-pays-savoyard.com\/smaps\/wp-content\/uploads\/2024\/04\/logo_amici_alcotra_colore_sfondo-trasparente-980x538.png 980w, https:\/\/www.avant-pays-savoyard.com\/smaps\/wp-content\/uploads\/2024\/04\/logo_amici_alcotra_colore_sfondo-trasparente-480x264.png 480w\" sizes=\"(min-width: 0px) and (max-width: 480px) 480px, (min-width: 481px) and (max-width: 980px) 980px, (min-width: 981px) and (max-width: 1280px) 1280px, 100vw\" \/><\/p>\n<h3>Prospection et d\u00e9veloppement de services mobilit\u00e9<\/h3>\n<p>Le Syndicat Mixte de l&rsquo;Avant-Pays Savoyard m\u00e8ne enfin un travail continu et de terrain en lien avec les communes et intercommunalit\u00e9s pour : <strong>f\u00e9d\u00e9rer la dynamique des acteurs<\/strong> sur le sujet de la mobilit\u00e9 ; dynamiser des partenariats ; et <strong>favoriser le d\u00e9ploiement de nouveaux projets et dispositifs en concertation<\/strong> (mobilit\u00e9 partag\u00e9e, solidaire, active ou inclusive).<\/p>\n<h3>Structuration de la politique publique de la Mobilit\u00e9 et des Transports<\/h3>\n<p>Le Syndicat Mixte accompagne la structuration d&rsquo;une politique locale en faveur des mobilit\u00e9s durables. En tant que chef de file d\u00e9l\u00e9gu\u00e9 par les trois intercommunalit\u00e9s sur tous les sujets d&rsquo;\u00e9comobilt\u00e9, le SMAPS a trouv\u00e9 sa place dans la coordination du projet de<a href=\"https:\/\/www.societedesgrandsprojets.fr\/serm-grande-aire-urbaine-chambery-metropole-savoie-avant-pays-savoyard\"> Service express R\u00e9gional M\u00e9tropolitain<\/a>. Ce projet en phase de pr\u00e9figuration est port\u00e9 conjointement par l\u2019\u00c9tat, la R\u00e9gion, le D\u00e9partement, Grand Chamb\u00e9ry, Grand Lac, C\u0153ur de Savoie, SNCF R\u00e9seau SNCF Gare et Connexion, la Soci\u00e9t\u00e9 des Grands projets, le SYMOS et le SMAPS. La mission de pr\u00e9figuration d\u00e9marr\u00e9e en 2025 doit permettre d&rsquo;aboutir au d\u00e9ploiement d&rsquo;une offre de transports multimodales de services pour\u00a0am\u00e9liorer les d\u00e9placements quotidiens des habitants sur le territoire et proposer une solution alternative \u00e0 la voiture, qui reste le mode de transport le plus utilis\u00e9. Dans son intention initial, le projet vise \u00e0 d\u00e9velopper l\u2019offre de services au quart d\u2019heure sur l\u2019axe ferroviaire Aix-les-Bains \u2013 Chamb\u00e9ry \u2013 Montm\u00e9lian et \u00e0 am\u00e9nager quatre nouvelles haltes ferroviaires \u00e0 Voglans, Chignin, Sainte-H\u00e9l\u00e8ne-du-Lac et Cognin. Les \u00e9tudes port\u00e9es cette ann\u00e9e envisagent le d\u00e9ploiement plus largement d&rsquo;une offre compl\u00e8te en mati\u00e8re d\u2019intermodalit\u00e9, avec l&rsquo;am\u00e9nagement de p\u00f4les d\u2019\u00e9changes multimodaux au niveau des gares ferroviaires p\u00e9ri-urbaines et des p\u00f4les routiers.\u00a0<\/p>\n[\/et_pb_text][\/et_pb_column][\/et_pb_row][et_pb_row _builder_version=\u00a0\u00bb4.16&Prime; custom_margin=\u00a0\u00bb0px||0px||true|false\u00a0\u00bb custom_padding=\u00a0\u00bb0px||0px||true|false\u00a0\u00bb global_colors_info=\u00a0\u00bb{}\u00a0\u00bb][et_pb_column type=\u00a0\u00bb4_4&Prime; _builder_version=\u00a0\u00bb4.16&Prime; global_colors_info=\u00a0\u00bb{}\u00a0\u00bb][et_pb_text _builder_version=\u00a0\u00bb4.27.4&Prime; text_font=\u00a0\u00bbInter||||||||\u00a0\u00bb custom_margin=\u00a0\u00bb0px||0px||true|false\u00a0\u00bb custom_padding=\u00a0\u00bb0px||0px||false|false\u00a0\u00bb global_colors_info=\u00a0\u00bb{}\u00a0\u00bb]\n<h1 style=\"text-align: center;\">Un peu de contexte sur nos missions<\/h1>\n<p>&nbsp;<\/p>\n[\/et_pb_text][et_pb_accordion _builder_version=\u00a0\u00bb4.27.4&Prime; _module_preset=\u00a0\u00bbdefault\u00a0\u00bb global_colors_info=\u00a0\u00bb{}\u00a0\u00bb][et_pb_accordion_item title=\u00a0\u00bbSur le contexte territorial et diagnostic des d\u00e9placements\u00a0\u00bb open=\u00a0\u00bbon\u00a0\u00bb _builder_version=\u00a0\u00bb4.27.4&Prime; _module_preset=\u00a0\u00bbdefault\u00a0\u00bb global_colors_info=\u00a0\u00bb{}\u00a0\u00bb]\n<p>L&rsquo;Avant-Pays Savoyard travaille sur les d\u00e9placements notamment en collaboration avec le territoire du SCOT M\u00e9tropole Savoie, avec lequel a \u00e9t\u00e9 men\u00e9e en 2008 l&rsquo;<strong>\u00c9tude D\u00e9placements Grand Territoire men\u00e9e sur M\u00e9tropole Savoie et l&rsquo;Avant-Pays Savoyard<\/strong> (EDGT).<\/p>\n<p>Cette collaboration a permis la mise en place du <strong>Mod\u00e8le Multimodal de D\u00e9placements (MODEOS)<\/strong>, \u00e0 cette m\u00eame \u00e9chelle. Il permet la mod\u00e9lisation des modes de transports et de leurs interactions au regard des perspectives socio-\u00e9conomiques et des \u00e9volutions des modes de d\u00e9placements (v\u00e9lo, transports en commun&#8230;).<\/p>\n<p>Le SMAPS et ses trois intercommunalit\u00e9s ont particip\u00e9 en 2015 \u00e0 <strong>la d\u00e9marche r\u00e9gionale \u00ab\u00a0D\u00e9velopper les \u00e9comobilit\u00e9s\u00a0\u00bb<\/strong> afin de b\u00e9n\u00e9ficier de l&rsquo;expertise de l&rsquo;Agence \u00c9comobilit\u00e9 pour ouvrir des initiatives et d\u00e9velopper des d\u00e9marches en faveur de la mobilit\u00e9 rurale. Cette premi\u00e8re phase a permis de mieux cerner les enjeux globaux de mobilit\u00e9s ainsi que les potentiels \u00e0 l&rsquo;\u00e9chelle de l&rsquo;Avant-Pays Savoyard, mais aussi aux \u00e9chelles intercommunales.<\/p>\n<p>En 2017, le territoire de l&rsquo;Avant-Pays Savoyard a \u00e9t\u00e9 laur\u00e9at de l&rsquo;appel \u00e0 projet \u00ab\u00a0<strong>Territoire \u00e0 \u00c9nergie Positive Pour la Croissance Verte<\/strong>\u00a0\u00bb (TEPCV). Ce dispositif a permis d&rsquo;engager de premiers investissements pour favoriser l&rsquo;usage de v\u00e9lo (installation de consignes \u00e0 v\u00e9lo, tron\u00e7on de la voie verte du Lac d&rsquo;Aiguebelette).<\/p>\n<p>Avec l&rsquo;\u00e9volution de l&rsquo;Agence \u00c9comobilit\u00e9 Savoie Mont-Blanc en Soci\u00e9t\u00e9 Publique Locale (SPL) en 2019, le Syndicat Mixte, actionnaire de la SPL, devient le chef de file pour les r\u00e9flexions sur les mobilit\u00e9s alternatives \u00e0 la voiture, \u00e0 <strong>l&rsquo;\u00e9chelle du SCOT<\/strong>.<\/p>\n[\/et_pb_accordion_item][\/et_pb_accordion][et_pb_accordion _builder_version=\u00a0\u00bb4.21.0&Prime; _module_preset=\u00a0\u00bbdefault\u00a0\u00bb global_colors_info=\u00a0\u00bb{}\u00a0\u00bb][et_pb_accordion_item title=\u00a0\u00bbSur la prise de comp\u00e9tences Mobilit\u00e9\u00a0\u00bb open=\u00a0\u00bbon\u00a0\u00bb _builder_version=\u00a0\u00bb4.21.0&Prime; _module_preset=\u00a0\u00bbdefault\u00a0\u00bb global_colors_info=\u00a0\u00bb{}\u00a0\u00bb]L&rsquo;ann\u00e9e 2019 marque la promulgation de la <strong>Loi d&rsquo;Orientation des Mobilit\u00e9s (LOM)<\/strong> qui transforme en profondeur la politique des mobilit\u00e9s \u00e0 l&rsquo;\u00e9chelle nationale, vers des solutions territorialis\u00e9es, accessibles \u00e0 tous et plus propres. Depuis le 1er juillet 2021, le territoire fran\u00e7ais est int\u00e9gralement couvert en autorit\u00e9s organisatrices de la mobilit\u00e9 (AOM). L&rsquo;objectif est que la comp\u00e9tence Mobilit\u00e9 soit effective \u00e0 la bonne \u00e9chelle territoriale, sous la coordination des R\u00e9gions.<\/p>\n<p>L&rsquo;\u00c9tat a mis en place un dispositif, France Mobilit\u00e9s, pour accompagner les collectivit\u00e9s sur la prise de comp\u00e9tence et la planification de la mobilit\u00e9. Les Communaut\u00e9s de Communes\u00a0 de l&rsquo;Avant-Pays Savoyard n&rsquo;ont pas souhait\u00e9 prendre cette comp\u00e9tence, qui revient par cons\u00e9quent \u00e0 la R\u00e9gion. Cette comp\u00e9tence vise \u00e0 :<\/p>\n<ul>\n<li>Proposer des solutions de transports dans les \u00ab\u00a0zones blanches\u00a0\u00bb de la mobilit\u00e9<\/li>\n<li>Accompagner la transition \u00e9nerg\u00e9tique des transports<\/li>\n<li>Accompagner les investissements jusqu&rsquo;alors trop concentr\u00e9s sur les grands projets<\/li>\n<li>Mettre tous les acteurs de la mobilit\u00e9 autour de r\u00e9flexions territoriales<\/li>\n<\/ul>\n<p>La R\u00e9gion est \u00e9galement comp\u00e9tente pour organiser les services de transport public et de transport scolaire.<\/p>\n<p>En 2023, afin de faciliter les capacit\u00e9s d\u2019action des intercommunalit\u00e9s et du Syndicat Mixte, des conventions de d\u00e9l\u00e9gation de comp\u00e9tence ont \u00e9t\u00e9 valid\u00e9es par la R\u00e9gion, pour donner latitude aux EPCI et au SMAPS d&rsquo;avoir une action \u00e9largie, en permettant aux intercommunalit\u00e9s de travailler de mani\u00e8re autonome et par la voie du syndicat mixte sur cet enjeu. Cette action pourra porter sur le d\u00e9ploiement de services de mobilit\u00e9 active, partag\u00e9e, solidaire ou encore inclusive.<\/p>\n<p>&nbsp;<br \/>\n[\/et_pb_accordion_item][et_pb_accordion_item title=\u00a0\u00bbSur les enjeux de mobilit\u00e9 de notre territoire\u00a0\u00bb _builder_version=\u00a0\u00bb4.21.0&Prime; _module_preset=\u00a0\u00bbdefault\u00a0\u00bb global_colors_info=\u00a0\u00bb{}\u00a0\u00bb open=\u00a0\u00bboff\u00a0\u00bb]<strong>La politique de mobilit\u00e9 de l\u2019Avant-Pays Savoyard s\u2019inscrit sur deux \u00e9chelles diff\u00e9rentes :<\/strong><br \/>\n<strong>\u25cf celle de son territoire<\/strong>, concernant les d\u00e9placements intra-territoriaux, inter et intra-communal, o\u00f9 les bourgs-centre disposent d\u2019un r\u00f4le majeur. Les mobilit\u00e9s actives (marche, v\u00e9lo\u2026) sont ici un enjeu fort, ainsi que les transports scolaires, le covoiturage, la mobilit\u00e9 solidaire et la mobilit\u00e9 touristique (acc\u00e8s aux lacs, au sentier de randonn\u00e9e\u2026)<br \/>\n<strong>\u25cf celle du bassin de mobilit\u00e9<\/strong>, traitant notamment des d\u00e9placements pendulaires, et plus<br \/>\nlargement des d\u00e9placements en lien avec les territoires voisins : TER, transports routiers<br \/>\nr\u00e9guliers (lignes de bus) et notamment le covoiturage. Un bassin de mobilit\u00e9 doit \u00eatre<br \/>\nprochainement officialis\u00e9 par la R\u00e9gion, l\u2019Avant Pays Savoyard sera probablement au c\u00f4t\u00e9 des agglom\u00e9rations de Grand Chamb\u00e9ry et Grand Lac, ainsi que des intercommunalit\u00e9s C\u0153ur de Chartreuse, C\u0153ur de Savoie et Bugey Sud. Les interconnexions sont en effet nombreuses, et l\u2019Avant-Pays Savoyard a d\u00e9j\u00e0 montr\u00e9 vouloir \u00eatre dans cette dynamique de r\u00e9flexion \u00e0 l\u2019\u00e9chelle du bassin, en s\u2019associant notamment au SCoT M\u00e9tropole Savoie dans le cadre d\u2019une enqu\u00eate Mobilit\u00e9-D\u00e9placement.<br \/>\n[\/et_pb_accordion_item][\/et_pb_accordion][\/et_pb_column][\/et_pb_row][et_pb_row _builder_version=\u00a0\u00bb4.21.0&Prime; _module_preset=\u00a0\u00bbdefault\u00a0\u00bb global_colors_info=\u00a0\u00bb{}\u00a0\u00bb][et_pb_column type=\u00a0\u00bb4_4&Prime; _builder_version=\u00a0\u00bb4.21.0&Prime; _module_preset=\u00a0\u00bbdefault\u00a0\u00bb global_colors_info=\u00a0\u00bb{}\u00a0\u00bb][et_pb_divider _builder_version=\u00a0\u00bb4.21.0&Prime; _module_preset=\u00a0\u00bbdefault\u00a0\u00bb global_colors_info=\u00a0\u00bb{}\u00a0\u00bb][\/et_pb_divider][\/et_pb_column][\/et_pb_row][\/et_pb_section][et_pb_section fb_built=\u00a0\u00bb1&Prime; _builder_version=\u00a0\u00bb4.16&Prime; background_color=\u00a0\u00bb#fbfdfe\u00a0\u00bb global_colors_info=\u00a0\u00bb{}\u00a0\u00bb][et_pb_row column_structure=\u00a0\u00bb1_2,1_2&Prime; _builder_version=\u00a0\u00bb4.16&Prime; custom_margin=\u00a0\u00bb|auto|-26px|auto||\u00a0\u00bb global_colors_info=\u00a0\u00bb{}\u00a0\u00bb][et_pb_column type=\u00a0\u00bb1_2&Prime; _builder_version=\u00a0\u00bb4.16&Prime; global_colors_info=\u00a0\u00bb{}\u00a0\u00bb][et_pb_text admin_label=\u00a0\u00bbTexte son role\u00a0\u00bb _builder_version=\u00a0\u00bb4.16&Prime; text_font=\u00a0\u00bbInter|700|||||||\u00a0\u00bb text_text_color=\u00a0\u00bb#010101&Prime; text_font_size=\u00a0\u00bb26px\u00a0\u00bb global_colors_info=\u00a0\u00bb{}\u00a0\u00bb]Territoire(s) concern\u00e9(s)<br \/>\n[\/et_pb_text][et_pb_text _builder_version=\u00a0\u00bb4.16&Prime; custom_margin=\u00a0\u00bb20px||40px||false|false\u00a0\u00bb global_colors_info=\u00a0\u00bb{}\u00a0\u00bb]Les 3 communaut\u00e9s de communes de l\u2019Avant Pays Savoyard.<br \/>\n[\/et_pb_text][et_pb_text admin_label=\u00a0\u00bbTexte son role\u00a0\u00bb _builder_version=\u00a0\u00bb4.16&Prime; text_font=\u00a0\u00bbInter|700|||||||\u00a0\u00bb text_text_color=\u00a0\u00bb#010101&Prime; text_font_size=\u00a0\u00bb26px\u00a0\u00bb global_colors_info=\u00a0\u00bb{}\u00a0\u00bb]Publics cibles<br \/>\n[\/et_pb_text][et_pb_text _builder_version=\u00a0\u00bb4.16&Prime; custom_margin=\u00a0\u00bb20px||40px||false|false\u00a0\u00bb global_colors_info=\u00a0\u00bb{}\u00a0\u00bb]Habitants, usagers du territoire.<br \/>\n[\/et_pb_text][et_pb_text admin_label=\u00a0\u00bbTexte son role\u00a0\u00bb _builder_version=\u00a0\u00bb4.16&Prime; text_font=\u00a0\u00bbInter|700|||||||\u00a0\u00bb text_text_color=\u00a0\u00bb#010101&Prime; text_font_size=\u00a0\u00bb26px\u00a0\u00bb global_colors_info=\u00a0\u00bb{}\u00a0\u00bb]Exemples de r\u00e9alisations<br \/>\n[\/et_pb_text][et_pb_text _builder_version=\u00a0\u00bb4.21.0&Prime; custom_margin=\u00a0\u00bb20px||40px||false|false\u00a0\u00bb global_colors_info=\u00a0\u00bb{}\u00a0\u00bb]2018 \/ 2019 : <strong>TEPCV<\/strong> a co-financ\u00e9 l&rsquo;installation de 64 casiers s\u00e9curis\u00e9s pour les v\u00e9los, plus de 200 arceaux, et la r\u00e9alisation de la voie verte en rive Est du lac d&rsquo;Aiguebelette.<br \/>\n2021 : r\u00e9alisation du <strong>Sch\u00e9ma Directeur Cyclable<\/strong> de l&rsquo;Avant-Pays Savoyard.<br \/>\n2022 : lancement des actions du dispositif <strong>AVELO2<\/strong>.<br \/>\n2023 : lancement de la Strat\u00e9gie de d\u00e9ploiement du <strong>Covoiturage<\/strong> sur le territoire gr\u00e2ce au dispositif Fonds Vert covoiturage<br \/>\n2024 : lancement du programme <strong>AMICI<\/strong> : Actions de Mobilit\u00e9s Innovantes Coop\u00e9ratives et Int\u00e9gr\u00e9es<br \/>\n[\/et_pb_text][et_pb_text admin_label=\u00a0\u00bbTexte son role\u00a0\u00bb _builder_version=\u00a0\u00bb4.16&Prime; text_font=\u00a0\u00bbInter|700|||||||\u00a0\u00bb text_text_color=\u00a0\u00bb#010101&Prime; text_font_size=\u00a0\u00bb26px\u00a0\u00bb global_colors_info=\u00a0\u00bb{}\u00a0\u00bb]Chiffres clefs<br \/>\n[\/et_pb_text][et_pb_text _builder_version=\u00a0\u00bb4.16&Prime; custom_margin=\u00a0\u00bb20px||40px||false|false\u00a0\u00bb global_colors_info=\u00a0\u00bb{}\u00a0\u00bb]<strong>30%<\/strong> des \u00e9missions de CO2 sont caus\u00e9s par les transports<br \/>\n<strong>29%<\/strong> : part financi\u00e8re des d\u00e9placements dans le budget des m\u00e9nages de l&rsquo;APS<br \/>\n<strong>34 000<\/strong> passages\/an dans la galerie v\u00e9lo du tunnel du Chat<br \/>\n<strong>76%<\/strong> des d\u00e9placements se font en voiture<br \/>\n[\/et_pb_text][\/et_pb_column][et_pb_column type=\u00a0\u00bb1_2&Prime; _builder_version=\u00a0\u00bb4.16&Prime; global_colors_info=\u00a0\u00bb{}\u00a0\u00bb][et_pb_image src=\u00a0\u00bbhttps:\/\/www.avant-pays-savoyard.com\/smaps\/wp-content\/uploads\/2020\/06\/Interreg-Logo-France-Italia-ALCOTRA-CMYK-Color-02.jpg\u00a0\u00bb alt=\u00a0\u00bbLogo UE Alcotra 2021 2027&Prime; title_text=\u00a0\u00bbInterreg Logo France &#8211; Italia ALCOTRA CMYK Color-02&Prime; align=\u00a0\u00bbright\u00a0\u00bb _builder_version=\u00a0\u00bb4.21.0&Prime; _module_preset=\u00a0\u00bbdefault\u00a0\u00bb global_colors_info=\u00a0\u00bb{}\u00a0\u00bb][\/et_pb_image][\/et_pb_column][\/et_pb_row][\/et_pb_section][et_pb_section fb_built=\u00a0\u00bb1&Prime; _builder_version=\u00a0\u00bb4.16&Prime; background_color=\u00a0\u00bb#fbfdfe\u00a0\u00bb custom_margin=\u00a0\u00bb0px||0px||true|false\u00a0\u00bb custom_padding=\u00a0\u00bb0px||0px||true|false\u00a0\u00bb global_colors_info=\u00a0\u00bb{}\u00a0\u00bb][et_pb_row _builder_version=\u00a0\u00bb4.16&Prime; min_height=\u00a0\u00bb188px\u00a0\u00bb global_colors_info=\u00a0\u00bb{}\u00a0\u00bb][et_pb_column type=\u00a0\u00bb4_4&Prime; _builder_version=\u00a0\u00bb4.16&Prime; global_colors_info=\u00a0\u00bb{}\u00a0\u00bb][et_pb_text admin_label=\u00a0\u00bbTexte son role\u00a0\u00bb _builder_version=\u00a0\u00bb4.16&Prime; text_font=\u00a0\u00bbInter|700|||||||\u00a0\u00bb text_text_color=\u00a0\u00bb#010101&Prime; text_font_size=\u00a0\u00bb26px\u00a0\u00bb custom_margin=\u00a0\u00bb-40px|||||\u00a0\u00bb global_colors_info=\u00a0\u00bb{}\u00a0\u00bb]Enjeux et objectifs<br \/>\n[\/et_pb_text][et_pb_text _builder_version=\u00a0\u00bb4.16&Prime; custom_margin=\u00a0\u00bb20px||||false|false\u00a0\u00bb global_colors_info=\u00a0\u00bb{}\u00a0\u00bb]Apporter \u00e0 tous et partout des solutions alternatives \u00e0 l&rsquo;usage individuel de la voiture.<br \/>\nFaciliter les d\u00e9placements doux entre les villages et les bourgs principaux : Yenne, Saint-Genix-les-Villages, Le Pont-de-Beauvoisin, Novalaise, L\u00e9pin-le-Lac&#8230;<br \/>\nR\u00e9duire les probl\u00e9matiques li\u00e9es aux d\u00e9placements pendulaires, notamment vers Chamb\u00e9ry.<br \/>\n[\/et_pb_text][\/et_pb_column][\/et_pb_row][\/et_pb_section][et_pb_section fb_built=\u00a0\u00bb1&Prime; _builder_version=\u00a0\u00bb4.16&Prime; background_color=\u00a0\u00bb#FBFDFE\u00a0\u00bb custom_margin=\u00a0\u00bb||-15px||false|false\u00a0\u00bb custom_padding=\u00a0\u00bb||0px||false|false\u00a0\u00bb global_colors_info=\u00a0\u00bb{}\u00a0\u00bb][et_pb_row _builder_version=\u00a0\u00bb4.16&Prime; global_colors_info=\u00a0\u00bb{}\u00a0\u00bb][et_pb_column type=\u00a0\u00bb4_4&Prime; _builder_version=\u00a0\u00bb4.16&Prime; global_colors_info=\u00a0\u00bb{}\u00a0\u00bb][et_pb_text admin_label=\u00a0\u00bbTexte son role\u00a0\u00bb _builder_version=\u00a0\u00bb4.16&Prime; text_font=\u00a0\u00bbInter|700|||||||\u00a0\u00bb text_text_color=\u00a0\u00bb#010101&Prime; text_font_size=\u00a0\u00bb26px\u00a0\u00bb min_height=\u00a0\u00bb12.8px\u00a0\u00bb custom_margin=\u00a0\u00bb-40px|||||\u00a0\u00bb global_colors_info=\u00a0\u00bb{}\u00a0\u00bb]Prestataires et partenaires<br \/>\n[\/et_pb_text][et_pb_text _builder_version=\u00a0\u00bb4.16&Prime; custom_margin=\u00a0\u00bb20px||||false|false\u00a0\u00bb global_colors_info=\u00a0\u00bb{}\u00a0\u00bb]Le SMAPS est partenaire de la Soci\u00e9t\u00e9 Publique Locale \u00ab\u00a0SPL Agence \u00c9comobilit\u00e9 Savoie Mont-Blanc\u00a0\u00bb depuis le 1er juillet 2019.<br \/>\nL&rsquo;Agence \u00c9comobilit\u00e9 est le prestataire qui a \u00e9t\u00e9 en charge de la r\u00e9alisation du Sch\u00e9ma Directeur Cyclable.<br \/>\nLe CEREMA est \u00e9galement un partenaire\u00a0 pour accompagner le territoire sur l&rsquo;organisation des mobilit\u00e9s.<br \/>\n[\/et_pb_text][\/et_pb_column][\/et_pb_row][et_pb_row column_structure=\u00a0\u00bb1_3,1_3,1_3&Prime; _builder_version=\u00a0\u00bb4.16&Prime; global_colors_info=\u00a0\u00bb{}\u00a0\u00bb][et_pb_column type=\u00a0\u00bb1_3&Prime; _builder_version=\u00a0\u00bb4.16&Prime; global_colors_info=\u00a0\u00bb{}\u00a0\u00bb][et_pb_text _builder_version=\u00a0\u00bb4.21.0&Prime; text_font=\u00a0\u00bbInter||||||||\u00a0\u00bb global_colors_info=\u00a0\u00bb{}\u00a0\u00bb]<b>Charg\u00e9 de mission r\u00e9f\u00e9rent<\/b><br \/>\nClaire BELET<br \/>\n07 50 72 76 37 &#8211; <a href=\"mailto:claire.belet@avant-pays-savoyard.com\" target=\"_blank\" rel=\"noopener\">E-mail<\/a><\/p>\n<p>&nbsp;<br \/>\n[\/et_pb_text][\/et_pb_column][et_pb_column type=\u00a0\u00bb1_3&Prime; _builder_version=\u00a0\u00bb4.16&Prime; global_colors_info=\u00a0\u00bb{}\u00a0\u00bb][et_pb_text _builder_version=\u00a0\u00bb4.16&Prime; text_font=\u00a0\u00bbInter||||||||\u00a0\u00bb global_colors_info=\u00a0\u00bb{}\u00a0\u00bb]<strong><b>\u00c9lue r\u00e9f\u00e9rente<br \/>\n<\/b><\/strong>Marie-Lise MARCHAIS<br \/>\n[\/et_pb_text][\/et_pb_column][et_pb_column type=\u00a0\u00bb1_3&Prime; _builder_version=\u00a0\u00bb4.16&Prime; global_colors_info=\u00a0\u00bb{}\u00a0\u00bb][et_pb_text _builder_version=\u00a0\u00bb4.16&Prime; text_font=\u00a0\u00bbInter||||||||\u00a0\u00bb global_colors_info=\u00a0\u00bb{}\u00a0\u00bb]<strong>Instance de pilotage<\/strong><br \/>\nComit\u00e9 de pilotage Sch\u00e9ma V\u00e9lo<br \/>\n[\/et_pb_text][\/et_pb_column][\/et_pb_row][\/et_pb_section][et_pb_section fb_built=\u00a0\u00bb1&Prime; _builder_version=\u00a0\u00bb4.16&Prime; background_color=\u00a0\u00bb#fbfdfe\u00a0\u00bb global_colors_info=\u00a0\u00bb{}\u00a0\u00bb][et_pb_row column_structure=\u00a0\u00bb1_6,1_6,1_6,1_6,1_6,1_6&Prime; _builder_version=\u00a0\u00bb4.16&Prime; global_colors_info=\u00a0\u00bb{}\u00a0\u00bb][et_pb_column type=\u00a0\u00bb1_6&Prime; _builder_version=\u00a0\u00bb4.16&Prime; global_colors_info=\u00a0\u00bb{}\u00a0\u00bb][\/et_pb_column][et_pb_column type=\u00a0\u00bb1_6&Prime; _builder_version=\u00a0\u00bb4.16&Prime; global_colors_info=\u00a0\u00bb{}\u00a0\u00bb][et_pb_image src=\u00a0\u00bbhttps:\/\/www.avant-pays-savoyard.com\/smaps\/wp-content\/uploads\/2020\/05\/logo-etat-1.jpg\u00a0\u00bb _builder_version=\u00a0\u00bb4.16&Prime; global_colors_info=\u00a0\u00bb{}\u00a0\u00bb][\/et_pb_image][\/et_pb_column][et_pb_column type=\u00a0\u00bb1_6&Prime; _builder_version=\u00a0\u00bb4.16&Prime; global_colors_info=\u00a0\u00bb{}\u00a0\u00bb][et_pb_image src=\u00a0\u00bbhttps:\/\/www.avant-pays-savoyard.com\/smaps\/wp-content\/uploads\/2022\/10\/Communaute-de-communes-Yenne-couleur.jpg\u00a0\u00bb title_text=\u00a0\u00bbCommunaute de communes Yenne couleur\u00a0\u00bb align=\u00a0\u00bbcenter\u00a0\u00bb _builder_version=\u00a0\u00bb4.16&Prime; _module_preset=\u00a0\u00bbdefault\u00a0\u00bb width=\u00a0\u00bb82%\u00a0\u00bb global_colors_info=\u00a0\u00bb{}\u00a0\u00bb][\/et_pb_image][\/et_pb_column][et_pb_column type=\u00a0\u00bb1_6&Prime; _builder_version=\u00a0\u00bb4.16&Prime; global_colors_info=\u00a0\u00bb{}\u00a0\u00bb][et_pb_image src=\u00a0\u00bbhttps:\/\/www.avant-pays-savoyard.com\/smaps\/wp-content\/uploads\/2022\/10\/Val-Guiers-CMJN.jpg\u00a0\u00bb title_text=\u00a0\u00bbLogo-Val Guiers-CMJN\u00a0\u00bb _builder_version=\u00a0\u00bb4.16&Prime; _module_preset=\u00a0\u00bbdefault\u00a0\u00bb width=\u00a0\u00bb75%\u00a0\u00bb global_colors_info=\u00a0\u00bb{}\u00a0\u00bb][\/et_pb_image][\/et_pb_column][et_pb_column type=\u00a0\u00bb1_6&Prime; _builder_version=\u00a0\u00bb4.16&Prime; global_colors_info=\u00a0\u00bb{}\u00a0\u00bb][et_pb_image src=\u00a0\u00bbhttps:\/\/www.avant-pays-savoyard.com\/smaps\/wp-content\/uploads\/2020\/05\/communaute-communes-lac-aiguebelette.png\u00a0\u00bb title_text=\u00a0\u00bbcommunaute-communes-lac-aiguebelette\u00a0\u00bb align=\u00a0\u00bbcenter\u00a0\u00bb _builder_version=\u00a0\u00bb4.16&Prime; custom_css_main_element=\u00a0\u00bbwidth:280px;\u00a0\u00bb global_colors_info=\u00a0\u00bb{}\u00a0\u00bb][\/et_pb_image][\/et_pb_column][et_pb_column type=\u00a0\u00bb1_6&Prime; _builder_version=\u00a0\u00bb4.16&Prime; global_colors_info=\u00a0\u00bb{}\u00a0\u00bb][\/et_pb_column][\/et_pb_row][et_pb_row column_structure=\u00a0\u00bb1_4,1_4,1_4,1_4&Prime; _builder_version=\u00a0\u00bb4.16&Prime; global_colors_info=\u00a0\u00bb{}\u00a0\u00bb][et_pb_column type=\u00a0\u00bb1_4&Prime; _builder_version=\u00a0\u00bb4.16&Prime; global_colors_info=\u00a0\u00bb{}\u00a0\u00bb][et_pb_image src=\u00a0\u00bbhttps:\/\/www.avant-pays-savoyard.com\/smaps\/wp-content\/uploads\/2020\/05\/875_001_logoregion-auvergneRhoneAlpes.png\u00a0\u00bb title_text=\u00a0\u00bb875_001_logoregion auvergneRhoneAlpes\u00a0\u00bb align=\u00a0\u00bbcenter\u00a0\u00bb _builder_version=\u00a0\u00bb4.16&Prime; custom_css_main_element=\u00a0\u00bbwidth: 200px;||justify-content:center;\u00a0\u00bb global_colors_info=\u00a0\u00bb{}\u00a0\u00bb][\/et_pb_image][\/et_pb_column][et_pb_column type=\u00a0\u00bb1_4&Prime; _builder_version=\u00a0\u00bb4.16&Prime; global_colors_info=\u00a0\u00bb{}\u00a0\u00bb][et_pb_image src=\u00a0\u00bbhttps:\/\/www.avant-pays-savoyard.com\/smaps\/wp-content\/uploads\/2020\/05\/1187px-Logo_D\u00e9partement_Savoie.svg_.png\u00a0\u00bb title_text=\u00a0\u00bb1187px-Logo_D\u00e9partement_Savoie.svg\u00a0\u00bb align=\u00a0\u00bbcenter\u00a0\u00bb _builder_version=\u00a0\u00bb4.16&Prime; custom_margin=\u00a0\u00bb|||76px||\u00a0\u00bb custom_css_main_element=\u00a0\u00bbwidth: 100px;||justify-content:center;\u00a0\u00bb global_colors_info=\u00a0\u00bb{}\u00a0\u00bb][\/et_pb_image][\/et_pb_column][et_pb_column type=\u00a0\u00bb1_4&Prime; _builder_version=\u00a0\u00bb4.16&Prime; global_colors_info=\u00a0\u00bb{}\u00a0\u00bb][et_pb_image src=\u00a0\u00bbhttps:\/\/www.avant-pays-savoyard.com\/smaps\/wp-content\/uploads\/2020\/05\/logo-savoie.jpg\u00a0\u00bb title_text=\u00a0\u00bblogo-savoie\u00a0\u00bb align=\u00a0\u00bbcenter\u00a0\u00bb _builder_version=\u00a0\u00bb4.16&Prime; custom_css_main_element=\u00a0\u00bbwidth: 100px;||justify-content:center;\u00a0\u00bb global_colors_info=\u00a0\u00bb{}\u00a0\u00bb][\/et_pb_image][\/et_pb_column][et_pb_column type=\u00a0\u00bb1_4&Prime; _builder_version=\u00a0\u00bb4.16&Prime; global_colors_info=\u00a0\u00bb{}\u00a0\u00bb][et_pb_image src=\u00a0\u00bbhttps:\/\/www.avant-pays-savoyard.com\/smaps\/wp-content\/uploads\/2020\/05\/unnamed.jpg\u00a0\u00bb title_text=\u00a0\u00bbunnamed\u00a0\u00bb align=\u00a0\u00bbcenter\u00a0\u00bb _builder_version=\u00a0\u00bb4.16&Prime; custom_css_main_element=\u00a0\u00bbwidth: 170px;||justify-content:center;\u00a0\u00bb global_colors_info=\u00a0\u00bb{}\u00a0\u00bb][\/et_pb_image][\/et_pb_column][\/et_pb_row][\/et_pb_section]\n","protected":false},"excerpt":{"rendered":"<p><span><span><a href=\"https:\/\/www.avant-pays-savoyard.com\/smaps\/\">Accueil<\/a><\/span><\/span>Services de Mobilit\u00e9 en Avant-Pays SavoyardApporter \u00e0 tous et partout des solutions alternatives \u00e0 l&rsquo;usage individuel de la voiture Faciliter des d\u00e9placements durables au quotidien localement et en \u00e9change avec les agglom\u00e9rationsVos Guides Mobilit\u00e9Se d\u00e9placer en Avant-Pays Savoyard Un guide avec toutes les solutions pratiques, \u00e9conomiques, et \u00e9cologiques pour se d\u00e9placer au quotidien en Avant-Pays [&hellip;]<\/p>\n","protected":false},"author":2,"featured_media":0,"comment_status":"closed","ping_status":"closed","template":"","meta":{"_et_pb_use_builder":"on","_et_pb_old_content":"","_et_gb_content_width":"","_monsterinsights_skip_tracking":false,"_monsterinsights_sitenote_active":false,"_monsterinsights_sitenote_note":"","_monsterinsights_sitenote_category":0,"footnotes":""},"project_category":[24],"project_tag":[],"class_list":["post-1205","project","type-project","status-publish","hentry","project_category-amenagement"],"yoast_head":"<!-- This site is optimized with the Yoast SEO plugin v27.5 - https:\/\/yoast.com\/product\/yoast-seo-wordpress\/ -->\n<title>Mobilit\u00e9 | Avant Pays Savoyard<\/title>\n<meta name=\"description\" content=\"Mobilit\u00e9 | Services de Mobilit\u00e9 et Transports de l&#039;Avant Pays Savoyard\" \/>\n<meta name=\"robots\" content=\"index, follow, max-snippet:-1, max-image-preview:large, max-video-preview:-1\" \/>\n<link rel=\"canonical\" href=\"https:\/\/www.avant-pays-savoyard.com\/smaps\/project\/mobilite-velo\/\" \/>\n<meta property=\"og:locale\" content=\"fr_FR\" \/>\n<meta property=\"og:type\" content=\"article\" \/>\n<meta property=\"og:title\" content=\"Mobilit\u00e9 | Avant Pays Savoyard\" \/>\n<meta property=\"og:description\" content=\"Mobilit\u00e9 | Services de Mobilit\u00e9 et Transports de l&#039;Avant Pays Savoyard\" \/>\n<meta property=\"og:url\" content=\"https:\/\/www.avant-pays-savoyard.com\/smaps\/project\/mobilite-velo\/\" \/>\n<meta property=\"og:site_name\" content=\"Syndicat Mixte Avant-Pays Savoyard\" \/>\n<meta property=\"article:publisher\" content=\"https:\/\/www.facebook.com\/philippe.smaps?eid=ARBa3pcAa8gXFS8WNK_PRvsO8QdGpgIOahlkYUZ_fHoQSowEaz5KpN0GqL0PUxNL0ZbTsFwcVmpWqAsm\" \/>\n<meta property=\"article:modified_time\" content=\"2026-03-27T08:53:03+00:00\" \/>\n<meta property=\"og:image\" content=\"https:\/\/www.avant-pays-savoyard.com\/smaps\/wp-content\/uploads\/2024\/04\/logo_amici_alcotra_colore_sfondo-trasparente.png\" \/>\n<meta name=\"twitter:card\" content=\"summary_large_image\" \/>\n<meta name=\"twitter:label1\" content=\"Dur\u00e9e de lecture estim\u00e9e\" \/>\n\t<meta name=\"twitter:data1\" content=\"16 minutes\" \/>\n<script type=\"application\/ld+json\" class=\"yoast-schema-graph\">{\"@context\":\"https:\\\/\\\/schema.org\",\"@graph\":[{\"@type\":\"WebPage\",\"@id\":\"https:\\\/\\\/www.avant-pays-savoyard.com\\\/smaps\\\/project\\\/mobilite-velo\\\/\",\"url\":\"https:\\\/\\\/www.avant-pays-savoyard.com\\\/smaps\\\/project\\\/mobilite-velo\\\/\",\"name\":\"Mobilit\u00e9 | Avant Pays Savoyard\",\"isPartOf\":{\"@id\":\"https:\\\/\\\/www.avant-pays-savoyard.com\\\/smaps\\\/#website\"},\"primaryImageOfPage\":{\"@id\":\"https:\\\/\\\/www.avant-pays-savoyard.com\\\/smaps\\\/project\\\/mobilite-velo\\\/#primaryimage\"},\"image\":{\"@id\":\"https:\\\/\\\/www.avant-pays-savoyard.com\\\/smaps\\\/project\\\/mobilite-velo\\\/#primaryimage\"},\"thumbnailUrl\":\"https:\\\/\\\/www.avant-pays-savoyard.com\\\/smaps\\\/wp-content\\\/uploads\\\/2024\\\/04\\\/logo_amici_alcotra_colore_sfondo-trasparente.png\",\"datePublished\":\"2020-06-02T09:12:16+00:00\",\"dateModified\":\"2026-03-27T08:53:03+00:00\",\"description\":\"Mobilit\u00e9 | Services de Mobilit\u00e9 et Transports de l'Avant Pays Savoyard\",\"breadcrumb\":{\"@id\":\"https:\\\/\\\/www.avant-pays-savoyard.com\\\/smaps\\\/project\\\/mobilite-velo\\\/#breadcrumb\"},\"inLanguage\":\"fr-FR\",\"potentialAction\":[{\"@type\":\"ReadAction\",\"target\":[\"https:\\\/\\\/www.avant-pays-savoyard.com\\\/smaps\\\/project\\\/mobilite-velo\\\/\"]}]},{\"@type\":\"ImageObject\",\"inLanguage\":\"fr-FR\",\"@id\":\"https:\\\/\\\/www.avant-pays-savoyard.com\\\/smaps\\\/project\\\/mobilite-velo\\\/#primaryimage\",\"url\":\"https:\\\/\\\/www.avant-pays-savoyard.com\\\/smaps\\\/wp-content\\\/uploads\\\/2024\\\/04\\\/logo_amici_alcotra_colore_sfondo-trasparente.png\",\"contentUrl\":\"https:\\\/\\\/www.avant-pays-savoyard.com\\\/smaps\\\/wp-content\\\/uploads\\\/2024\\\/04\\\/logo_amici_alcotra_colore_sfondo-trasparente.png\",\"width\":3395,\"height\":1865},{\"@type\":\"BreadcrumbList\",\"@id\":\"https:\\\/\\\/www.avant-pays-savoyard.com\\\/smaps\\\/project\\\/mobilite-velo\\\/#breadcrumb\",\"itemListElement\":[{\"@type\":\"ListItem\",\"position\":1,\"name\":\"Accueil\",\"item\":\"https:\\\/\\\/www.avant-pays-savoyard.com\\\/smaps\\\/\"},{\"@type\":\"ListItem\",\"position\":2,\"name\":\"Projets\",\"item\":\"https:\\\/\\\/www.avant-pays-savoyard.com\\\/smaps\\\/project\\\/\"},{\"@type\":\"ListItem\",\"position\":3,\"name\":\"Am\u00e9nagement\",\"item\":\"https:\\\/\\\/www.avant-pays-savoyard.com\\\/smaps\\\/project_category\\\/amenagement\\\/\"},{\"@type\":\"ListItem\",\"position\":4,\"name\":\"Mobilit\u00e9\"}]},{\"@type\":\"WebSite\",\"@id\":\"https:\\\/\\\/www.avant-pays-savoyard.com\\\/smaps\\\/#website\",\"url\":\"https:\\\/\\\/www.avant-pays-savoyard.com\\\/smaps\\\/\",\"name\":\"Syndicat Mixte Avant-Pays Savoyard\",\"description\":\"Site du SMAPS\",\"publisher\":{\"@id\":\"https:\\\/\\\/www.avant-pays-savoyard.com\\\/smaps\\\/#organization\"},\"potentialAction\":[{\"@type\":\"SearchAction\",\"target\":{\"@type\":\"EntryPoint\",\"urlTemplate\":\"https:\\\/\\\/www.avant-pays-savoyard.com\\\/smaps\\\/?s={search_term_string}\"},\"query-input\":{\"@type\":\"PropertyValueSpecification\",\"valueRequired\":true,\"valueName\":\"search_term_string\"}}],\"inLanguage\":\"fr-FR\"},{\"@type\":\"Organization\",\"@id\":\"https:\\\/\\\/www.avant-pays-savoyard.com\\\/smaps\\\/#organization\",\"name\":\"Avant Pays Savoyard\",\"url\":\"https:\\\/\\\/www.avant-pays-savoyard.com\\\/smaps\\\/\",\"logo\":{\"@type\":\"ImageObject\",\"inLanguage\":\"fr-FR\",\"@id\":\"https:\\\/\\\/www.avant-pays-savoyard.com\\\/smaps\\\/#\\\/schema\\\/logo\\\/image\\\/\",\"url\":\"https:\\\/\\\/www.avant-pays-savoyard.com\\\/smaps\\\/wp-content\\\/uploads\\\/2020\\\/11\\\/logo-smaps.png\",\"contentUrl\":\"https:\\\/\\\/www.avant-pays-savoyard.com\\\/smaps\\\/wp-content\\\/uploads\\\/2020\\\/11\\\/logo-smaps.png\",\"width\":1617,\"height\":738,\"caption\":\"Avant Pays Savoyard\"},\"image\":{\"@id\":\"https:\\\/\\\/www.avant-pays-savoyard.com\\\/smaps\\\/#\\\/schema\\\/logo\\\/image\\\/\"},\"sameAs\":[\"https:\\\/\\\/www.facebook.com\\\/philippe.smaps?eid=ARBa3pcAa8gXFS8WNK_PRvsO8QdGpgIOahlkYUZ_fHoQSowEaz5KpN0GqL0PUxNL0ZbTsFwcVmpWqAsm\"]}]}<\/script>\n<!-- \/ Yoast SEO plugin. -->","yoast_head_json":{"title":"Mobilit\u00e9 | Avant Pays Savoyard","description":"Mobilit\u00e9 | Services de Mobilit\u00e9 et Transports de l'Avant Pays Savoyard","robots":{"index":"index","follow":"follow","max-snippet":"max-snippet:-1","max-image-preview":"max-image-preview:large","max-video-preview":"max-video-preview:-1"},"canonical":"https:\/\/www.avant-pays-savoyard.com\/smaps\/project\/mobilite-velo\/","og_locale":"fr_FR","og_type":"article","og_title":"Mobilit\u00e9 | Avant Pays Savoyard","og_description":"Mobilit\u00e9 | Services de Mobilit\u00e9 et Transports de l'Avant Pays Savoyard","og_url":"https:\/\/www.avant-pays-savoyard.com\/smaps\/project\/mobilite-velo\/","og_site_name":"Syndicat Mixte Avant-Pays Savoyard","article_publisher":"https:\/\/www.facebook.com\/philippe.smaps?eid=ARBa3pcAa8gXFS8WNK_PRvsO8QdGpgIOahlkYUZ_fHoQSowEaz5KpN0GqL0PUxNL0ZbTsFwcVmpWqAsm","article_modified_time":"2026-03-27T08:53:03+00:00","og_image":[{"url":"https:\/\/www.avant-pays-savoyard.com\/smaps\/wp-content\/uploads\/2024\/04\/logo_amici_alcotra_colore_sfondo-trasparente.png","type":"","width":"","height":""}],"twitter_card":"summary_large_image","twitter_misc":{"Dur\u00e9e de lecture estim\u00e9e":"16 minutes"},"schema":{"@context":"https:\/\/schema.org","@graph":[{"@type":"WebPage","@id":"https:\/\/www.avant-pays-savoyard.com\/smaps\/project\/mobilite-velo\/","url":"https:\/\/www.avant-pays-savoyard.com\/smaps\/project\/mobilite-velo\/","name":"Mobilit\u00e9 | Avant Pays Savoyard","isPartOf":{"@id":"https:\/\/www.avant-pays-savoyard.com\/smaps\/#website"},"primaryImageOfPage":{"@id":"https:\/\/www.avant-pays-savoyard.com\/smaps\/project\/mobilite-velo\/#primaryimage"},"image":{"@id":"https:\/\/www.avant-pays-savoyard.com\/smaps\/project\/mobilite-velo\/#primaryimage"},"thumbnailUrl":"https:\/\/www.avant-pays-savoyard.com\/smaps\/wp-content\/uploads\/2024\/04\/logo_amici_alcotra_colore_sfondo-trasparente.png","datePublished":"2020-06-02T09:12:16+00:00","dateModified":"2026-03-27T08:53:03+00:00","description":"Mobilit\u00e9 | Services de Mobilit\u00e9 et Transports de l'Avant Pays Savoyard","breadcrumb":{"@id":"https:\/\/www.avant-pays-savoyard.com\/smaps\/project\/mobilite-velo\/#breadcrumb"},"inLanguage":"fr-FR","potentialAction":[{"@type":"ReadAction","target":["https:\/\/www.avant-pays-savoyard.com\/smaps\/project\/mobilite-velo\/"]}]},{"@type":"ImageObject","inLanguage":"fr-FR","@id":"https:\/\/www.avant-pays-savoyard.com\/smaps\/project\/mobilite-velo\/#primaryimage","url":"https:\/\/www.avant-pays-savoyard.com\/smaps\/wp-content\/uploads\/2024\/04\/logo_amici_alcotra_colore_sfondo-trasparente.png","contentUrl":"https:\/\/www.avant-pays-savoyard.com\/smaps\/wp-content\/uploads\/2024\/04\/logo_amici_alcotra_colore_sfondo-trasparente.png","width":3395,"height":1865},{"@type":"BreadcrumbList","@id":"https:\/\/www.avant-pays-savoyard.com\/smaps\/project\/mobilite-velo\/#breadcrumb","itemListElement":[{"@type":"ListItem","position":1,"name":"Accueil","item":"https:\/\/www.avant-pays-savoyard.com\/smaps\/"},{"@type":"ListItem","position":2,"name":"Projets","item":"https:\/\/www.avant-pays-savoyard.com\/smaps\/project\/"},{"@type":"ListItem","position":3,"name":"Am\u00e9nagement","item":"https:\/\/www.avant-pays-savoyard.com\/smaps\/project_category\/amenagement\/"},{"@type":"ListItem","position":4,"name":"Mobilit\u00e9"}]},{"@type":"WebSite","@id":"https:\/\/www.avant-pays-savoyard.com\/smaps\/#website","url":"https:\/\/www.avant-pays-savoyard.com\/smaps\/","name":"Syndicat Mixte Avant-Pays Savoyard","description":"Site du SMAPS","publisher":{"@id":"https:\/\/www.avant-pays-savoyard.com\/smaps\/#organization"},"potentialAction":[{"@type":"SearchAction","target":{"@type":"EntryPoint","urlTemplate":"https:\/\/www.avant-pays-savoyard.com\/smaps\/?s={search_term_string}"},"query-input":{"@type":"PropertyValueSpecification","valueRequired":true,"valueName":"search_term_string"}}],"inLanguage":"fr-FR"},{"@type":"Organization","@id":"https:\/\/www.avant-pays-savoyard.com\/smaps\/#organization","name":"Avant Pays Savoyard","url":"https:\/\/www.avant-pays-savoyard.com\/smaps\/","logo":{"@type":"ImageObject","inLanguage":"fr-FR","@id":"https:\/\/www.avant-pays-savoyard.com\/smaps\/#\/schema\/logo\/image\/","url":"https:\/\/www.avant-pays-savoyard.com\/smaps\/wp-content\/uploads\/2020\/11\/logo-smaps.png","contentUrl":"https:\/\/www.avant-pays-savoyard.com\/smaps\/wp-content\/uploads\/2020\/11\/logo-smaps.png","width":1617,"height":738,"caption":"Avant Pays Savoyard"},"image":{"@id":"https:\/\/www.avant-pays-savoyard.com\/smaps\/#\/schema\/logo\/image\/"},"sameAs":["https:\/\/www.facebook.com\/philippe.smaps?eid=ARBa3pcAa8gXFS8WNK_PRvsO8QdGpgIOahlkYUZ_fHoQSowEaz5KpN0GqL0PUxNL0ZbTsFwcVmpWqAsm"]}]}},"publishpress_future_workflow_manual_trigger":{"enabledWorkflows":[]},"_links":{"self":[{"href":"https:\/\/www.avant-pays-savoyard.com\/smaps\/wp-json\/wp\/v2\/project\/1205","targetHints":{"allow":["GET"]}}],"collection":[{"href":"https:\/\/www.avant-pays-savoyard.com\/smaps\/wp-json\/wp\/v2\/project"}],"about":[{"href":"https:\/\/www.avant-pays-savoyard.com\/smaps\/wp-json\/wp\/v2\/types\/project"}],"author":[{"embeddable":true,"href":"https:\/\/www.avant-pays-savoyard.com\/smaps\/wp-json\/wp\/v2\/users\/2"}],"replies":[{"embeddable":true,"href":"https:\/\/www.avant-pays-savoyard.com\/smaps\/wp-json\/wp\/v2\/comments?post=1205"}],"version-history":[{"count":60,"href":"https:\/\/www.avant-pays-savoyard.com\/smaps\/wp-json\/wp\/v2\/project\/1205\/revisions"}],"predecessor-version":[{"id":7163,"href":"https:\/\/www.avant-pays-savoyard.com\/smaps\/wp-json\/wp\/v2\/project\/1205\/revisions\/7163"}],"wp:attachment":[{"href":"https:\/\/www.avant-pays-savoyard.com\/smaps\/wp-json\/wp\/v2\/media?parent=1205"}],"wp:term":[{"taxonomy":"project_category","embeddable":true,"href":"https:\/\/www.avant-pays-savoyard.com\/smaps\/wp-json\/wp\/v2\/project_category?post=1205"},{"taxonomy":"project_tag","embeddable":true,"href":"https:\/\/www.avant-pays-savoyard.com\/smaps\/wp-json\/wp\/v2\/project_tag?post=1205"}],"curies":[{"name":"wp","href":"https:\/\/api.w.org\/{rel}","templated":true}]}}