{"id":1540,"date":"2020-06-09T10:41:12","date_gmt":"2020-06-09T08:41:12","guid":{"rendered":"https:\/\/www.avant-pays-savoyard.com\/smaps\/?post_type=project&#038;p=1540"},"modified":"2020-12-09T11:24:35","modified_gmt":"2020-12-09T10:24:35","slug":"soutien-a-industrie","status":"publish","type":"project","link":"https:\/\/www.avant-pays-savoyard.com\/smaps\/project\/soutien-a-industrie\/","title":{"rendered":"Soutien \u00e0 l&rsquo;industrie"},"content":{"rendered":"[et_pb_section fb_built=\u00a0\u00bb1&Prime; _builder_version=\u00a0\u00bb4.4.5&Prime; background_color=\u00a0\u00bb#fbfdfe\u00a0\u00bb custom_margin=\u00a0\u00bb0px||0px||true|false\u00a0\u00bb custom_padding=\u00a0\u00bb0px||0px||true|false\u00a0\u00bb][et_pb_row _builder_version=\u00a0\u00bb4.4.5&Prime; width=\u00a0\u00bb100%\u00a0\u00bb max_width=\u00a0\u00bb100%\u00a0\u00bb custom_margin=\u00a0\u00bb0px||0px||true|false\u00a0\u00bb custom_padding=\u00a0\u00bb0px||0px||true|false\u00a0\u00bb][et_pb_column type=\u00a0\u00bb4_4&Prime; _builder_version=\u00a0\u00bb4.4.5&Prime;][et_pb_image src=\u00a0\u00bbhttps:\/\/www.avant-pays-savoyard.com\/smaps\/wp-content\/uploads\/2020\/06\/reprentreprise.png\u00a0\u00bb title_text=\u00a0\u00bbreprentreprise\u00a0\u00bb show_bottom_space=\u00a0\u00bboff\u00a0\u00bb _builder_version=\u00a0\u00bb4.7.2&Prime; custom_margin=\u00a0\u00bb0px||0px||false|false\u00a0\u00bb custom_padding=\u00a0\u00bb0px||0px||true|false\u00a0\u00bb][\/et_pb_image][\/et_pb_column][\/et_pb_row][et_pb_row _builder_version=\u00a0\u00bb4.4.5&Prime; background_color=\u00a0\u00bb#fbfdfe\u00a0\u00bb custom_margin=\u00a0\u00bb||-1px||false|false\u00a0\u00bb custom_padding=\u00a0\u00bb||0px||false|false\u00a0\u00bb][et_pb_column type=\u00a0\u00bb4_4&Prime; _builder_version=\u00a0\u00bb4.4.5&Prime;][et_pb_code _builder_version=\u00a0\u00bb4.4.5&Prime; custom_margin=\u00a0\u00bb||14px|||\u00a0\u00bb]<span><span><a href=\"https:\/\/www.avant-pays-savoyard.com\/smaps\/\">Accueil<\/a><\/span><\/span>[\/et_pb_code][\/et_pb_column][\/et_pb_row][\/et_pb_section][et_pb_section fb_built=\u00a0\u00bb1&Prime; _builder_version=\u00a0\u00bb4.4.5&Prime; background_color=\u00a0\u00bb#FBFDFE\u00a0\u00bb custom_margin=\u00a0\u00bb0px||0px||false|false\u00a0\u00bb custom_padding=\u00a0\u00bb0px||0px||false|false\u00a0\u00bb][et_pb_row _builder_version=\u00a0\u00bb4.4.5&Prime; custom_margin=\u00a0\u00bb0px||0px||false|false\u00a0\u00bb custom_padding=\u00a0\u00bb0px||0px||false|false\u00a0\u00bb][et_pb_column type=\u00a0\u00bb4_4&Prime; _builder_version=\u00a0\u00bb4.4.5&Prime;][et_pb_text _builder_version=\u00a0\u00bb4.7.2&Prime; text_font=\u00a0\u00bbInter|700|||||||\u00a0\u00bb text_text_color=\u00a0\u00bb#010101&Prime; text_font_size=\u00a0\u00bb33px\u00a0\u00bb header_text_color=\u00a0\u00bb#010101&Prime; custom_margin=\u00a0\u00bb4px||-14px||false|false\u00a0\u00bb custom_padding=\u00a0\u00bb0px||0px||false|false\u00a0\u00bb]\n<h1 style=\"text-align: center;\"><strong>Soutien \u00e0 l&rsquo;industrie<\/strong><\/h1>\n<div id=\"gtx-trans\" style=\"position: absolute; left: 370px; top: 73.4375px;\">\n<div class=\"gtx-trans-icon\"><\/div>\n<\/div>\n[\/et_pb_text][\/et_pb_column][\/et_pb_row][\/et_pb_section][et_pb_section fb_built=\u00a0\u00bb1&Prime; custom_padding_last_edited=\u00a0\u00bbon|phone\u00a0\u00bb _builder_version=\u00a0\u00bb4.4.5&Prime; background_color=\u00a0\u00bb#FBFDFE\u00a0\u00bb custom_margin_tablet=\u00a0\u00bb-1px||-1px||true|false\u00a0\u00bb custom_margin_phone=\u00a0\u00bb\u00a0\u00bb custom_margin_last_edited=\u00a0\u00bbon|tablet\u00a0\u00bb custom_padding_tablet=\u00a0\u00bb9px||9px||true|false\u00a0\u00bb custom_padding_phone=\u00a0\u00bb\u00a0\u00bb][et_pb_row _builder_version=\u00a0\u00bb4.4.5&Prime; custom_margin=\u00a0\u00bb0px||0px||false|false\u00a0\u00bb custom_padding=\u00a0\u00bb0px||0px||false|false\u00a0\u00bb][et_pb_column type=\u00a0\u00bb4_4&Prime; _builder_version=\u00a0\u00bb4.4.5&Prime;][et_pb_text _builder_version=\u00a0\u00bb4.4.5&Prime; text_text_color=\u00a0\u00bb#4BD9A1&Prime; text_font_size=\u00a0\u00bb18px\u00a0\u00bb header_3_text_color=\u00a0\u00bb#4bd9a1&Prime; header_3_font_size=\u00a0\u00bb20px\u00a0\u00bb custom_margin=\u00a0\u00bb0px|||0px|false|false\u00a0\u00bb custom_padding=\u00a0\u00bb4px|||||\u00a0\u00bb]\n<p style=\"text-align: center;\"><span style=\"color: #55b192;\">La mission locale de l&rsquo;agence Auvergne Rh\u00f4ne-Alpes Entreprises aupr\u00e8s des entreprises industrielles<\/span><\/p>\n[\/et_pb_text][\/et_pb_column][\/et_pb_row][\/et_pb_section][et_pb_section fb_built=\u00a0\u00bb1&Prime; custom_padding_last_edited=\u00a0\u00bbon|tablet\u00a0\u00bb _builder_version=\u00a0\u00bb4.4.5&Prime; background_color=\u00a0\u00bb#FBFDFE\u00a0\u00bb custom_margin_tablet=\u00a0\u00bb-1px||-1px||true|false\u00a0\u00bb custom_margin_phone=\u00a0\u00bb\u00a0\u00bb custom_margin_last_edited=\u00a0\u00bbon|tablet\u00a0\u00bb custom_padding_tablet=\u00a0\u00bb0px||0px||true|false\u00a0\u00bb custom_padding_phone=\u00a0\u00bb\u00a0\u00bb][et_pb_row _builder_version=\u00a0\u00bb4.4.5&Prime; custom_margin=\u00a0\u00bb0px||0px||true|false\u00a0\u00bb custom_padding=\u00a0\u00bb0px||0px||true|false\u00a0\u00bb][et_pb_column type=\u00a0\u00bb4_4&Prime; _builder_version=\u00a0\u00bb4.4.5&Prime;][et_pb_text _builder_version=\u00a0\u00bb4.4.5&Prime; text_font=\u00a0\u00bbInter||||||||\u00a0\u00bb custom_margin=\u00a0\u00bb0px||0px||true|false\u00a0\u00bb custom_padding=\u00a0\u00bb0px||0px||false|false\u00a0\u00bb]Dans le cadre de la loi 2015-991, <strong>dite loi NOTRe<\/strong>, les r\u00f4les respectifs des R\u00e9gions, D\u00e9partements et du bloc Communal ont \u00e9t\u00e9 red\u00e9finis, notamment en mati\u00e8re de d\u00e9veloppement \u00e9conomique.<\/p>\n<p><strong>L\u2019Agence Auvergne-Rh\u00f4ne-Alpes Entreprises<\/strong> est ainsi n\u00e9e de la volont\u00e9 du Conseil R\u00e9gional de rassembler les structures \u00e9conomiques de l\u2019ensemble de son territoire pour soutenir les entreprises, <strong>en lien avec les EPCI et les D\u00e9partements<\/strong>. L\u2019Agence R\u00e9gionale est une association, sans but lucratif, financ\u00e9e par les pouvoirs publics, principalement le Conseil R\u00e9gional. L\u2019Agence qui rassemble aujourd\u2019hui pr\u00e8s de <strong>130 salari\u00e9s<\/strong> est d\u00e9ploy\u00e9e sur l\u2019ensemble du territoire de la r\u00e9gion \u00e0 travers <strong>onze antennes r\u00e9parties sur les douze d\u00e9partements<\/strong>.<\/p>\n<p>Chaque antenne repr\u00e9sente l\u2019agence r\u00e9gionale de proximit\u00e9 pour les entreprises et les \u00e9lus des territoires, et ses<br \/>\n\u00e9quipes r\u00e9pondent aux besoins des entreprises sur les 5 domaines suivants\u00a0:<br \/>\n[\/et_pb_text][\/et_pb_column][\/et_pb_row][et_pb_row column_structure=\u00a0\u00bb1_3,1_3,1_3&Prime; _builder_version=\u00a0\u00bb4.4.5&Prime; custom_margin_tablet=\u00a0\u00bb\u00a0\u00bb custom_margin_phone=\u00a0\u00bb\u00a0\u00bb custom_margin_last_edited=\u00a0\u00bbon|desktop\u00a0\u00bb custom_padding=\u00a0\u00bb|||90px||\u00a0\u00bb custom_css_main_element=\u00a0\u00bbjustify-content: space-evenly;||display:flex;\u00a0\u00bb][et_pb_column type=\u00a0\u00bb1_3&Prime; _builder_version=\u00a0\u00bb4.4.5&Prime; custom_css_main_element=\u00a0\u00bbbackground-color:rgb(255,255,255);||justify-content:center;||width:200px !important;||height:200px;||border-radius:5px;||align-items:center;\u00a0\u00bb box_shadow_style=\u00a0\u00bbpreset1&Prime; box_shadow_blur=\u00a0\u00bb13px\u00a0\u00bb box_shadow_spread=\u00a0\u00bb-7px\u00a0\u00bb][et_pb_image src=\u00a0\u00bbhttps:\/\/www.avant-pays-savoyard.com\/smaps\/wp-content\/uploads\/2020\/06\/mission1.png\u00a0\u00bb title_text=\u00a0\u00bbmission1&Prime; align=\u00a0\u00bbcenter\u00a0\u00bb _builder_version=\u00a0\u00bb4.4.5&Prime; custom_margin=\u00a0\u00bb19px||||false|false\u00a0\u00bb][\/et_pb_image][et_pb_text _builder_version=\u00a0\u00bb4.4.5&Prime; custom_margin=\u00a0\u00bb20px||||false|false\u00a0\u00bb]\n<p style=\"text-align: center;\">\u00a0 D\u00e9veloppement\u00a0 \u00a0 \u00e9conomique<\/p>\n[\/et_pb_text][\/et_pb_column][et_pb_column type=\u00a0\u00bb1_3&Prime; _builder_version=\u00a0\u00bb4.4.5&Prime; custom_css_main_element=\u00a0\u00bbbackground-color:rgb(255,255,255);||justify-content:center;||width:200px !important;||height:200px;||border-radius:5px;||align-items:center;\u00a0\u00bb box_shadow_style=\u00a0\u00bbpreset1&Prime; box_shadow_blur=\u00a0\u00bb13px\u00a0\u00bb box_shadow_spread=\u00a0\u00bb-7px\u00a0\u00bb][et_pb_image src=\u00a0\u00bbhttps:\/\/www.avant-pays-savoyard.com\/smaps\/wp-content\/uploads\/2020\/06\/mission2.png\u00a0\u00bb title_text=\u00a0\u00bbmission2&Prime; align=\u00a0\u00bbcenter\u00a0\u00bb _builder_version=\u00a0\u00bb4.4.5&Prime; custom_margin=\u00a0\u00bb25px||||false|false\u00a0\u00bb][\/et_pb_image][et_pb_text _builder_version=\u00a0\u00bb4.4.5&Prime; custom_margin=\u00a0\u00bb20px||||false|false\u00a0\u00bb]\n<p style=\"text-align: center;\">Innovation<\/p>\n[\/et_pb_text][\/et_pb_column][et_pb_column type=\u00a0\u00bb1_3&Prime; _builder_version=\u00a0\u00bb4.4.5&Prime; custom_css_main_element=\u00a0\u00bbbackground-color:rgb(255,255,255);||justify-content:center;||width:200px !important;||height:200px;||border-radius:5px;||align-items:center;\u00a0\u00bb box_shadow_style=\u00a0\u00bbpreset1&Prime; box_shadow_blur=\u00a0\u00bb13px\u00a0\u00bb box_shadow_spread=\u00a0\u00bb-7px\u00a0\u00bb][et_pb_image src=\u00a0\u00bbhttps:\/\/www.avant-pays-savoyard.com\/smaps\/wp-content\/uploads\/2020\/06\/mission3.png\u00a0\u00bb title_text=\u00a0\u00bbmission3&Prime; align=\u00a0\u00bbcenter\u00a0\u00bb _builder_version=\u00a0\u00bb4.4.5&Prime; custom_margin=\u00a0\u00bb25px||||false|false\u00a0\u00bb][\/et_pb_image][et_pb_text _builder_version=\u00a0\u00bb4.4.5&Prime; custom_margin=\u00a0\u00bb20px||||false|false\u00a0\u00bb]\n<p style=\"text-align: center;\">Europe &#8211; International<\/p>\n[\/et_pb_text][\/et_pb_column][\/et_pb_row][et_pb_row column_structure=\u00a0\u00bb1_2,1_2&Prime; _builder_version=\u00a0\u00bb4.4.5&Prime; custom_padding=\u00a0\u00bb|||90px||\u00a0\u00bb custom_css_main_element=\u00a0\u00bbjustify-content: space-evenly;||display:flex;\u00a0\u00bb][et_pb_column type=\u00a0\u00bb1_2&Prime; _builder_version=\u00a0\u00bb4.4.5&Prime; custom_css_main_element=\u00a0\u00bbbackground-color:rgb(255,255,255);||justify-content:center;||width:200px !important;||height:200px;||border-radius:5px;||align-items:center;\u00a0\u00bb box_shadow_style=\u00a0\u00bbpreset1&Prime; box_shadow_blur=\u00a0\u00bb13px\u00a0\u00bb box_shadow_spread=\u00a0\u00bb-7px\u00a0\u00bb][et_pb_image src=\u00a0\u00bbhttps:\/\/www.avant-pays-savoyard.com\/smaps\/wp-content\/uploads\/2020\/06\/mission4.png\u00a0\u00bb title_text=\u00a0\u00bbmission4&Prime; align=\u00a0\u00bbcenter\u00a0\u00bb _builder_version=\u00a0\u00bb4.4.5&Prime; custom_margin=\u00a0\u00bb25px||||false|false\u00a0\u00bb][\/et_pb_image][et_pb_text _builder_version=\u00a0\u00bb4.4.5&Prime; custom_margin=\u00a0\u00bb20px||||false|false\u00a0\u00bb]\n<p style=\"text-align: center;\">Emploi &#8211; Formation<\/p>\n[\/et_pb_text][\/et_pb_column][et_pb_column type=\u00a0\u00bb1_2&Prime; _builder_version=\u00a0\u00bb4.4.5&Prime; custom_css_main_element=\u00a0\u00bbbackground-color:rgb(255,255,255);||justify-content:center;||width:200px !important;||height:200px;||border-radius:5px;||align-items:center;\u00a0\u00bb box_shadow_style=\u00a0\u00bbpreset1&Prime; box_shadow_blur=\u00a0\u00bb13px\u00a0\u00bb box_shadow_spread=\u00a0\u00bb-7px\u00a0\u00bb][et_pb_image src=\u00a0\u00bbhttps:\/\/www.avant-pays-savoyard.com\/smaps\/wp-content\/uploads\/2020\/06\/mission5.png\u00a0\u00bb title_text=\u00a0\u00bbmission5&Prime; align=\u00a0\u00bbcenter\u00a0\u00bb _builder_version=\u00a0\u00bb4.4.5&Prime; custom_margin=\u00a0\u00bb25px||||false|false\u00a0\u00bb][\/et_pb_image][et_pb_text _builder_version=\u00a0\u00bb4.4.5&Prime; custom_margin=\u00a0\u00bb20px||||false|false\u00a0\u00bb]\n<p style=\"text-align: center;\">Attractivit\u00e9<\/p>\n[\/et_pb_text][\/et_pb_column][\/et_pb_row][\/et_pb_section][et_pb_section fb_built=\u00a0\u00bb1&Prime; _builder_version=\u00a0\u00bb4.4.5&Prime; background_color=\u00a0\u00bb#fbfdfe\u00a0\u00bb][et_pb_row _builder_version=\u00a0\u00bb4.4.5&Prime; custom_margin=\u00a0\u00bb0px||0px||true|false\u00a0\u00bb custom_padding=\u00a0\u00bb0px||0px||true|false\u00a0\u00bb][et_pb_column type=\u00a0\u00bb4_4&Prime; _builder_version=\u00a0\u00bb4.4.5&Prime;][et_pb_text _builder_version=\u00a0\u00bb4.4.5&Prime; text_font=\u00a0\u00bbInter||||||||\u00a0\u00bb custom_margin=\u00a0\u00bb0px||0px||true|false\u00a0\u00bb custom_padding=\u00a0\u00bb0px||0px||false|false\u00a0\u00bb]En Savoie, l\u2019antenne a fusionn\u00e9 les \u00e9quipes de l\u2019ex agence \u00e9conomique d\u00e9partementale, le CRITT de Savoie, Maurienne Expansion, Albertville Tarentaise expansion et le service \u00e9conomique du Syndicat Mixte de l\u2019Avant Pays Savoyard. Le souhait, port\u00e9 avec l\u2019appui du d\u00e9partement de la Savoie et des territoires, a \u00e9t\u00e9 de capitaliser sur la pr\u00e9sence en proximit\u00e9 aupr\u00e8s des entreprises mises en place depuis de longues ann\u00e9es, tout en apportant la force de frappe de la R\u00e9gion au travers de son sch\u00e9ma r\u00e9gional de d\u00e9veloppement \u00e9conomique (SRDEII Auvergne Rh\u00f4ne-Alpes).<br \/>\n[\/et_pb_text][\/et_pb_column][\/et_pb_row][et_pb_row _builder_version=\u00a0\u00bb4.4.5&Prime; custom_margin=\u00a0\u00bb|auto|-29px|auto||\u00a0\u00bb][et_pb_column type=\u00a0\u00bb4_4&Prime; _builder_version=\u00a0\u00bb4.4.5&Prime;][et_pb_text admin_label=\u00a0\u00bbTexte son role\u00a0\u00bb _builder_version=\u00a0\u00bb4.4.5&Prime; text_font=\u00a0\u00bbInter|700|||||||\u00a0\u00bb text_text_color=\u00a0\u00bb#010101&Prime; text_font_size=\u00a0\u00bb26px\u00a0\u00bb]Enjeux et objectifs<br \/>\n[\/et_pb_text][et_pb_text _builder_version=\u00a0\u00bb4.4.5&Prime; custom_margin=\u00a0\u00bb20px||40px||false|false\u00a0\u00bb]<strong>Pour r\u00e9pondre aux besoins des entreprises du territoire<\/strong>, l\u2019Agence r\u00e9gionale d\u00e9ploie une offre de services r\u00e9pondant \u00e0 tous leurs enjeux structurels : Choisir un territoire pour s&rsquo;implanter\u00a0; Financer son d\u00e9veloppement\u00a0; Am\u00e9liorer l&rsquo;efficacit\u00e9 de son organisation\u00a0; Recruter, se former, former ses \u00e9quipes\u00a0; Acc\u00e9der aux financements europ\u00e9ens\u00a0; Se positionner \u00e0 l&rsquo;international\u00a0; Innover\u00a0; S\u2019inspirer, chercher des id\u00e9es, \u00e9changer, collaborer\u00a0; Valoriser son entreprise et son projet\u00a0; S&rsquo;informer.<\/p>\n<p>&nbsp;<\/p>\n<p><strong>Sur le terrain<\/strong>, la charg\u00e9e d\u2019affaire pr\u00e9sent sur l\u2019Avant Pays Savoyard est<strong> le r\u00e9f\u00e9rent identifi\u00e9 par les chefs d\u2019entreprises cibles<\/strong>. Pour cela, elle assure des rendez-vous ou contacts r\u00e9guliers avec eux pour \u00eatre au courant de leur situation, leur projet et ainsi les accompagner en direct ou par l\u2019interm\u00e9diaire de mise en lien ou de fl\u00e9chage vers des dispositifs d\u2019appui techniques et financiers r\u00e9gionaux ou autres.<\/p>\n<p><span style=\"text-decoration: underline;\"><a href=\"https:\/\/ambitioneco.auvergnerhonealpes.fr\/379-offre-economique-%20regionale.htm\" target=\"_blank\" rel=\"noopener noreferrer\">La r\u00e9gion a d\u00e9ploy\u00e9 ainsi 12 programmes pour accompagner les entreprises\u00a0<\/a><\/span><br \/>\nLa force d\u00e9sormais de cette organisation est de pouvoir mobiliser pour les entreprises locales, toutes les comp\u00e9tences et expertises de l\u2019ensemble des agents de l\u2019agence et de son r\u00e9seau.<\/p>\n<p>&nbsp;<\/p>\n<p>C\u2019est \u00e9galement par le travail \u00e9troit et r\u00e9gulier avec <span style=\"text-decoration: underline;\"><a href=\"https:\/\/www.agir-rhone-alpes.com\" target=\"_blank\" rel=\"noopener noreferrer\">le club des industriels de l\u2019Avant Pays Savoyard nomm\u00e9 \u00ab\u00a0AGIR\u00a0\u00bb<\/a> <\/span>que le d\u00e9ploiement de cet appui de proximit\u00e9 est facilit\u00e9 et amplifi\u00e9. Ce groupement, \u00e0 l\u2019origine impuls\u00e9 par le SMAPS et ses partenaires comme l\u2019agence \u00e9conomique de la Savoie et le CRITT, perdure apr\u00e8s 8 ann\u00e9es d\u2019activit\u00e9 et compte en 2020 plus de 36 adh\u00e9rents et d\u00e9veloppe ses liens avec les r\u00e9seaux d\u2019entreprises voisins comme Bugey d\u00e9veloppement ou Entrepreneurs en Chartreuse.<\/p>\n<p>Enfin,<strong> la C.C Val Guiers<\/strong> a \u00e9t\u00e9 retenue fin 2018 dans le cadre du <strong>dispositif national \u00ab\u00a0Territoires d\u2019industrie\u00a0\u00bb<\/strong> et \u00e0 ce titre a int\u00e9gr\u00e9 l\u2019un des 148 p\u00e9rim\u00e8tres identifi\u00e9s avec les R\u00e9gions et les intercommunalit\u00e9s. Ce programme vise les territoires pr\u00e9sentant des potentiels de r\u00e9industrialisation, vers lesquels plus de 1,3 milliard d\u2019euros sont orient\u00e9s prioritairement. <strong>La charg\u00e9e d\u2019affaire de l\u2019agence sur le territoire apporte son appui et expertise<\/strong> aux r\u00e9flexions et \u00e0 la mise en \u0153uvre des actions aux c\u00f4t\u00e9s du charg\u00e9e de mission d\u00e9veloppement \u00e9conomique de la C.C Val Guiers.<br \/>\n[\/et_pb_text][et_pb_text admin_label=\u00a0\u00bbTexte son role\u00a0\u00bb _builder_version=\u00a0\u00bb4.4.5&Prime; text_font=\u00a0\u00bbInter|700|||||||\u00a0\u00bb text_text_color=\u00a0\u00bb#010101&Prime; text_font_size=\u00a0\u00bb26px\u00a0\u00bb]Territoires concern\u00e9s<br \/>\n[\/et_pb_text][et_pb_text _builder_version=\u00a0\u00bb4.4.5&Prime; custom_margin=\u00a0\u00bb20px||40px||false|false\u00a0\u00bb]L\u2019ensemble des communes des 3 EPCI de l\u2019Avant Pays Savoyard et les communes savoyardes de la communaut\u00e9 de communes C\u0153ur de Chartreuse.<br \/>\n[\/et_pb_text][et_pb_text admin_label=\u00a0\u00bbTexte son role\u00a0\u00bb _builder_version=\u00a0\u00bb4.4.5&Prime; text_font=\u00a0\u00bbInter|700|||||||\u00a0\u00bb text_text_color=\u00a0\u00bb#010101&Prime; text_font_size=\u00a0\u00bb26px\u00a0\u00bb]Publics cibles<br \/>\n[\/et_pb_text][et_pb_text _builder_version=\u00a0\u00bb4.4.5&Prime; custom_margin=\u00a0\u00bb20px||40px||false|false\u00a0\u00bb]Les entreprises industrielles et de services \u00e0 l\u2019industrie de l\u2019Avant Pays Savoyard Chartreuse.<br \/>\n[\/et_pb_text][\/et_pb_column][\/et_pb_row][\/et_pb_section][et_pb_section fb_built=\u00a0\u00bb1&Prime; _builder_version=\u00a0\u00bb4.4.5&Prime; background_color=\u00a0\u00bb#FBFDFE\u00a0\u00bb custom_margin=\u00a0\u00bb||-15px||false|false\u00a0\u00bb custom_padding=\u00a0\u00bb||0px||false|false\u00a0\u00bb][et_pb_row _builder_version=\u00a0\u00bb4.4.5&Prime; custom_margin=\u00a0\u00bb-40px|auto||auto||\u00a0\u00bb][et_pb_column type=\u00a0\u00bb4_4&Prime; _builder_version=\u00a0\u00bb4.4.5&Prime;][et_pb_text admin_label=\u00a0\u00bbTexte son role\u00a0\u00bb _builder_version=\u00a0\u00bb4.4.5&Prime; text_font=\u00a0\u00bbInter|700|||||||\u00a0\u00bb text_text_color=\u00a0\u00bb#010101&Prime; text_font_size=\u00a0\u00bb26px\u00a0\u00bb]R\u00e9alisations phares<br \/>\n[\/et_pb_text][et_pb_text _builder_version=\u00a0\u00bb4.4.5&Prime; custom_margin=\u00a0\u00bb20px||-3px||false|false\u00a0\u00bb]Accompagnement et suivi du projet de d\u00e9m\u00e9nagement des locaux d\u2019<strong>Agrati France<\/strong> (La Bridoire) sur Belmont Tramonet\u00a0; B\u00e2timent port\u00e9 par la SAS de la Savoie dans le cadre de la Tranche 1 et Tranche 2, la tranche 3 est en r\u00e9flexion.<\/p>\n<p>Appui de l\u2019entreprise <strong>APIRA Plasturgie<\/strong> (ZA Val Guiers &#8211; Belmont-Tramonet) sur son projet d\u2019investissement \u00ab\u00a0parc machines\u00a0\u00bb avec dans le cadre du dispositif \u00ab Solution investissement &#8211; Industrie du futur\u00a0\u00bb de la\u00a0R\u00e9gion Auvergne-Rh\u00f4ne-Alpes, l\u2019obtention d\u2019une subvention de 66\u00a0K\u20ac.<\/p>\n<p>Appui de l\u2019entreprise <strong>Burais Conception M\u00e9canique<\/strong> (Zi la GIRONDIERE\u2013 St B\u00e9ron) sur sa strat\u00e9gie de d\u00e9veloppement et sa s\u00e9curisation financi\u00e8re, avec l\u2019obtention pour ses nouveaux investissements machines d\u00e9di\u00e9s d\u2019une subvention de la r\u00e9gion d\u2019un montant de 44 K\u20ac.<\/p>\n<p>Co-organisation avec le club d\u2019industriels local \u00ab\u00a0AGIR\u00a0\u00bb de soir\u00e9es conf\u00e9rence ou ateliers\u00a0: mise en place de la RGPD dans les entreprises (intervention cabinet FIDAL ), atelier RH \u00abBoostez ses recrutement par le digital\u00a0\u00bb<br \/>\n[\/et_pb_text][\/et_pb_column][\/et_pb_row][et_pb_row column_structure=\u00a0\u00bb1_3,1_3,1_3&Prime; _builder_version=\u00a0\u00bb4.4.5&Prime;][et_pb_column type=\u00a0\u00bb1_3&Prime; _builder_version=\u00a0\u00bb4.4.5&Prime;][et_pb_text _builder_version=\u00a0\u00bb4.4.5&Prime; text_font=\u00a0\u00bbInter||||||||\u00a0\u00bb]\n<p><strong>Charg\u00e9 de mission r\u00e9f\u00e9rent<\/strong>\u00a0:<br \/>Marie PAYART<br \/> <span>06 69 47 50 03 &#8211; <a href=\"mailto:mpayart@auvergnerhonealpes-entreprises.fr\">Email<\/a><\/span><\/p>\n[\/et_pb_text][\/et_pb_column][et_pb_column type=\u00a0\u00bb1_3&Prime; _builder_version=\u00a0\u00bb4.4.5&Prime;][et_pb_text _builder_version=\u00a0\u00bb4.4.5&Prime; text_font=\u00a0\u00bbInter||||||||\u00a0\u00bb]<strong><b>\u00c9lu r\u00e9f\u00e9rent<\/b><\/strong><br \/>\n[\/et_pb_text][\/et_pb_column][et_pb_column type=\u00a0\u00bb1_3&Prime; _builder_version=\u00a0\u00bb4.4.5&Prime;][et_pb_text _builder_version=\u00a0\u00bb4.4.5&Prime; text_font=\u00a0\u00bbInter||||||||\u00a0\u00bb]<strong>Instance de pilotage<\/strong><br \/>\n&#8212;<br \/>\n[\/et_pb_text][\/et_pb_column][\/et_pb_row][\/et_pb_section]\n","protected":false},"excerpt":{"rendered":"<p><span><span><a href=\"https:\/\/www.avant-pays-savoyard.com\/smaps\/\">Accueil<\/a><\/span><\/span>Soutien \u00e0 l&rsquo;industrie La mission locale de l&rsquo;agence Auvergne Rh\u00f4ne-Alpes Entreprises aupr\u00e8s des entreprises industriellesDans le cadre de la loi 2015-991, dite loi NOTRe, les r\u00f4les respectifs des R\u00e9gions, D\u00e9partements et du bloc Communal ont \u00e9t\u00e9 red\u00e9finis, notamment en mati\u00e8re de d\u00e9veloppement \u00e9conomique. L\u2019Agence Auvergne-Rh\u00f4ne-Alpes Entreprises est ainsi n\u00e9e de la volont\u00e9 du Conseil R\u00e9gional [&hellip;]<\/p>\n","protected":false},"author":2,"featured_media":0,"comment_status":"closed","ping_status":"closed","template":"","meta":{"_et_pb_use_builder":"on","_et_pb_old_content":"","_et_gb_content_width":"","_monsterinsights_skip_tracking":false,"_monsterinsights_sitenote_active":false,"_monsterinsights_sitenote_note":"","_monsterinsights_sitenote_category":0,"footnotes":""},"project_category":[26],"project_tag":[],"class_list":["post-1540","project","type-project","status-publish","hentry","project_category-developpement-activites"],"yoast_head":"<!-- This site is optimized with the Yoast SEO plugin v27.5 - https:\/\/yoast.com\/product\/yoast-seo-wordpress\/ -->\n<title>Soutien \u00e0 l&#039;industrie | Avant Pays Savoyard<\/title>\n<meta name=\"description\" content=\"Soutien \u00e0 l&#039;industrie | Avant Pays Savoyard\" \/>\n<meta name=\"robots\" content=\"index, follow, max-snippet:-1, max-image-preview:large, max-video-preview:-1\" \/>\n<link rel=\"canonical\" href=\"https:\/\/www.avant-pays-savoyard.com\/smaps\/project\/soutien-a-industrie\/\" \/>\n<meta property=\"og:locale\" content=\"fr_FR\" \/>\n<meta property=\"og:type\" content=\"article\" \/>\n<meta property=\"og:title\" content=\"Soutien \u00e0 l&#039;industrie | Avant Pays Savoyard\" \/>\n<meta property=\"og:description\" content=\"Soutien \u00e0 l&#039;industrie | Avant Pays Savoyard\" \/>\n<meta property=\"og:url\" content=\"https:\/\/www.avant-pays-savoyard.com\/smaps\/project\/soutien-a-industrie\/\" \/>\n<meta property=\"og:site_name\" content=\"Syndicat Mixte Avant-Pays Savoyard\" \/>\n<meta property=\"article:publisher\" content=\"https:\/\/www.facebook.com\/philippe.smaps?eid=ARBa3pcAa8gXFS8WNK_PRvsO8QdGpgIOahlkYUZ_fHoQSowEaz5KpN0GqL0PUxNL0ZbTsFwcVmpWqAsm\" \/>\n<meta property=\"article:modified_time\" content=\"2020-12-09T10:24:35+00:00\" \/>\n<meta name=\"twitter:card\" content=\"summary_large_image\" \/>\n<meta name=\"twitter:label1\" content=\"Dur\u00e9e de lecture estim\u00e9e\" \/>\n\t<meta name=\"twitter:data1\" content=\"11 minutes\" \/>\n<script type=\"application\/ld+json\" class=\"yoast-schema-graph\">{\"@context\":\"https:\\\/\\\/schema.org\",\"@graph\":[{\"@type\":\"WebPage\",\"@id\":\"https:\\\/\\\/www.avant-pays-savoyard.com\\\/smaps\\\/project\\\/soutien-a-industrie\\\/\",\"url\":\"https:\\\/\\\/www.avant-pays-savoyard.com\\\/smaps\\\/project\\\/soutien-a-industrie\\\/\",\"name\":\"Soutien \u00e0 l'industrie | Avant Pays Savoyard\",\"isPartOf\":{\"@id\":\"https:\\\/\\\/www.avant-pays-savoyard.com\\\/smaps\\\/#website\"},\"datePublished\":\"2020-06-09T08:41:12+00:00\",\"dateModified\":\"2020-12-09T10:24:35+00:00\",\"description\":\"Soutien \u00e0 l'industrie | Avant Pays Savoyard\",\"breadcrumb\":{\"@id\":\"https:\\\/\\\/www.avant-pays-savoyard.com\\\/smaps\\\/project\\\/soutien-a-industrie\\\/#breadcrumb\"},\"inLanguage\":\"fr-FR\",\"potentialAction\":[{\"@type\":\"ReadAction\",\"target\":[\"https:\\\/\\\/www.avant-pays-savoyard.com\\\/smaps\\\/project\\\/soutien-a-industrie\\\/\"]}]},{\"@type\":\"BreadcrumbList\",\"@id\":\"https:\\\/\\\/www.avant-pays-savoyard.com\\\/smaps\\\/project\\\/soutien-a-industrie\\\/#breadcrumb\",\"itemListElement\":[{\"@type\":\"ListItem\",\"position\":1,\"name\":\"Accueil\",\"item\":\"https:\\\/\\\/www.avant-pays-savoyard.com\\\/smaps\\\/\"},{\"@type\":\"ListItem\",\"position\":2,\"name\":\"Projets\",\"item\":\"https:\\\/\\\/www.avant-pays-savoyard.com\\\/smaps\\\/project\\\/\"},{\"@type\":\"ListItem\",\"position\":3,\"name\":\"D\u00e9veloppement d'activit\u00e9s\",\"item\":\"https:\\\/\\\/www.avant-pays-savoyard.com\\\/smaps\\\/project_category\\\/developpement-activites\\\/\"},{\"@type\":\"ListItem\",\"position\":4,\"name\":\"Soutien \u00e0 l&rsquo;industrie\"}]},{\"@type\":\"WebSite\",\"@id\":\"https:\\\/\\\/www.avant-pays-savoyard.com\\\/smaps\\\/#website\",\"url\":\"https:\\\/\\\/www.avant-pays-savoyard.com\\\/smaps\\\/\",\"name\":\"Syndicat Mixte Avant-Pays Savoyard\",\"description\":\"Site du SMAPS\",\"publisher\":{\"@id\":\"https:\\\/\\\/www.avant-pays-savoyard.com\\\/smaps\\\/#organization\"},\"potentialAction\":[{\"@type\":\"SearchAction\",\"target\":{\"@type\":\"EntryPoint\",\"urlTemplate\":\"https:\\\/\\\/www.avant-pays-savoyard.com\\\/smaps\\\/?s={search_term_string}\"},\"query-input\":{\"@type\":\"PropertyValueSpecification\",\"valueRequired\":true,\"valueName\":\"search_term_string\"}}],\"inLanguage\":\"fr-FR\"},{\"@type\":\"Organization\",\"@id\":\"https:\\\/\\\/www.avant-pays-savoyard.com\\\/smaps\\\/#organization\",\"name\":\"Avant Pays Savoyard\",\"url\":\"https:\\\/\\\/www.avant-pays-savoyard.com\\\/smaps\\\/\",\"logo\":{\"@type\":\"ImageObject\",\"inLanguage\":\"fr-FR\",\"@id\":\"https:\\\/\\\/www.avant-pays-savoyard.com\\\/smaps\\\/#\\\/schema\\\/logo\\\/image\\\/\",\"url\":\"https:\\\/\\\/www.avant-pays-savoyard.com\\\/smaps\\\/wp-content\\\/uploads\\\/2020\\\/11\\\/logo-smaps.png\",\"contentUrl\":\"https:\\\/\\\/www.avant-pays-savoyard.com\\\/smaps\\\/wp-content\\\/uploads\\\/2020\\\/11\\\/logo-smaps.png\",\"width\":1617,\"height\":738,\"caption\":\"Avant Pays Savoyard\"},\"image\":{\"@id\":\"https:\\\/\\\/www.avant-pays-savoyard.com\\\/smaps\\\/#\\\/schema\\\/logo\\\/image\\\/\"},\"sameAs\":[\"https:\\\/\\\/www.facebook.com\\\/philippe.smaps?eid=ARBa3pcAa8gXFS8WNK_PRvsO8QdGpgIOahlkYUZ_fHoQSowEaz5KpN0GqL0PUxNL0ZbTsFwcVmpWqAsm\"]}]}<\/script>\n<!-- \/ Yoast SEO plugin. -->","yoast_head_json":{"title":"Soutien \u00e0 l'industrie | Avant Pays Savoyard","description":"Soutien \u00e0 l'industrie | Avant Pays Savoyard","robots":{"index":"index","follow":"follow","max-snippet":"max-snippet:-1","max-image-preview":"max-image-preview:large","max-video-preview":"max-video-preview:-1"},"canonical":"https:\/\/www.avant-pays-savoyard.com\/smaps\/project\/soutien-a-industrie\/","og_locale":"fr_FR","og_type":"article","og_title":"Soutien \u00e0 l'industrie | Avant Pays Savoyard","og_description":"Soutien \u00e0 l'industrie | Avant Pays Savoyard","og_url":"https:\/\/www.avant-pays-savoyard.com\/smaps\/project\/soutien-a-industrie\/","og_site_name":"Syndicat Mixte Avant-Pays Savoyard","article_publisher":"https:\/\/www.facebook.com\/philippe.smaps?eid=ARBa3pcAa8gXFS8WNK_PRvsO8QdGpgIOahlkYUZ_fHoQSowEaz5KpN0GqL0PUxNL0ZbTsFwcVmpWqAsm","article_modified_time":"2020-12-09T10:24:35+00:00","twitter_card":"summary_large_image","twitter_misc":{"Dur\u00e9e de lecture estim\u00e9e":"11 minutes"},"schema":{"@context":"https:\/\/schema.org","@graph":[{"@type":"WebPage","@id":"https:\/\/www.avant-pays-savoyard.com\/smaps\/project\/soutien-a-industrie\/","url":"https:\/\/www.avant-pays-savoyard.com\/smaps\/project\/soutien-a-industrie\/","name":"Soutien \u00e0 l'industrie | Avant Pays Savoyard","isPartOf":{"@id":"https:\/\/www.avant-pays-savoyard.com\/smaps\/#website"},"datePublished":"2020-06-09T08:41:12+00:00","dateModified":"2020-12-09T10:24:35+00:00","description":"Soutien \u00e0 l'industrie | Avant Pays Savoyard","breadcrumb":{"@id":"https:\/\/www.avant-pays-savoyard.com\/smaps\/project\/soutien-a-industrie\/#breadcrumb"},"inLanguage":"fr-FR","potentialAction":[{"@type":"ReadAction","target":["https:\/\/www.avant-pays-savoyard.com\/smaps\/project\/soutien-a-industrie\/"]}]},{"@type":"BreadcrumbList","@id":"https:\/\/www.avant-pays-savoyard.com\/smaps\/project\/soutien-a-industrie\/#breadcrumb","itemListElement":[{"@type":"ListItem","position":1,"name":"Accueil","item":"https:\/\/www.avant-pays-savoyard.com\/smaps\/"},{"@type":"ListItem","position":2,"name":"Projets","item":"https:\/\/www.avant-pays-savoyard.com\/smaps\/project\/"},{"@type":"ListItem","position":3,"name":"D\u00e9veloppement d'activit\u00e9s","item":"https:\/\/www.avant-pays-savoyard.com\/smaps\/project_category\/developpement-activites\/"},{"@type":"ListItem","position":4,"name":"Soutien \u00e0 l&rsquo;industrie"}]},{"@type":"WebSite","@id":"https:\/\/www.avant-pays-savoyard.com\/smaps\/#website","url":"https:\/\/www.avant-pays-savoyard.com\/smaps\/","name":"Syndicat Mixte Avant-Pays Savoyard","description":"Site du SMAPS","publisher":{"@id":"https:\/\/www.avant-pays-savoyard.com\/smaps\/#organization"},"potentialAction":[{"@type":"SearchAction","target":{"@type":"EntryPoint","urlTemplate":"https:\/\/www.avant-pays-savoyard.com\/smaps\/?s={search_term_string}"},"query-input":{"@type":"PropertyValueSpecification","valueRequired":true,"valueName":"search_term_string"}}],"inLanguage":"fr-FR"},{"@type":"Organization","@id":"https:\/\/www.avant-pays-savoyard.com\/smaps\/#organization","name":"Avant Pays Savoyard","url":"https:\/\/www.avant-pays-savoyard.com\/smaps\/","logo":{"@type":"ImageObject","inLanguage":"fr-FR","@id":"https:\/\/www.avant-pays-savoyard.com\/smaps\/#\/schema\/logo\/image\/","url":"https:\/\/www.avant-pays-savoyard.com\/smaps\/wp-content\/uploads\/2020\/11\/logo-smaps.png","contentUrl":"https:\/\/www.avant-pays-savoyard.com\/smaps\/wp-content\/uploads\/2020\/11\/logo-smaps.png","width":1617,"height":738,"caption":"Avant Pays Savoyard"},"image":{"@id":"https:\/\/www.avant-pays-savoyard.com\/smaps\/#\/schema\/logo\/image\/"},"sameAs":["https:\/\/www.facebook.com\/philippe.smaps?eid=ARBa3pcAa8gXFS8WNK_PRvsO8QdGpgIOahlkYUZ_fHoQSowEaz5KpN0GqL0PUxNL0ZbTsFwcVmpWqAsm"]}]}},"publishpress_future_workflow_manual_trigger":{"enabledWorkflows":[]},"_links":{"self":[{"href":"https:\/\/www.avant-pays-savoyard.com\/smaps\/wp-json\/wp\/v2\/project\/1540","targetHints":{"allow":["GET"]}}],"collection":[{"href":"https:\/\/www.avant-pays-savoyard.com\/smaps\/wp-json\/wp\/v2\/project"}],"about":[{"href":"https:\/\/www.avant-pays-savoyard.com\/smaps\/wp-json\/wp\/v2\/types\/project"}],"author":[{"embeddable":true,"href":"https:\/\/www.avant-pays-savoyard.com\/smaps\/wp-json\/wp\/v2\/users\/2"}],"replies":[{"embeddable":true,"href":"https:\/\/www.avant-pays-savoyard.com\/smaps\/wp-json\/wp\/v2\/comments?post=1540"}],"version-history":[{"count":15,"href":"https:\/\/www.avant-pays-savoyard.com\/smaps\/wp-json\/wp\/v2\/project\/1540\/revisions"}],"predecessor-version":[{"id":3029,"href":"https:\/\/www.avant-pays-savoyard.com\/smaps\/wp-json\/wp\/v2\/project\/1540\/revisions\/3029"}],"wp:attachment":[{"href":"https:\/\/www.avant-pays-savoyard.com\/smaps\/wp-json\/wp\/v2\/media?parent=1540"}],"wp:term":[{"taxonomy":"project_category","embeddable":true,"href":"https:\/\/www.avant-pays-savoyard.com\/smaps\/wp-json\/wp\/v2\/project_category?post=1540"},{"taxonomy":"project_tag","embeddable":true,"href":"https:\/\/www.avant-pays-savoyard.com\/smaps\/wp-json\/wp\/v2\/project_tag?post=1540"}],"curies":[{"name":"wp","href":"https:\/\/api.w.org\/{rel}","templated":true}]}}