{"id":3764,"date":"2021-11-24T10:41:27","date_gmt":"2021-11-24T09:41:27","guid":{"rendered":"https:\/\/www.avant-pays-savoyard.com\/smaps\/?post_type=project&#038;p=3764"},"modified":"2023-05-31T11:07:23","modified_gmt":"2023-05-31T09:07:23","slug":"chaleur_renouvelable","status":"publish","type":"project","link":"https:\/\/www.avant-pays-savoyard.com\/smaps\/project\/chaleur_renouvelable\/","title":{"rendered":"TEPOS &#8211; Dispositif &#8211; Chaleur renouvelable"},"content":{"rendered":"[et_pb_section fb_built=\u00a0\u00bb1&Prime; fullwidth=\u00a0\u00bbon\u00a0\u00bb disabled_on=\u00a0\u00bbon|on|on\u00a0\u00bb _builder_version=\u00a0\u00bb4.14.7&Prime; _module_preset=\u00a0\u00bbdefault\u00a0\u00bb disabled=\u00a0\u00bbon\u00a0\u00bb global_module=\u00a0\u00bb3550&Prime; saved_tabs=\u00a0\u00bball\u00a0\u00bb collapsed=\u00a0\u00bboff\u00a0\u00bb global_colors_info=\u00a0\u00bb{}\u00a0\u00bb][et_pb_fullwidth_image src=\u00a0\u00bbhttps:\/\/www.avant-pays-savoyard.com\/smaps\/wp-content\/uploads\/2021\/10\/en-tete-tepos.jpg\u00a0\u00bb alt=\u00a0\u00bbTerritoire \u00e0 \u00e9nergie positive : retour \u00e0 la page principale\u00a0\u00bb title_text=\u00a0\u00bbAteliers_climat_site_v2&Prime; url=\u00a0\u00bbhttps:\/\/www.avant-pays-savoyard.com\/smaps\/project\/energie-positive\/\u00a0\u00bb use_overlay=\u00a0\u00bbon\u00a0\u00bb overlay_icon_color=\u00a0\u00bbRGBA(255,255,255,0)\u00a0\u00bb hover_overlay_color=\u00a0\u00bbrgba(255,255,255,0.3)\u00a0\u00bb src_tablet=\u00a0\u00bb\u00a0\u00bb src_phone=\u00a0\u00bb\u00a0\u00bb src_last_edited=\u00a0\u00bbon|desktop\u00a0\u00bb _builder_version=\u00a0\u00bb4.16&Prime; _module_preset=\u00a0\u00bbdefault\u00a0\u00bb global_colors_info=\u00a0\u00bb{}\u00a0\u00bb][\/et_pb_fullwidth_image][\/et_pb_section][et_pb_section fb_built=\u00a0\u00bb1&Prime; _builder_version=\u00a0\u00bb4.16&Prime; _module_preset=\u00a0\u00bbdefault\u00a0\u00bb custom_margin=\u00a0\u00bb0px||0px||false|false\u00a0\u00bb custom_padding=\u00a0\u00bb0px||0px||false|false\u00a0\u00bb global_colors_info=\u00a0\u00bb{}\u00a0\u00bb][et_pb_row column_structure=\u00a0\u00bb3_4,1_4&Prime; use_custom_gutter=\u00a0\u00bbon\u00a0\u00bb make_equal=\u00a0\u00bbon\u00a0\u00bb _builder_version=\u00a0\u00bb4.16&Prime; _module_preset=\u00a0\u00bbdefault\u00a0\u00bb background_color=\u00a0\u00bbrgba(186,195,217,0.21)\u00a0\u00bb width=\u00a0\u00bb100%\u00a0\u00bb max_width=\u00a0\u00bb100%\u00a0\u00bb module_alignment=\u00a0\u00bbcenter\u00a0\u00bb custom_margin=\u00a0\u00bb0px||0px||false|false\u00a0\u00bb custom_padding=\u00a0\u00bb10px|10px|0px|10px|false|false\u00a0\u00bb global_colors_info=\u00a0\u00bb{}\u00a0\u00bb][et_pb_column type=\u00a0\u00bb3_4&Prime; _builder_version=\u00a0\u00bb4.16&Prime; _module_preset=\u00a0\u00bbdefault\u00a0\u00bb global_colors_info=\u00a0\u00bb{}\u00a0\u00bb][\/et_pb_column][et_pb_column type=\u00a0\u00bb1_4&Prime; _builder_version=\u00a0\u00bb4.16&Prime; _module_preset=\u00a0\u00bbdefault\u00a0\u00bb global_colors_info=\u00a0\u00bb{}\u00a0\u00bb][et_pb_blurb use_icon=\u00a0\u00bbon\u00a0\u00bb font_icon=\u00a0\u00bb&#xf4fc;||fa||900&Prime; icon_color=\u00a0\u00bb#BAC3D9&Prime; image_icon_background_color=\u00a0\u00bbRGBA(255,255,255,0)\u00a0\u00bb icon_placement=\u00a0\u00bbleft\u00a0\u00bb image_icon_width=\u00a0\u00bb36px\u00a0\u00bb _builder_version=\u00a0\u00bb4.16&Prime; _module_preset=\u00a0\u00bbdefault\u00a0\u00bb body_font=\u00a0\u00bb||||||||\u00a0\u00bb body_text_color=\u00a0\u00bb#233B4E\u00a0\u00bb body_font_size=\u00a0\u00bb14px\u00a0\u00bb body_line_height=\u00a0\u00bb1.3em\u00a0\u00bb module_alignment=\u00a0\u00bbcenter\u00a0\u00bb custom_margin=\u00a0\u00bb0px||0px||false|false\u00a0\u00bb custom_padding=\u00a0\u00bb0px||0px||false|false\u00a0\u00bb global_colors_info=\u00a0\u00bb{}\u00a0\u00bb]\n<p>Collectivit\u00e9s<br \/>Entreprises<br \/>Agriculteurs<\/p>\n[\/et_pb_blurb][\/et_pb_column][\/et_pb_row][\/et_pb_section][et_pb_section fb_built=\u00a0\u00bb1&Prime; _builder_version=\u00a0\u00bb4.16&Prime; background_color=\u00a0\u00bb#FBFDFE\u00a0\u00bb custom_margin=\u00a0\u00bb0px||0px||false|false\u00a0\u00bb custom_padding=\u00a0\u00bb0px||0px||false|false\u00a0\u00bb global_colors_info=\u00a0\u00bb{}\u00a0\u00bb][et_pb_row _builder_version=\u00a0\u00bb4.16&Prime; max_width=\u00a0\u00bb80%\u00a0\u00bb module_alignment=\u00a0\u00bbcenter\u00a0\u00bb custom_margin=\u00a0\u00bb0px||0px||false|false\u00a0\u00bb custom_padding=\u00a0\u00bb0px||0px||false|false\u00a0\u00bb global_colors_info=\u00a0\u00bb{}\u00a0\u00bb][et_pb_column type=\u00a0\u00bb4_4&Prime; _builder_version=\u00a0\u00bb4.16&Prime; global_colors_info=\u00a0\u00bb{}\u00a0\u00bb][et_pb_text _builder_version=\u00a0\u00bb4.16&Prime; text_font=\u00a0\u00bbInter|700|||||||\u00a0\u00bb text_text_color=\u00a0\u00bb#010101&Prime; text_font_size=\u00a0\u00bb33px\u00a0\u00bb custom_margin=\u00a0\u00bb4px||0px||false|false\u00a0\u00bb custom_padding=\u00a0\u00bb15px||24px||false|false\u00a0\u00bb global_colors_info=\u00a0\u00bb{}\u00a0\u00bb]\n<p style=\"text-align: center;\">Prime Chaleur Renouvelable<\/p>\n[\/et_pb_text][\/et_pb_column][\/et_pb_row][\/et_pb_section][et_pb_section fb_built=\u00a0\u00bb1&Prime; _builder_version=\u00a0\u00bb4.16&Prime; background_color=\u00a0\u00bb#FBFDFE\u00a0\u00bb custom_margin=\u00a0\u00bb0px||0px||false|false\u00a0\u00bb custom_padding=\u00a0\u00bb0px||0px||false|false\u00a0\u00bb global_colors_info=\u00a0\u00bb{}\u00a0\u00bb][et_pb_row _builder_version=\u00a0\u00bb4.16&Prime; max_width=\u00a0\u00bb80%\u00a0\u00bb module_alignment=\u00a0\u00bbcenter\u00a0\u00bb custom_padding=\u00a0\u00bb12px||0px|||\u00a0\u00bb global_colors_info=\u00a0\u00bb{}\u00a0\u00bb][et_pb_column type=\u00a0\u00bb4_4&Prime; _builder_version=\u00a0\u00bb4.16&Prime; global_colors_info=\u00a0\u00bb{}\u00a0\u00bb][et_pb_divider _builder_version=\u00a0\u00bb4.16&Prime; _module_preset=\u00a0\u00bbdefault\u00a0\u00bb custom_margin=\u00a0\u00bb15px||0px||false|false\u00a0\u00bb custom_padding=\u00a0\u00bb||0px||false|false\u00a0\u00bb global_colors_info=\u00a0\u00bb{}\u00a0\u00bb][\/et_pb_divider][\/et_pb_column][\/et_pb_row][\/et_pb_section][et_pb_section fb_built=\u00a0\u00bb1&Prime; make_equal=\u00a0\u00bbon\u00a0\u00bb use_custom_gutter=\u00a0\u00bbon\u00a0\u00bb gutter_width=\u00a0\u00bb2&Prime; specialty=\u00a0\u00bbon\u00a0\u00bb padding_top_bottom_link_1=\u00a0\u00bbfalse\u00a0\u00bb padding_top_bottom_link_2=\u00a0\u00bbfalse\u00a0\u00bb padding_left_right_link_1=\u00a0\u00bbfalse\u00a0\u00bb padding_left_right_link_2=\u00a0\u00bbfalse\u00a0\u00bb _builder_version=\u00a0\u00bb4.16&Prime; _module_preset=\u00a0\u00bbdefault\u00a0\u00bb width=\u00a0\u00bb100%\u00a0\u00bb max_width=\u00a0\u00bb100%\u00a0\u00bb module_alignment=\u00a0\u00bbcenter\u00a0\u00bb inner_width=\u00a0\u00bb80%\u00a0\u00bb inner_max_width=\u00a0\u00bb80%\u00a0\u00bb inner_module_alignment=\u00a0\u00bbcenter\u00a0\u00bb custom_padding=\u00a0\u00bb0px||47px||false|false\u00a0\u00bb global_colors_info=\u00a0\u00bb{}\u00a0\u00bb][et_pb_column type=\u00a0\u00bb2_3&Prime; specialty_columns=\u00a0\u00bb2&Prime; _builder_version=\u00a0\u00bb4.16&Prime; custom_padding=\u00a0\u00bb|||\u00a0\u00bb global_colors_info=\u00a0\u00bb{}\u00a0\u00bb custom_padding__hover=\u00a0\u00bb|||\u00a0\u00bb][et_pb_row_inner _builder_version=\u00a0\u00bb4.16&Prime; custom_margin=\u00a0\u00bb||0px||false|false\u00a0\u00bb custom_padding=\u00a0\u00bb13px||0px|||\u00a0\u00bb global_colors_info=\u00a0\u00bb{}\u00a0\u00bb][et_pb_column_inner saved_specialty_column_type=\u00a0\u00bb2_3&Prime; _builder_version=\u00a0\u00bb4.16&Prime; global_colors_info=\u00a0\u00bb{}\u00a0\u00bb][et_pb_image src=\u00a0\u00bbhttps:\/\/www.avant-pays-savoyard.com\/smaps\/wp-content\/uploads\/2021\/11\/Flyer_general_PCR_V4_page-0001.jpg\u00a0\u00bb title_text=\u00a0\u00bbFlyer_general_PCR_V4_page-0001&Prime; _builder_version=\u00a0\u00bb4.16&Prime; _module_preset=\u00a0\u00bbdefault\u00a0\u00bb global_colors_info=\u00a0\u00bb{}\u00a0\u00bb][\/et_pb_image][et_pb_image src=\u00a0\u00bbhttps:\/\/www.avant-pays-savoyard.com\/smaps\/wp-content\/uploads\/2021\/11\/Flyer_general_PCR_V4_page-0002.jpg\u00a0\u00bb title_text=\u00a0\u00bbFlyer_general_PCR_V4_page-0002&Prime; _builder_version=\u00a0\u00bb4.16&Prime; _module_preset=\u00a0\u00bbdefault\u00a0\u00bb global_colors_info=\u00a0\u00bb{}\u00a0\u00bb][\/et_pb_image][\/et_pb_column_inner][\/et_pb_row_inner][et_pb_row_inner _builder_version=\u00a0\u00bb4.16&Prime; custom_margin=\u00a0\u00bb||0px||false|false\u00a0\u00bb custom_padding=\u00a0\u00bb13px||0px|||\u00a0\u00bb global_colors_info=\u00a0\u00bb{}\u00a0\u00bb][et_pb_column_inner saved_specialty_column_type=\u00a0\u00bb2_3&Prime; _builder_version=\u00a0\u00bb4.16&Prime; global_colors_info=\u00a0\u00bb{}\u00a0\u00bb][et_pb_text admin_label=\u00a0\u00bbTexte son role\u00a0\u00bb _builder_version=\u00a0\u00bb4.20.0&Prime; text_font=\u00a0\u00bbInter|700|||||||\u00a0\u00bb text_text_color=\u00a0\u00bb#010101&Prime; text_font_size=\u00a0\u00bb26px\u00a0\u00bb custom_padding=\u00a0\u00bb||7px||false|false\u00a0\u00bb global_colors_info=\u00a0\u00bb{}\u00a0\u00bb]\n<p><span>La prime chaleur renouvelable<\/span><\/p>\n[\/et_pb_text][et_pb_text _builder_version=\u00a0\u00bb4.20.0&Prime; text_font=\u00a0\u00bbInter||||||||\u00a0\u00bb custom_margin=\u00a0\u00bb0px||0px||false|false\u00a0\u00bb custom_padding=\u00a0\u00bb0px||10px||false|false\u00a0\u00bb hover_enabled=\u00a0\u00bb0&Prime; global_colors_info=\u00a0\u00bb{}\u00a0\u00bb sticky_enabled=\u00a0\u00bb0&Prime;]\n<p>Vous \u00eates un professionnel, une collectivit\u00e9, une copropri\u00e9t\u00e9 ? Vous souhaitez d\u00e9velopper un projet d\u2019\u00e9nergie renouvelable thermique ? <strong>Grand Lac et le Syndicat Mixte de l\u2019Avant-Pays Savoyard vous accompagnent et financent vos projets jusqu\u2019\u00e0 60% gr\u00e2ce \u00e0 des fonds ADEME <\/strong>.<\/p>\n[\/et_pb_text][\/et_pb_column_inner][\/et_pb_row_inner][et_pb_row_inner _builder_version=\u00a0\u00bb4.16&Prime; custom_padding=\u00a0\u00bb2px||0px|||\u00a0\u00bb global_colors_info=\u00a0\u00bb{}\u00a0\u00bb][et_pb_column_inner saved_specialty_column_type=\u00a0\u00bb2_3&Prime; _builder_version=\u00a0\u00bb4.16&Prime; global_colors_info=\u00a0\u00bb{}\u00a0\u00bb][et_pb_divider _builder_version=\u00a0\u00bb4.16&Prime; _module_preset=\u00a0\u00bbdefault\u00a0\u00bb custom_margin=\u00a0\u00bb15px||0px||false|false\u00a0\u00bb custom_padding=\u00a0\u00bb||0px||false|false\u00a0\u00bb global_colors_info=\u00a0\u00bb{}\u00a0\u00bb][\/et_pb_divider][et_pb_text _builder_version=\u00a0\u00bb4.20.0&Prime; text_font=\u00a0\u00bbInter||||||||\u00a0\u00bb custom_margin=\u00a0\u00bb0px||0px||false|false\u00a0\u00bb custom_padding=\u00a0\u00bb0px||10px||false|false\u00a0\u00bb global_colors_info=\u00a0\u00bb{}\u00a0\u00bb]\n<h3>De quoi parle-t&rsquo;on ?<\/h3>\n[\/et_pb_text][et_pb_accordion open_toggle_text_color=\u00a0\u00bb#55B192&Prime; closed_toggle_text_color=\u00a0\u00bb#55B192&Prime; icon_color=\u00a0\u00bb#55B192&Prime; use_icon_font_size=\u00a0\u00bbon\u00a0\u00bb icon_font_size=\u00a0\u00bb19px\u00a0\u00bb _builder_version=\u00a0\u00bb4.20.0&Prime; _module_preset=\u00a0\u00bbdefault\u00a0\u00bb toggle_text_color=\u00a0\u00bb#55B192&Prime; toggle_font_size=\u00a0\u00bb17px\u00a0\u00bb toggle_line_height=\u00a0\u00bb1.4em\u00a0\u00bb closed_toggle_font_size=\u00a0\u00bb17px\u00a0\u00bb custom_margin=\u00a0\u00bb||||false|false\u00a0\u00bb hover_enabled=\u00a0\u00bb0&Prime; global_colors_info=\u00a0\u00bb{}\u00a0\u00bb icon_color__hover_enabled=\u00a0\u00bbon|desktop\u00a0\u00bb icon_color__hover=\u00a0\u00bb#F68F34&Prime; open_toggle_text_color__hover_enabled=\u00a0\u00bbon|desktop\u00a0\u00bb open_toggle_text_color__hover=\u00a0\u00bb#F68F34&Prime; closed_toggle_text_color__hover_enabled=\u00a0\u00bbon|desktop\u00a0\u00bb closed_toggle_text_color__hover=\u00a0\u00bb#F68F34&Prime; sticky_enabled=\u00a0\u00bb0&Prime;][et_pb_accordion_item title=\u00a0\u00bbPublic \u00e9ligible\u00a0\u00bb open=\u00a0\u00bbon\u00a0\u00bb open_toggle_text_color=\u00a0\u00bb#55B192&Prime; closed_toggle_text_color=\u00a0\u00bb#000000&Prime; icon_color=\u00a0\u00bb#44937A\u00a0\u00bb toggle_icon=\u00a0\u00bb&#xe050;||divi||400&Prime; use_icon_font_size=\u00a0\u00bbon\u00a0\u00bb icon_font_size=\u00a0\u00bb18px\u00a0\u00bb _builder_version=\u00a0\u00bb4.20.0&Prime; _module_preset=\u00a0\u00bbdefault\u00a0\u00bb body_link_font=\u00a0\u00bb||||on|||#55B192|\u00a0\u00bb body_link_text_color=\u00a0\u00bb#55B192&Prime; hover_enabled=\u00a0\u00bb0&Prime; icon_color__hover=\u00a0\u00bb#F68F34&Prime; icon_color__hover_enabled=\u00a0\u00bbon|desktop\u00a0\u00bb global_colors_info=\u00a0\u00bb{}\u00a0\u00bb body_link_text_color__hover_enabled=\u00a0\u00bbon|desktop\u00a0\u00bb body_link_text_color__hover=\u00a0\u00bb#F68F34&Prime; sticky_enabled=\u00a0\u00bb0&Prime;]\n<p>Tous les porteurs de projets avec un num\u00e9ro de SIRET, tous les secteurs d\u2019activit\u00e9, toutes les communes de Grand Lac et de l\u2019Avant-Pays Savoyard.<\/p>\n[\/et_pb_accordion_item][et_pb_accordion_item title=\u00a0\u00bbFili\u00e8res \u00e9ligibles\u00a0\u00bb open=\u00a0\u00bboff\u00a0\u00bb open_toggle_text_color=\u00a0\u00bb#55B192&Prime; closed_toggle_text_color=\u00a0\u00bb#000000&Prime; icon_color=\u00a0\u00bb#44937A\u00a0\u00bb toggle_icon=\u00a0\u00bb&#xe050;||divi||400&Prime; use_icon_font_size=\u00a0\u00bbon\u00a0\u00bb icon_font_size=\u00a0\u00bb18px\u00a0\u00bb _builder_version=\u00a0\u00bb4.20.0&Prime; _module_preset=\u00a0\u00bbdefault\u00a0\u00bb body_link_font=\u00a0\u00bb||||on|||#55B192|\u00a0\u00bb body_link_text_color=\u00a0\u00bb#55B192&Prime; icon_color__hover=\u00a0\u00bb#F68F34&Prime; icon_color__hover_enabled=\u00a0\u00bbon|desktop\u00a0\u00bb global_colors_info=\u00a0\u00bb{}\u00a0\u00bb body_link_text_color__hover_enabled=\u00a0\u00bbon|desktop\u00a0\u00bb body_link_text_color__hover=\u00a0\u00bb#F68F34&Prime;]\n<ul>\n<li><strong>Solaire thermique<\/strong><\/li>\n<\/ul>\n<p>Cette fili\u00e8re utilise l\u2019\u00e9nergie solaire pour la production d\u2019eau chaude. Cette solution est particuli\u00e8rement pertinente pour les usages d\u2019eau chaude sanitaire (douches et autres usages).<\/p>\n<p>\u21d2 Pour une premi\u00e8re approche, <a href=\"https:\/\/geoportail.rgd.fr\/vmap\/widget\/vmap?map_id=19&amp;token=b02f0182-7d09-11ec-b7c5-005056ab76a2&amp;widget_title=Portail%20cartographique&amp;layers_tool=true&amp;maps_tool=true&amp;helper_tool=true&amp;map_ext=602479.4960%7C5634162.561%7C851161.7897%7C5754488.525\" target=\"_blank\" rel=\"noopener\">n\u2019h\u00e9sitez pas \u00e0 consulter le cadastre solaire de la Savoie<\/a>.<\/p>\n<ul>\n<li><strong>G\u00e9othermie<\/strong><\/li>\n<\/ul>\n<p>La g\u00e9othermie (ici g\u00e9othermie superficielle) peut \u00eatre de 2 types : g\u00e9othermie sur nappe (captage puis r\u00e9injection de l\u2019eau d\u2019une nappe souterraine) ou g\u00e9othermie sur sondes (forages verticaux jusqu\u2019\u00e0 200 m pour \u00e9changer de l\u2019\u00e9nergie en circuit ferm\u00e9). Dans les deux cas, la g\u00e9othermie valorise l\u2019\u00e9nergie du sous-sol via une pompe \u00e0 chaleur. Elle peut couvrir les besoins de chauffage et de rafraichissement.<\/p>\n<p>\u21d2 Pour une premi\u00e8re approche, <a href=\"https:\/\/www.geothermies.fr\/viewer\/?extent=311160.4709%2C5590298.5007%2C775286.1066%2C5804322.1799&amp;al=region\/ARA\" target=\"_blank\" rel=\"noopener\">vous pouvez consulter la cartographie r\u00e9gionale<\/a>.<\/p>\n<ul>\n<li><strong>Bois \u00e9nergie<\/strong><\/li>\n<\/ul>\n<p>Le bois \u00e9nergie est l\u2019\u00e9nergie renouvelable historique et toujours en d\u00e9veloppement. Les chaudi\u00e8res bois sont g\u00e9n\u00e9ralement aliment\u00e9es par les granul\u00e9s (aussi appel\u00e9s pellets) ou par plaquettes (bois d\u00e9chiquet\u00e9).<\/p>\n<ul>\n<li><strong>R\u00e9seaux de chaleur<\/strong><\/li>\n<\/ul>\n<p>Les r\u00e9seaux de chaleur permettent de mutualiser une installation de production de chaleur entre plusieurs b\u00e2timents. Cela n\u00e9cessite une certaine proximit\u00e9 g\u00e9ographique entre les diff\u00e9rents usagers d\u2019un r\u00e9seau de chaleur.<\/p>\n[\/et_pb_accordion_item][et_pb_accordion_item title=\u00a0\u00bbProjets \u00e9ligibles\u00a0\u00bb open=\u00a0\u00bboff\u00a0\u00bb open_toggle_text_color=\u00a0\u00bb#55B192&Prime; closed_toggle_text_color=\u00a0\u00bb#000000&Prime; icon_color=\u00a0\u00bb#44937A\u00a0\u00bb toggle_icon=\u00a0\u00bb&#xe050;||divi||400&Prime; use_icon_font_size=\u00a0\u00bbon\u00a0\u00bb icon_font_size=\u00a0\u00bb18px\u00a0\u00bb _builder_version=\u00a0\u00bb4.20.0&Prime; _module_preset=\u00a0\u00bbdefault\u00a0\u00bb body_link_font=\u00a0\u00bb||||on|||#55B192|\u00a0\u00bb body_link_text_color=\u00a0\u00bb#55B192&Prime; icon_color__hover=\u00a0\u00bb#F68F34&Prime; icon_color__hover_enabled=\u00a0\u00bbon|desktop\u00a0\u00bb global_colors_info=\u00a0\u00bb{}\u00a0\u00bb body_link_text_color__hover_enabled=\u00a0\u00bbon|desktop\u00a0\u00bb body_link_text_color__hover=\u00a0\u00bb#F68F34&Prime;]\n<p>Les projets \u00e9ligibles peuvent porter sur des b\u00e2timents neufs ou des b\u00e2timents existants.<\/p>\n[\/et_pb_accordion_item][et_pb_accordion_item title=\u00a0\u00bbD\u00e9penses \u00e9ligibles\u00a0\u00bb open=\u00a0\u00bboff\u00a0\u00bb open_toggle_text_color=\u00a0\u00bb#55B192&Prime; closed_toggle_text_color=\u00a0\u00bb#000000&Prime; icon_color=\u00a0\u00bb#44937A\u00a0\u00bb toggle_icon=\u00a0\u00bb&#xe050;||divi||400&Prime; use_icon_font_size=\u00a0\u00bbon\u00a0\u00bb icon_font_size=\u00a0\u00bb18px\u00a0\u00bb _builder_version=\u00a0\u00bb4.20.0&Prime; _module_preset=\u00a0\u00bbdefault\u00a0\u00bb body_link_font=\u00a0\u00bb||||on|||#55B192|\u00a0\u00bb body_link_text_color=\u00a0\u00bb#55B192&Prime; icon_color__hover=\u00a0\u00bb#F68F34&Prime; icon_color__hover_enabled=\u00a0\u00bbon|desktop\u00a0\u00bb global_colors_info=\u00a0\u00bb{}\u00a0\u00bb body_link_text_color__hover_enabled=\u00a0\u00bbon|desktop\u00a0\u00bb body_link_text_color__hover=\u00a0\u00bb#F68F34&Prime;]\n<p>Les d\u00e9penses \u00e9ligibles sont de 2 types :<\/p>\n<ul>\n<li>\u00c9tudes d\u2019aide \u00e0 la d\u00e9cision : elles concernent les \u00e9tudes amont (hors \u00e9tudes de maitrise d\u2019\u0153uvre). Elles peuvent \u00eatre subventionn\u00e9es entre 50 et 70 % ;<\/li>\n<li>Investissement pour les syst\u00e8mes de production EnR thermique : jusqu\u2019\u00e0 60 % d\u2019aides.<\/li>\n<\/ul>\n[\/et_pb_accordion_item][et_pb_accordion_item title=\u00a0\u00bbPr\u00e9-requis et crit\u00e8res techniques\u00a0\u00bb open=\u00a0\u00bboff\u00a0\u00bb open_toggle_text_color=\u00a0\u00bb#55B192&Prime; closed_toggle_text_color=\u00a0\u00bb#000000&Prime; icon_color=\u00a0\u00bb#44937A\u00a0\u00bb toggle_icon=\u00a0\u00bb&#xe050;||divi||400&Prime; use_icon_font_size=\u00a0\u00bbon\u00a0\u00bb icon_font_size=\u00a0\u00bb18px\u00a0\u00bb _builder_version=\u00a0\u00bb4.20.0&Prime; _module_preset=\u00a0\u00bbdefault\u00a0\u00bb body_link_font=\u00a0\u00bb||||on|||#55B192|\u00a0\u00bb body_link_text_color=\u00a0\u00bb#55B192&Prime; body_ul_line_height=\u00a0\u00bb1.5em\u00a0\u00bb icon_color__hover=\u00a0\u00bb#F68F34&Prime; icon_color__hover_enabled=\u00a0\u00bbon|desktop\u00a0\u00bb global_colors_info=\u00a0\u00bb{}\u00a0\u00bb body_link_text_color__hover_enabled=\u00a0\u00bbon|desktop\u00a0\u00bb body_link_text_color__hover=\u00a0\u00bb#F68F34&Prime;]\n<p>Afin de pr\u00e9tendre \u00e0 la Prime Chaleur Renouvelable, votre projet doit respecter certains crit\u00e8res :<\/p>\n<ul>\n<li>L\u2019aide financi\u00e8re doit \u00eatre incitative : <strong>la candidature doit donc se faire avant toute signature de march\u00e9s ou de devis<\/strong> ;<\/li>\n<li>Les entreprises intervenant sur le projet doivent <strong>\u00eatre qualifi\u00e9es pour la fili\u00e8re EnR mise en \u0153uvre<\/strong> ;<\/li>\n<li>La mise en place d\u2019un suivi permettant le <strong>comptage de l\u2019\u00e9nergie produite<\/strong> est n\u00e9cessaire ;<\/li>\n<li>Les crit\u00e8res d\u2019\u00e9ligibilit\u00e9s et de financements (hormis les seuils planchers de production EnR) doivent \u00eatre respecter tels que d\u00e9finis par l\u2019ADEME sur la plateforme AGIR :<br \/><strong>\u00bb G\u00e9othermie :<\/strong> <a href=\"https:\/\/agirpourlatransition.ademe.fr\/entreprises\/aides-financieres\/2023\/installations-production-chaleur-froid-a-partir-geothermie-surface\" target=\"_blank\" rel=\"noopener\">https:\/\/agirpourlatransition.ademe.fr\/entreprises\/aides-financieres\/2023\/installations-production-chaleur-froid-a-partir-geothermie-surface<\/a><br \/><strong>\u00bb Biomasse :<\/strong> <a href=\"https:\/\/agirpourlatransition.ademe.fr\/entreprises\/aides-financieres\/2023\/realisation-dinstallations-production-chaleur-biomasse-bois\" target=\"_blank\" rel=\"noopener\">https:\/\/agirpourlatransition.ademe.fr\/entreprises\/aides-financieres\/2023\/realisation-dinstallations-production-chaleur-biomasse-bois<\/a><br \/><strong>\u00bb Solaire thermique :<\/strong> <a href=\"https:\/\/agirpourlatransition.ademe.fr\/entreprises\/aides-financieres\/2022\/aide-a-linstallation-production-deau-chaude-solaire-thermique-metropole\" target=\"_blank\" rel=\"noopener\">https:\/\/agirpourlatransition.ademe.fr\/entreprises\/aides-financieres\/2022\/aide-a-linstallation-production-deau-chaude-solaire-thermique-metropole<\/a><br \/><strong>\u00bb R\u00e9seaux de chaleur :<\/strong> <a href=\"https:\/\/agirpourlatransition.ademe.fr\/entreprises\/aides-financieres\/2023\/extension-creation-reseaux-chaleur-froid\" target=\"_blank\" rel=\"noopener\">https:\/\/agirpourlatransition.ademe.fr\/entreprises\/aides-financieres\/2023\/extension-creation-reseaux-chaleur-froid<\/a><\/li>\n<\/ul>\n[\/et_pb_accordion_item][et_pb_accordion_item title=\u00a0\u00bbLes avantages de la Prime Chaleur Renouvelable\u00a0\u00bb open=\u00a0\u00bboff\u00a0\u00bb open_toggle_text_color=\u00a0\u00bb#55B192&Prime; closed_toggle_text_color=\u00a0\u00bb#000000&Prime; icon_color=\u00a0\u00bb#44937A\u00a0\u00bb toggle_icon=\u00a0\u00bb&#xe050;||divi||400&Prime; use_icon_font_size=\u00a0\u00bbon\u00a0\u00bb icon_font_size=\u00a0\u00bb18px\u00a0\u00bb _builder_version=\u00a0\u00bb4.20.0&Prime; _module_preset=\u00a0\u00bbdefault\u00a0\u00bb body_link_font=\u00a0\u00bb||||on|||#55B192|\u00a0\u00bb body_link_text_color=\u00a0\u00bb#55B192&Prime; body_ul_line_height=\u00a0\u00bb1.5em\u00a0\u00bb icon_color__hover=\u00a0\u00bb#F68F34&Prime; icon_color__hover_enabled=\u00a0\u00bbon|desktop\u00a0\u00bb global_colors_info=\u00a0\u00bb{}\u00a0\u00bb body_link_text_color__hover_enabled=\u00a0\u00bbon|desktop\u00a0\u00bb body_link_text_color__hover=\u00a0\u00bb#F68F34&Prime;]\n<p>La Prime Chaleur Renouvelable vise \u00e0 massifier le d\u00e9veloppement des \u00e9nergies renouvelables thermiques et s\u2019appuie pour cela sur plusieurs points :<\/p>\n<ul>\n<li><strong>Aucun seuil plancher<\/strong> : les projets de toutes tailles peuvent \u00eatre accompagn\u00e9s ;<\/li>\n<li>Un interlocuteur d\u00e9di\u00e9 tout au long du projet, sur les aspects techniques et administratifs ;<\/li>\n<li>Un <strong>cahier des charges connu d\u00e8s le d\u00e9but<\/strong>, visant \u00e0 accompagner les maitres d\u2019ouvrage vers les bonnes pratiques ;<\/li>\n<li>Une <strong>visibilit\u00e9 du montant de l\u2019aide gr\u00e2ce aux forfaits<\/strong> ;<\/li>\n<li>Une instruction des dossiers fil de l\u2019eau jusqu\u2019en 2025 ;<\/li>\n<li>Des <strong>forfaits incitatifs<\/strong>.<\/li>\n<\/ul>\n[\/et_pb_accordion_item][\/et_pb_accordion][et_pb_divider _builder_version=\u00a0\u00bb4.16&Prime; _module_preset=\u00a0\u00bbdefault\u00a0\u00bb custom_margin=\u00a0\u00bb15px||0px||false|false\u00a0\u00bb custom_padding=\u00a0\u00bb||0px||false|false\u00a0\u00bb global_colors_info=\u00a0\u00bb{}\u00a0\u00bb][\/et_pb_divider][\/et_pb_column_inner][\/et_pb_row_inner][et_pb_row_inner _builder_version=\u00a0\u00bb4.20.0&Prime; custom_padding=\u00a0\u00bb2px||0px|||\u00a0\u00bb global_colors_info=\u00a0\u00bb{}\u00a0\u00bb][et_pb_column_inner saved_specialty_column_type=\u00a0\u00bb2_3&Prime; _builder_version=\u00a0\u00bb4.20.0&Prime; global_colors_info=\u00a0\u00bb{}\u00a0\u00bb][et_pb_text _builder_version=\u00a0\u00bb4.20.0&Prime; text_font=\u00a0\u00bbInter||||||||\u00a0\u00bb custom_margin=\u00a0\u00bb0px||0px||false|false\u00a0\u00bb custom_padding=\u00a0\u00bb0px||10px||false|false\u00a0\u00bb global_colors_info=\u00a0\u00bb{}\u00a0\u00bb]\n<h3>Processus de candidature<\/h3>\n[\/et_pb_text][et_pb_accordion open_toggle_text_color=\u00a0\u00bb#55B192&Prime; closed_toggle_text_color=\u00a0\u00bb#55B192&Prime; icon_color=\u00a0\u00bb#55B192&Prime; use_icon_font_size=\u00a0\u00bbon\u00a0\u00bb icon_font_size=\u00a0\u00bb19px\u00a0\u00bb _builder_version=\u00a0\u00bb4.20.0&Prime; _module_preset=\u00a0\u00bbdefault\u00a0\u00bb toggle_text_color=\u00a0\u00bb#55B192&Prime; toggle_font_size=\u00a0\u00bb17px\u00a0\u00bb toggle_line_height=\u00a0\u00bb1.4em\u00a0\u00bb closed_toggle_font_size=\u00a0\u00bb17px\u00a0\u00bb custom_margin=\u00a0\u00bb||||false|false\u00a0\u00bb global_colors_info=\u00a0\u00bb{}\u00a0\u00bb icon_color__hover_enabled=\u00a0\u00bbon|desktop\u00a0\u00bb icon_color__hover=\u00a0\u00bb#F68F34&Prime; open_toggle_text_color__hover_enabled=\u00a0\u00bbon|desktop\u00a0\u00bb open_toggle_text_color__hover=\u00a0\u00bb#F68F34&Prime; closed_toggle_text_color__hover_enabled=\u00a0\u00bbon|desktop\u00a0\u00bb closed_toggle_text_color__hover=\u00a0\u00bb#F68F34&Prime;][et_pb_accordion_item title=\u00a0\u00bbCandidater en amont\u00a0\u00bb open=\u00a0\u00bbon\u00a0\u00bb open_toggle_text_color=\u00a0\u00bb#55B192&Prime; closed_toggle_text_color=\u00a0\u00bb#000000&Prime; icon_color=\u00a0\u00bb#44937A\u00a0\u00bb toggle_icon=\u00a0\u00bb&#xe050;||divi||400&Prime; use_icon_font_size=\u00a0\u00bbon\u00a0\u00bb icon_font_size=\u00a0\u00bb18px\u00a0\u00bb _builder_version=\u00a0\u00bb4.20.0&Prime; _module_preset=\u00a0\u00bbdefault\u00a0\u00bb body_link_font=\u00a0\u00bb||||on|||#55B192|\u00a0\u00bb body_link_text_color=\u00a0\u00bb#55B192&Prime; icon_color__hover=\u00a0\u00bb#F68F34&Prime; icon_color__hover_enabled=\u00a0\u00bbon|desktop\u00a0\u00bb global_colors_info=\u00a0\u00bb{}\u00a0\u00bb body_link_text_color__hover_enabled=\u00a0\u00bbon|desktop\u00a0\u00bb body_link_text_color__hover=\u00a0\u00bb#F68F34&Prime;]\n<p>Vous devez nous transmettre une lettre de candidature <strong>avant toute signature de devis ou de march\u00e9s pour les travaux<\/strong> que vous souhaitez faire subventionner. Dans un premier temps cette lettre de candidature doit pr\u00e9senter la globalit\u00e9 du projet mais il n\u2019st pas n\u00e9cessaire de fournir d\u00e8s ce stade l\u2019ensemble des pi\u00e8ces justificatives.<br \/><strong>Une fois cette candidature re\u00e7ue par le service instructeur, vous pourrez signer les march\u00e9s et devis de travaux et r\u00e9aliser votre projet.<\/strong><\/p>\n[\/et_pb_accordion_item][et_pb_accordion_item title=\u00a0\u00bbPr\u00e9senter son dossier\u00a0\u00bb open_toggle_text_color=\u00a0\u00bb#55B192&Prime; closed_toggle_text_color=\u00a0\u00bb#000000&Prime; icon_color=\u00a0\u00bb#44937A\u00a0\u00bb toggle_icon=\u00a0\u00bb&#xe050;||divi||400&Prime; use_icon_font_size=\u00a0\u00bbon\u00a0\u00bb icon_font_size=\u00a0\u00bb18px\u00a0\u00bb _builder_version=\u00a0\u00bb4.20.0&Prime; _module_preset=\u00a0\u00bbdefault\u00a0\u00bb body_link_font=\u00a0\u00bb||||on|||#55B192|\u00a0\u00bb body_link_text_color=\u00a0\u00bb#55B192&Prime; icon_color__hover=\u00a0\u00bb#F68F34&Prime; icon_color__hover_enabled=\u00a0\u00bbon|desktop\u00a0\u00bb global_colors_info=\u00a0\u00bb{}\u00a0\u00bb body_link_text_color__hover_enabled=\u00a0\u00bbon|desktop\u00a0\u00bb body_link_text_color__hover=\u00a0\u00bb#F68F34&Prime; open=\u00a0\u00bboff\u00a0\u00bb]\n<p>Une fois votre projet suffisamment m\u00fbr et la conception d\u00e9taill\u00e9e, vous pourrez soumettre \u00e0 Grand Lac les pi\u00e8ces justificatives qui permettront \u00e0 l\u2019ADEME d\u2019instruire le dossier et d\u2019attribuer les subventions lors d\u2019un comit\u00e9 d\u2019engagement. Ce comit\u00e9 se tient tous les 2 \u00e0 4 mois en fonction du nombre de dossiers matures.<\/p>\n[\/et_pb_accordion_item][et_pb_accordion_item title=\u00a0\u00bbTravaux et mise en service\u00a0\u00bb open_toggle_text_color=\u00a0\u00bb#55B192&Prime; closed_toggle_text_color=\u00a0\u00bb#000000&Prime; icon_color=\u00a0\u00bb#44937A\u00a0\u00bb toggle_icon=\u00a0\u00bb&#xe050;||divi||400&Prime; use_icon_font_size=\u00a0\u00bbon\u00a0\u00bb icon_font_size=\u00a0\u00bb18px\u00a0\u00bb _builder_version=\u00a0\u00bb4.20.0&Prime; _module_preset=\u00a0\u00bbdefault\u00a0\u00bb body_link_font=\u00a0\u00bb||||on|||#55B192|\u00a0\u00bb body_link_text_color=\u00a0\u00bb#55B192&Prime; icon_color__hover=\u00a0\u00bb#F68F34&Prime; icon_color__hover_enabled=\u00a0\u00bbon|desktop\u00a0\u00bb global_colors_info=\u00a0\u00bb{}\u00a0\u00bb body_link_text_color__hover_enabled=\u00a0\u00bbon|desktop\u00a0\u00bb body_link_text_color__hover=\u00a0\u00bb#F68F34&Prime; open=\u00a0\u00bboff\u00a0\u00bb]\n<p>Une fois les travaux r\u00e9alis\u00e9s, le service instructeur organise une visite de contr\u00f4le permettant de v\u00e9rifier que la conception envisag\u00e9e de l\u2019installation est bien celle mise en \u0153uvre sur le projet.<\/p>\n<p><strong>\u00c0 l\u2019issue de la v\u00e9rification de la conformit\u00e9, 80 % du montant de la subvention est vers\u00e9e.<\/strong><\/p>\n<p>Rapidement apr\u00e8s la mise en service de l\u2019installation, le maitre d\u2019ouvrage <strong>doit mettre en place un suivi de la production de chaleur de l\u2019installation<\/strong>. Apr\u00e8s avoir effectu\u00e9 le suivi sur une ann\u00e9e compl\u00e8te, les <strong>20 % sont vers\u00e9s au prorata de la production r\u00e9elle<\/strong> de l\u2019installation par rapport \u00e0 la production estim\u00e9e en phase conception.<\/p>\n[\/et_pb_accordion_item][et_pb_accordion_item title=\u00a0\u00bbPlanning\u00a0\u00bb open_toggle_text_color=\u00a0\u00bb#55B192&Prime; closed_toggle_text_color=\u00a0\u00bb#000000&Prime; icon_color=\u00a0\u00bb#44937A\u00a0\u00bb toggle_icon=\u00a0\u00bb&#xe050;||divi||400&Prime; use_icon_font_size=\u00a0\u00bbon\u00a0\u00bb icon_font_size=\u00a0\u00bb18px\u00a0\u00bb _builder_version=\u00a0\u00bb4.20.0&Prime; _module_preset=\u00a0\u00bbdefault\u00a0\u00bb body_link_font=\u00a0\u00bb||||on|||#55B192|\u00a0\u00bb body_link_text_color=\u00a0\u00bb#55B192&Prime; icon_color__hover=\u00a0\u00bb#F68F34&Prime; icon_color__hover_enabled=\u00a0\u00bbon|desktop\u00a0\u00bb global_colors_info=\u00a0\u00bb{}\u00a0\u00bb body_link_text_color__hover_enabled=\u00a0\u00bbon|desktop\u00a0\u00bb body_link_text_color__hover=\u00a0\u00bb#F68F34&Prime; open=\u00a0\u00bboff\u00a0\u00bb]\n<p>La Prime Chaleur Renouvelable est un dispositif en vigueur au moins jusqu\u2019au mois d\u2019avril 2025. Au-del\u00e0 de cette date, aucun comit\u00e9 d\u2019engagement des aides ne sera fait.<\/p>\n<p>Les diff\u00e9rents dossiers sont instruits au fil de l\u2019eau :<\/p>\n<ul>\n<li>Pas de date limite (\u00e0 part celle de fin de dispositif) ;<\/li>\n<li>Attribution des aides par le comit\u00e9 d\u2019engagement (r\u00e9currence en fonction du nombre de projets).<\/li>\n<\/ul>\n[\/et_pb_accordion_item][\/et_pb_accordion][et_pb_divider _builder_version=\u00a0\u00bb4.16&Prime; _module_preset=\u00a0\u00bbdefault\u00a0\u00bb custom_margin=\u00a0\u00bb15px||0px||false|false\u00a0\u00bb custom_padding=\u00a0\u00bb||0px||false|false\u00a0\u00bb global_colors_info=\u00a0\u00bb{}\u00a0\u00bb][\/et_pb_divider][\/et_pb_column_inner][\/et_pb_row_inner][\/et_pb_column][et_pb_column type=\u00a0\u00bb1_3&Prime; _builder_version=\u00a0\u00bb4.16&Prime; custom_padding=\u00a0\u00bb|||\u00a0\u00bb global_colors_info=\u00a0\u00bb{}\u00a0\u00bb custom_padding__hover=\u00a0\u00bb|||\u00a0\u00bb][et_pb_text admin_label=\u00a0\u00bbTexte son role\u00a0\u00bb _builder_version=\u00a0\u00bb4.16&Prime; text_font=\u00a0\u00bbInter|700|||||||\u00a0\u00bb text_text_color=\u00a0\u00bb#010101&Prime; text_font_size=\u00a0\u00bb26px\u00a0\u00bb custom_padding_tablet=\u00a0\u00bb30px||||false|false\u00a0\u00bb custom_padding_phone=\u00a0\u00bb\u00a0\u00bb custom_padding_last_edited=\u00a0\u00bbon|phone\u00a0\u00bb global_colors_info=\u00a0\u00bb{}\u00a0\u00bb]\n<p>Contacts<\/p>\n[\/et_pb_text][et_pb_text _builder_version=\u00a0\u00bb4.20.0&Prime; text_font=\u00a0\u00bbExo||||||||\u00a0\u00bb global_colors_info=\u00a0\u00bb{}\u00a0\u00bb]\n<p><strong>Charg\u00e9 de mission Chaleur Renouvelable<br \/><\/strong>Maxime PIROT<br \/>07 88 68 02 83<br \/><a href=\"mailto:m.pirot@grand-lac.fr\">m.pirot@grand-lac.fr<\/a><\/p>\n[\/et_pb_text][et_pb_image src=\u00a0\u00bbhttps:\/\/www.avant-pays-savoyard.com\/smaps\/wp-content\/uploads\/2022\/12\/logo-SMAPS-TEPOS-1.png\u00a0\u00bb alt=\u00a0\u00bbLogo SMAPS &#8211; TEPOS &#8211; Territoire \u00e0 \u00e9nergie positive &#8211; Avant-Pays savoyard\u00a0\u00bb title_text=\u00a0\u00bbLogo SMAPS &#8211; TEPOS &#8211; Territoire \u00e0 \u00e9nergie positive &#8211; Avant-Pays savoyard\u00a0\u00bb url=\u00a0\u00bbhttps:\/\/www.avant-pays-savoyard.com\/smaps\/project\/energie-positive\/\u00a0\u00bb align=\u00a0\u00bbcenter\u00a0\u00bb _builder_version=\u00a0\u00bb4.14.7&Prime; _module_preset=\u00a0\u00bbdefault\u00a0\u00bb width=\u00a0\u00bb77%\u00a0\u00bb module_alignment=\u00a0\u00bbleft\u00a0\u00bb custom_margin=\u00a0\u00bb20px||||false|false\u00a0\u00bb custom_padding=\u00a0\u00bb||||false|false\u00a0\u00bb box_shadow_style=\u00a0\u00bbpreset3&Prime; box_shadow_color=\u00a0\u00bbrgba(0,0,0,0.16)\u00a0\u00bb global_module=\u00a0\u00bb3995&Prime; saved_tabs=\u00a0\u00bball\u00a0\u00bb global_colors_info=\u00a0\u00bb{}\u00a0\u00bb width__hover_enabled=\u00a0\u00bbon|hover\u00a0\u00bb width__hover=\u00a0\u00bb83%\u00a0\u00bb][\/et_pb_image][et_pb_button button_url=\u00a0\u00bbhttps:\/\/www.avant-pays-savoyard.com\/smaps\/project\/energie-positive\/\u00a0\u00bb button_text=\u00a0\u00bbTerritoire \u00e0 Energie Positive\u00a0\u00bb button_alignment=\u00a0\u00bbleft\u00a0\u00bb _builder_version=\u00a0\u00bb4.14.7&Prime; _module_preset=\u00a0\u00bbdefault\u00a0\u00bb custom_button=\u00a0\u00bbon\u00a0\u00bb button_text_size=\u00a0\u00bb15px\u00a0\u00bb button_text_color=\u00a0\u00bb#FFFFFF\u00a0\u00bb button_bg_color=\u00a0\u00bb#44937A\u00a0\u00bb button_font=\u00a0\u00bbExo|600||on|||||\u00a0\u00bb button_icon=\u00a0\u00bb&#x45;||divi||400&Prime; button_icon_color=\u00a0\u00bb#FFFFFF\u00a0\u00bb button_icon_placement=\u00a0\u00bbleft\u00a0\u00bb button_on_hover=\u00a0\u00bboff\u00a0\u00bb custom_padding=\u00a0\u00bb|16px||26px|false|false\u00a0\u00bb global_module=\u00a0\u00bb3619&Prime; saved_tabs=\u00a0\u00bball\u00a0\u00bb global_colors_info=\u00a0\u00bb{}\u00a0\u00bb button_bg_color__hover=\u00a0\u00bb#000000&Prime; button_bg_color__hover_enabled=\u00a0\u00bbon|hover\u00a0\u00bb][\/et_pb_button][et_pb_button button_url=\u00a0\u00bbhttps:\/\/www.avant-pays-savoyard.com\/smaps\/project\/territoire-a-energie-positive-la-demarche\/\u00a0\u00bb button_text=\u00a0\u00bbConna\u00eetre la d\u00e9marche\u00a0\u00bb button_alignment=\u00a0\u00bbleft\u00a0\u00bb _builder_version=\u00a0\u00bb4.14.7&Prime; _module_preset=\u00a0\u00bbdefault\u00a0\u00bb custom_button=\u00a0\u00bbon\u00a0\u00bb button_text_size=\u00a0\u00bb15px\u00a0\u00bb button_text_color=\u00a0\u00bb#FFFFFF\u00a0\u00bb button_bg_color=\u00a0\u00bb#72af9d\u00a0\u00bb button_font=\u00a0\u00bbExo|600||on|||||\u00a0\u00bb button_icon=\u00a0\u00bb&#x45;||divi||400&Prime; button_icon_color=\u00a0\u00bb#FFFFFF\u00a0\u00bb button_icon_placement=\u00a0\u00bbleft\u00a0\u00bb button_on_hover=\u00a0\u00bboff\u00a0\u00bb custom_margin=\u00a0\u00bb10px||||false|false\u00a0\u00bb custom_padding=\u00a0\u00bb|16px||26px|false|false\u00a0\u00bb global_module=\u00a0\u00bb3983&Prime; global_colors_info=\u00a0\u00bb{}\u00a0\u00bb button_bg_color__hover_enabled=\u00a0\u00bbon|hover\u00a0\u00bb button_bg_color__hover=\u00a0\u00bb#000000&Prime; button_bg_enable_color__hover=\u00a0\u00bbon\u00a0\u00bb][\/et_pb_button][et_pb_divider _builder_version=\u00a0\u00bb4.16&Prime; _module_preset=\u00a0\u00bbdefault\u00a0\u00bb custom_margin=\u00a0\u00bb15px||0px||false|false\u00a0\u00bb custom_padding=\u00a0\u00bb||0px||false|false\u00a0\u00bb global_colors_info=\u00a0\u00bb{}\u00a0\u00bb][\/et_pb_divider][et_pb_image src=\u00a0\u00bbhttps:\/\/www.avant-pays-savoyard.com\/smaps\/wp-content\/uploads\/2021\/10\/ademe-logo-2.jpg\u00a0\u00bb title_text=\u00a0\u00bbademe-logo-2&Prime; _builder_version=\u00a0\u00bb4.16&Prime; _module_preset=\u00a0\u00bbdefault\u00a0\u00bb width=\u00a0\u00bb41%\u00a0\u00bb module_alignment=\u00a0\u00bbcenter\u00a0\u00bb global_colors_info=\u00a0\u00bb{}\u00a0\u00bb][\/et_pb_image][et_pb_image src=\u00a0\u00bbhttps:\/\/www.avant-pays-savoyard.com\/smaps\/wp-content\/uploads\/2021\/11\/Fonds-Chaleur-Expertise-Financement-CMJN-scaled.jpg\u00a0\u00bb title_text=\u00a0\u00bbImpression\u00a0\u00bb _builder_version=\u00a0\u00bb4.16&Prime; _module_preset=\u00a0\u00bbdefault\u00a0\u00bb width=\u00a0\u00bb41%\u00a0\u00bb module_alignment=\u00a0\u00bbcenter\u00a0\u00bb global_colors_info=\u00a0\u00bb{}\u00a0\u00bb][\/et_pb_image][et_pb_divider _builder_version=\u00a0\u00bb4.16&Prime; _module_preset=\u00a0\u00bbdefault\u00a0\u00bb custom_margin=\u00a0\u00bb15px||0px||false|false\u00a0\u00bb custom_padding=\u00a0\u00bb||0px||false|false\u00a0\u00bb global_colors_info=\u00a0\u00bb{}\u00a0\u00bb][\/et_pb_divider][\/et_pb_column][\/et_pb_section][et_pb_section fb_built=\u00a0\u00bb1&Prime; _builder_version=\u00a0\u00bb4.11.2&Prime; _module_preset=\u00a0\u00bbdefault\u00a0\u00bb background_enable_image=\u00a0\u00bboff\u00a0\u00bb background_blend=\u00a0\u00bbsoft-light\u00a0\u00bb custom_margin=\u00a0\u00bb0px||||false|false\u00a0\u00bb custom_padding=\u00a0\u00bb0px||||false|false\u00a0\u00bb global_module=\u00a0\u00bb3607&Prime; saved_tabs=\u00a0\u00bball\u00a0\u00bb global_colors_info=\u00a0\u00bb{}\u00a0\u00bb][et_pb_row column_structure=\u00a0\u00bb1_4,1_4,1_4,1_4&Prime; use_custom_gutter=\u00a0\u00bbon\u00a0\u00bb _builder_version=\u00a0\u00bb4.16&Prime; _module_preset=\u00a0\u00bbdefault\u00a0\u00bb width=\u00a0\u00bb100%\u00a0\u00bb width_last_edited=\u00a0\u00bboff|desktop\u00a0\u00bb max_width=\u00a0\u00bb100%\u00a0\u00bb module_alignment=\u00a0\u00bbcenter\u00a0\u00bb custom_margin=\u00a0\u00bb0px||0px||false|false\u00a0\u00bb custom_padding=\u00a0\u00bb0px||0px||false|false\u00a0\u00bb global_colors_info=\u00a0\u00bb{}\u00a0\u00bb][et_pb_column type=\u00a0\u00bb1_4&Prime; _builder_version=\u00a0\u00bb4.16&Prime; _module_preset=\u00a0\u00bbdefault\u00a0\u00bb background_enable_image=\u00a0\u00bboff\u00a0\u00bb background_blend=\u00a0\u00bbsoft-light\u00a0\u00bb custom_padding=\u00a0\u00bb0px||0px||false|false\u00a0\u00bb border_width_all=\u00a0\u00bb1px\u00a0\u00bb border_color_all=\u00a0\u00bb#FFFFFF\u00a0\u00bb global_colors_info=\u00a0\u00bb{}\u00a0\u00bb][et_pb_cta button_url=\u00a0\u00bbhttps:\/\/www.avant-pays-savoyard.com\/smaps\/project\/energiepositive-collectivites\/\u00a0\u00bb button_text=\u00a0\u00bbVotre espace\u00a0\u00bb _builder_version=\u00a0\u00bb4.16&Prime; _module_preset=\u00a0\u00bbdefault\u00a0\u00bb body_font=\u00a0\u00bbExo|600||on|||||\u00a0\u00bb body_text_color=\u00a0\u00bb#FFFFFF\u00a0\u00bb body_font_size=\u00a0\u00bb25px\u00a0\u00bb use_background_color_gradient=\u00a0\u00bbon\u00a0\u00bb background_color_gradient_type=\u00a0\u00bbcircular\u00a0\u00bb background_color_gradient_stops=\u00a0\u00bbrgba(10,10,10,0.65) 13%|#333333 84%\u00a0\u00bb background_color_gradient_start=\u00a0\u00bbrgba(10,10,10,0.65)\u00a0\u00bb background_color_gradient_start_position=\u00a0\u00bb13%\u00a0\u00bb background_color_gradient_end=\u00a0\u00bb#333333&Prime; background_color_gradient_end_position=\u00a0\u00bb84%\u00a0\u00bb background_image=\u00a0\u00bbhttps:\/\/www.avant-pays-savoyard.com\/smaps\/wp-content\/uploads\/2021\/10\/illustration-collectivite.jpg\u00a0\u00bb background_blend=\u00a0\u00bbsoft-light\u00a0\u00bb custom_button=\u00a0\u00bbon\u00a0\u00bb button_text_size=\u00a0\u00bb14px\u00a0\u00bb button_text_color=\u00a0\u00bb#FFFFFF\u00a0\u00bb button_bg_color=\u00a0\u00bbrgba(128,197,167,0.86)\u00a0\u00bb button_border_width=\u00a0\u00bb0px\u00a0\u00bb button_border_color=\u00a0\u00bb#FFFFFF\u00a0\u00bb button_border_radius=\u00a0\u00bb13px\u00a0\u00bb button_font=\u00a0\u00bbExo||||||||\u00a0\u00bb button_use_icon=\u00a0\u00bboff\u00a0\u00bb custom_padding=\u00a0\u00bb60px||40px||false|false\u00a0\u00bb link_option_url=\u00a0\u00bbhttps:\/\/www.avant-pays-savoyard.com\/smaps\/project\/energiepositive-collectivites\/\u00a0\u00bb global_colors_info=\u00a0\u00bb{}\u00a0\u00bb button_bg_color__hover=\u00a0\u00bb#000000&Prime; button_bg_color__hover_enabled=\u00a0\u00bbon|hover\u00a0\u00bb background__hover_enabled=\u00a0\u00bbon|hover\u00a0\u00bb]\n<p>Collectivit\u00e9s<\/p>\n[\/et_pb_cta][\/et_pb_column][et_pb_column type=\u00a0\u00bb1_4&Prime; _builder_version=\u00a0\u00bb4.16&Prime; _module_preset=\u00a0\u00bbdefault\u00a0\u00bb background_enable_image=\u00a0\u00bboff\u00a0\u00bb background_blend=\u00a0\u00bbsoft-light\u00a0\u00bb custom_padding=\u00a0\u00bb0px||0px||false|false\u00a0\u00bb border_width_all=\u00a0\u00bb1px\u00a0\u00bb border_color_all=\u00a0\u00bb#FFFFFF\u00a0\u00bb global_colors_info=\u00a0\u00bb{}\u00a0\u00bb][et_pb_cta button_url=\u00a0\u00bbhttps:\/\/www.avant-pays-savoyard.com\/smaps\/project\/energiepositive-entreprises\/\u00a0\u00bb button_text=\u00a0\u00bbVotre espace\u00a0\u00bb _builder_version=\u00a0\u00bb4.16&Prime; _module_preset=\u00a0\u00bbdefault\u00a0\u00bb body_font=\u00a0\u00bbExo|600||on|||||\u00a0\u00bb body_text_color=\u00a0\u00bb#FFFFFF\u00a0\u00bb body_font_size=\u00a0\u00bb25px\u00a0\u00bb use_background_color_gradient=\u00a0\u00bbon\u00a0\u00bb background_color_gradient_type=\u00a0\u00bbcircular\u00a0\u00bb background_color_gradient_stops=\u00a0\u00bbrgba(10,10,10,0.65) 13%|#333333 84%\u00a0\u00bb background_color_gradient_start=\u00a0\u00bbrgba(10,10,10,0.65)\u00a0\u00bb background_color_gradient_start_position=\u00a0\u00bb13%\u00a0\u00bb background_color_gradient_end=\u00a0\u00bb#333333&Prime; background_color_gradient_end_position=\u00a0\u00bb84%\u00a0\u00bb background_image=\u00a0\u00bbhttps:\/\/www.avant-pays-savoyard.com\/smaps\/wp-content\/uploads\/2021\/10\/illustration-entreprises.jpg\u00a0\u00bb background_blend=\u00a0\u00bbsoft-light\u00a0\u00bb custom_button=\u00a0\u00bbon\u00a0\u00bb button_text_size=\u00a0\u00bb14px\u00a0\u00bb button_text_color=\u00a0\u00bb#FFFFFF\u00a0\u00bb button_bg_color=\u00a0\u00bbrgba(150,127,120,0.96)\u00a0\u00bb button_border_width=\u00a0\u00bb0px\u00a0\u00bb button_border_color=\u00a0\u00bb#FFFFFF\u00a0\u00bb button_border_radius=\u00a0\u00bb13px\u00a0\u00bb button_font=\u00a0\u00bbExo||||||||\u00a0\u00bb button_use_icon=\u00a0\u00bboff\u00a0\u00bb custom_padding=\u00a0\u00bb60px||40px||false|false\u00a0\u00bb link_option_url=\u00a0\u00bbhttps:\/\/www.avant-pays-savoyard.com\/smaps\/project\/energiepositive-entreprises\/\u00a0\u00bb global_colors_info=\u00a0\u00bb{}\u00a0\u00bb button_bg_color__hover=\u00a0\u00bb#000000&Prime; button_bg_color__hover_enabled=\u00a0\u00bbon|hover\u00a0\u00bb background__hover_enabled=\u00a0\u00bbon|hover\u00a0\u00bb]\n<p>Entreprises<\/p>\n[\/et_pb_cta][\/et_pb_column][et_pb_column type=\u00a0\u00bb1_4&Prime; _builder_version=\u00a0\u00bb4.16&Prime; _module_preset=\u00a0\u00bbdefault\u00a0\u00bb background_enable_image=\u00a0\u00bboff\u00a0\u00bb background_blend=\u00a0\u00bbsoft-light\u00a0\u00bb custom_padding=\u00a0\u00bb0px||0px||false|false\u00a0\u00bb border_width_all=\u00a0\u00bb1px\u00a0\u00bb border_color_all=\u00a0\u00bb#FFFFFF\u00a0\u00bb global_colors_info=\u00a0\u00bb{}\u00a0\u00bb][et_pb_cta button_url=\u00a0\u00bbhttps:\/\/www.avant-pays-savoyard.com\/smaps\/project\/energiepositive-agriculteurs\/\u00a0\u00bb button_text=\u00a0\u00bbVotre espace\u00a0\u00bb _builder_version=\u00a0\u00bb4.16&Prime; _module_preset=\u00a0\u00bbdefault\u00a0\u00bb body_font=\u00a0\u00bbExo|600||on|||||\u00a0\u00bb body_text_color=\u00a0\u00bb#FFFFFF\u00a0\u00bb body_font_size=\u00a0\u00bb25px\u00a0\u00bb use_background_color_gradient=\u00a0\u00bbon\u00a0\u00bb background_color_gradient_type=\u00a0\u00bbcircular\u00a0\u00bb background_color_gradient_stops=\u00a0\u00bbrgba(10,10,10,0.65) 13%|#333333 84%\u00a0\u00bb background_color_gradient_start=\u00a0\u00bbrgba(10,10,10,0.65)\u00a0\u00bb background_color_gradient_start_position=\u00a0\u00bb13%\u00a0\u00bb background_color_gradient_end=\u00a0\u00bb#333333&Prime; background_color_gradient_end_position=\u00a0\u00bb84%\u00a0\u00bb background_image=\u00a0\u00bbhttps:\/\/www.avant-pays-savoyard.com\/smaps\/wp-content\/uploads\/2021\/10\/illustration-agrcilole.jpg\u00a0\u00bb background_blend=\u00a0\u00bbsoft-light\u00a0\u00bb custom_button=\u00a0\u00bbon\u00a0\u00bb button_text_size=\u00a0\u00bb14px\u00a0\u00bb button_text_color=\u00a0\u00bb#FFFFFF\u00a0\u00bb button_bg_color=\u00a0\u00bbrgba(3,162,75,0.92)\u00a0\u00bb button_border_width=\u00a0\u00bb0px\u00a0\u00bb button_border_color=\u00a0\u00bb#FFFFFF\u00a0\u00bb button_border_radius=\u00a0\u00bb13px\u00a0\u00bb button_font=\u00a0\u00bbExo||||||||\u00a0\u00bb button_use_icon=\u00a0\u00bboff\u00a0\u00bb custom_padding=\u00a0\u00bb60px||40px||false|false\u00a0\u00bb link_option_url=\u00a0\u00bbhttps:\/\/www.avant-pays-savoyard.com\/smaps\/project\/energiepositive-agriculteurs\/\u00a0\u00bb global_colors_info=\u00a0\u00bb{}\u00a0\u00bb button_bg_color__hover=\u00a0\u00bb#000000&Prime; button_bg_color__hover_enabled=\u00a0\u00bbon|hover\u00a0\u00bb background__hover_enabled=\u00a0\u00bbon|hover\u00a0\u00bb]\n<p>Agriculteurs<\/p>\n[\/et_pb_cta][\/et_pb_column][et_pb_column type=\u00a0\u00bb1_4&Prime; _builder_version=\u00a0\u00bb4.16&Prime; _module_preset=\u00a0\u00bbdefault\u00a0\u00bb background_enable_image=\u00a0\u00bboff\u00a0\u00bb background_blend=\u00a0\u00bbsoft-light\u00a0\u00bb custom_padding=\u00a0\u00bb0px||0px||false|false\u00a0\u00bb border_width_all=\u00a0\u00bb1px\u00a0\u00bb border_color_all=\u00a0\u00bb#FFFFFF\u00a0\u00bb global_colors_info=\u00a0\u00bb{}\u00a0\u00bb][et_pb_cta button_url=\u00a0\u00bbhttps:\/\/www.avant-pays-savoyard.com\/smaps\/project\/energiepositive-particuliers\/\u00a0\u00bb button_text=\u00a0\u00bbVotre espace\u00a0\u00bb _builder_version=\u00a0\u00bb4.16&Prime; _module_preset=\u00a0\u00bbdefault\u00a0\u00bb body_font=\u00a0\u00bbExo|600||on|||||\u00a0\u00bb body_text_color=\u00a0\u00bb#FFFFFF\u00a0\u00bb body_font_size=\u00a0\u00bb25px\u00a0\u00bb use_background_color_gradient=\u00a0\u00bbon\u00a0\u00bb background_color_gradient_type=\u00a0\u00bbcircular\u00a0\u00bb background_color_gradient_stops=\u00a0\u00bbrgba(10,10,10,0.65) 13%|#333333 84%\u00a0\u00bb background_color_gradient_start=\u00a0\u00bbrgba(10,10,10,0.65)\u00a0\u00bb background_color_gradient_start_position=\u00a0\u00bb13%\u00a0\u00bb background_color_gradient_end=\u00a0\u00bb#333333&Prime; background_color_gradient_end_position=\u00a0\u00bb84%\u00a0\u00bb background_image=\u00a0\u00bbhttps:\/\/www.avant-pays-savoyard.com\/smaps\/wp-content\/uploads\/2021\/10\/illustration-particuliers.jpg\u00a0\u00bb background_blend=\u00a0\u00bbsoft-light\u00a0\u00bb custom_button=\u00a0\u00bbon\u00a0\u00bb button_text_size=\u00a0\u00bb14px\u00a0\u00bb button_text_color=\u00a0\u00bb#FFFFFF\u00a0\u00bb button_bg_color=\u00a0\u00bbrgba(134,72,156,0.97)\u00a0\u00bb button_border_width=\u00a0\u00bb0px\u00a0\u00bb button_border_color=\u00a0\u00bb#FFFFFF\u00a0\u00bb button_border_radius=\u00a0\u00bb13px\u00a0\u00bb button_font=\u00a0\u00bbExo||||||||\u00a0\u00bb button_use_icon=\u00a0\u00bboff\u00a0\u00bb custom_padding=\u00a0\u00bb60px||40px||false|false\u00a0\u00bb link_option_url=\u00a0\u00bbhttps:\/\/www.avant-pays-savoyard.com\/smaps\/project\/energiepositive-particuliers\/\u00a0\u00bb global_colors_info=\u00a0\u00bb{}\u00a0\u00bb button_bg_color__hover=\u00a0\u00bb#000000&Prime; button_bg_color__hover_enabled=\u00a0\u00bbon|hover\u00a0\u00bb background__hover_enabled=\u00a0\u00bbon|hover\u00a0\u00bb]\n<p>Particuliers<\/p>\n[\/et_pb_cta][\/et_pb_column][\/et_pb_row][\/et_pb_section]\n","protected":false},"excerpt":{"rendered":"<p>Collectivit\u00e9sEntreprisesAgriculteursPrime Chaleur RenouvelableLa prime chaleur renouvelableVous \u00eates un professionnel, une collectivit\u00e9, une copropri\u00e9t\u00e9 ? Vous souhaitez d\u00e9velopper un projet d\u2019\u00e9nergie renouvelable thermique ? Grand Lac et le Syndicat Mixte de l\u2019Avant-Pays Savoyard vous accompagnent et financent vos projets jusqu\u2019\u00e0 60% gr\u00e2ce \u00e0 des fonds ADEME .De quoi parle-t&rsquo;on ?Tous les porteurs de projets avec un [&hellip;]<\/p>\n","protected":false},"author":2,"featured_media":4891,"comment_status":"closed","ping_status":"closed","template":"","meta":{"_et_pb_use_builder":"on","_et_pb_old_content":"","_et_gb_content_width":"","_monsterinsights_skip_tracking":false,"_monsterinsights_sitenote_active":false,"_monsterinsights_sitenote_note":"","_monsterinsights_sitenote_category":0,"footnotes":""},"project_category":[27],"project_tag":[],"class_list":["post-3764","project","type-project","status-publish","has-post-thumbnail","hentry","project_category-accompagnement"],"yoast_head":"<!-- This site is optimized with the Yoast SEO plugin v27.5 - https:\/\/yoast.com\/product\/yoast-seo-wordpress\/ -->\n<title>TEPOS - Dispositif - Chaleur renouvelable | SMAPS - Avant-Pays Savoyard<\/title>\n<meta name=\"description\" content=\"TEPOS - Dispositif - Chaleur renouvelable | SMAPS | Syndicat Mixte de l&#039;Avant-Pays Savoyard - Territoire \u00e0 \u00e9nergie positive\" \/>\n<meta name=\"robots\" content=\"index, follow, max-snippet:-1, max-image-preview:large, max-video-preview:-1\" \/>\n<link rel=\"canonical\" href=\"https:\/\/www.avant-pays-savoyard.com\/smaps\/project\/chaleur_renouvelable\/\" \/>\n<meta property=\"og:locale\" content=\"fr_FR\" \/>\n<meta property=\"og:type\" content=\"article\" \/>\n<meta property=\"og:title\" content=\"TEPOS - Dispositif - Chaleur renouvelable | SMAPS - Avant-Pays Savoyard\" \/>\n<meta property=\"og:description\" content=\"TEPOS - Dispositif - Chaleur renouvelable | SMAPS | Syndicat Mixte de l&#039;Avant-Pays Savoyard - Territoire \u00e0 \u00e9nergie positive\" \/>\n<meta property=\"og:url\" content=\"https:\/\/www.avant-pays-savoyard.com\/smaps\/project\/chaleur_renouvelable\/\" \/>\n<meta property=\"og:site_name\" content=\"Syndicat Mixte Avant-Pays Savoyard\" \/>\n<meta property=\"article:publisher\" content=\"https:\/\/www.facebook.com\/philippe.smaps?eid=ARBa3pcAa8gXFS8WNK_PRvsO8QdGpgIOahlkYUZ_fHoQSowEaz5KpN0GqL0PUxNL0ZbTsFwcVmpWqAsm\" \/>\n<meta property=\"article:modified_time\" content=\"2023-05-31T09:07:23+00:00\" \/>\n<meta property=\"og:image\" content=\"https:\/\/www.avant-pays-savoyard.com\/smaps\/wp-content\/uploads\/2021\/11\/Flyer_general_PCR_V4_page-0001.jpg\" \/>\n\t<meta property=\"og:image:width\" content=\"875\" \/>\n\t<meta property=\"og:image:height\" content=\"1241\" \/>\n\t<meta property=\"og:image:type\" content=\"image\/jpeg\" \/>\n<meta name=\"twitter:card\" content=\"summary_large_image\" \/>\n<meta name=\"twitter:label1\" content=\"Dur\u00e9e de lecture estim\u00e9e\" \/>\n\t<meta name=\"twitter:data1\" content=\"5 minutes\" \/>\n<script type=\"application\/ld+json\" class=\"yoast-schema-graph\">{\"@context\":\"https:\\\/\\\/schema.org\",\"@graph\":[{\"@type\":\"WebPage\",\"@id\":\"https:\\\/\\\/www.avant-pays-savoyard.com\\\/smaps\\\/project\\\/chaleur_renouvelable\\\/\",\"url\":\"https:\\\/\\\/www.avant-pays-savoyard.com\\\/smaps\\\/project\\\/chaleur_renouvelable\\\/\",\"name\":\"TEPOS - Dispositif - Chaleur renouvelable | SMAPS - Avant-Pays Savoyard\",\"isPartOf\":{\"@id\":\"https:\\\/\\\/www.avant-pays-savoyard.com\\\/smaps\\\/#website\"},\"primaryImageOfPage\":{\"@id\":\"https:\\\/\\\/www.avant-pays-savoyard.com\\\/smaps\\\/project\\\/chaleur_renouvelable\\\/#primaryimage\"},\"image\":{\"@id\":\"https:\\\/\\\/www.avant-pays-savoyard.com\\\/smaps\\\/project\\\/chaleur_renouvelable\\\/#primaryimage\"},\"thumbnailUrl\":\"https:\\\/\\\/www.avant-pays-savoyard.com\\\/smaps\\\/wp-content\\\/uploads\\\/2021\\\/11\\\/Flyer_general_PCR_V4_page-0001.jpg\",\"datePublished\":\"2021-11-24T09:41:27+00:00\",\"dateModified\":\"2023-05-31T09:07:23+00:00\",\"description\":\"TEPOS - Dispositif - Chaleur renouvelable | SMAPS | Syndicat Mixte de l'Avant-Pays Savoyard - Territoire \u00e0 \u00e9nergie positive\",\"breadcrumb\":{\"@id\":\"https:\\\/\\\/www.avant-pays-savoyard.com\\\/smaps\\\/project\\\/chaleur_renouvelable\\\/#breadcrumb\"},\"inLanguage\":\"fr-FR\",\"potentialAction\":[{\"@type\":\"ReadAction\",\"target\":[\"https:\\\/\\\/www.avant-pays-savoyard.com\\\/smaps\\\/project\\\/chaleur_renouvelable\\\/\"]}]},{\"@type\":\"ImageObject\",\"inLanguage\":\"fr-FR\",\"@id\":\"https:\\\/\\\/www.avant-pays-savoyard.com\\\/smaps\\\/project\\\/chaleur_renouvelable\\\/#primaryimage\",\"url\":\"https:\\\/\\\/www.avant-pays-savoyard.com\\\/smaps\\\/wp-content\\\/uploads\\\/2021\\\/11\\\/Flyer_general_PCR_V4_page-0001.jpg\",\"contentUrl\":\"https:\\\/\\\/www.avant-pays-savoyard.com\\\/smaps\\\/wp-content\\\/uploads\\\/2021\\\/11\\\/Flyer_general_PCR_V4_page-0001.jpg\",\"width\":875,\"height\":1241},{\"@type\":\"BreadcrumbList\",\"@id\":\"https:\\\/\\\/www.avant-pays-savoyard.com\\\/smaps\\\/project\\\/chaleur_renouvelable\\\/#breadcrumb\",\"itemListElement\":[{\"@type\":\"ListItem\",\"position\":1,\"name\":\"Accueil\",\"item\":\"https:\\\/\\\/www.avant-pays-savoyard.com\\\/smaps\\\/\"},{\"@type\":\"ListItem\",\"position\":2,\"name\":\"Projets\",\"item\":\"https:\\\/\\\/www.avant-pays-savoyard.com\\\/smaps\\\/project\\\/\"},{\"@type\":\"ListItem\",\"position\":3,\"name\":\"Programmes d'accompagnement\",\"item\":\"https:\\\/\\\/www.avant-pays-savoyard.com\\\/smaps\\\/project_category\\\/accompagnement\\\/\"},{\"@type\":\"ListItem\",\"position\":4,\"name\":\"TEPOS &#8211; Dispositif &#8211; Chaleur renouvelable\"}]},{\"@type\":\"WebSite\",\"@id\":\"https:\\\/\\\/www.avant-pays-savoyard.com\\\/smaps\\\/#website\",\"url\":\"https:\\\/\\\/www.avant-pays-savoyard.com\\\/smaps\\\/\",\"name\":\"Syndicat Mixte Avant-Pays Savoyard\",\"description\":\"Site du SMAPS\",\"publisher\":{\"@id\":\"https:\\\/\\\/www.avant-pays-savoyard.com\\\/smaps\\\/#organization\"},\"potentialAction\":[{\"@type\":\"SearchAction\",\"target\":{\"@type\":\"EntryPoint\",\"urlTemplate\":\"https:\\\/\\\/www.avant-pays-savoyard.com\\\/smaps\\\/?s={search_term_string}\"},\"query-input\":{\"@type\":\"PropertyValueSpecification\",\"valueRequired\":true,\"valueName\":\"search_term_string\"}}],\"inLanguage\":\"fr-FR\"},{\"@type\":\"Organization\",\"@id\":\"https:\\\/\\\/www.avant-pays-savoyard.com\\\/smaps\\\/#organization\",\"name\":\"Avant Pays Savoyard\",\"url\":\"https:\\\/\\\/www.avant-pays-savoyard.com\\\/smaps\\\/\",\"logo\":{\"@type\":\"ImageObject\",\"inLanguage\":\"fr-FR\",\"@id\":\"https:\\\/\\\/www.avant-pays-savoyard.com\\\/smaps\\\/#\\\/schema\\\/logo\\\/image\\\/\",\"url\":\"https:\\\/\\\/www.avant-pays-savoyard.com\\\/smaps\\\/wp-content\\\/uploads\\\/2020\\\/11\\\/logo-smaps.png\",\"contentUrl\":\"https:\\\/\\\/www.avant-pays-savoyard.com\\\/smaps\\\/wp-content\\\/uploads\\\/2020\\\/11\\\/logo-smaps.png\",\"width\":1617,\"height\":738,\"caption\":\"Avant Pays Savoyard\"},\"image\":{\"@id\":\"https:\\\/\\\/www.avant-pays-savoyard.com\\\/smaps\\\/#\\\/schema\\\/logo\\\/image\\\/\"},\"sameAs\":[\"https:\\\/\\\/www.facebook.com\\\/philippe.smaps?eid=ARBa3pcAa8gXFS8WNK_PRvsO8QdGpgIOahlkYUZ_fHoQSowEaz5KpN0GqL0PUxNL0ZbTsFwcVmpWqAsm\"]}]}<\/script>\n<!-- \/ Yoast SEO plugin. -->","yoast_head_json":{"title":"TEPOS - Dispositif - Chaleur renouvelable | SMAPS - Avant-Pays Savoyard","description":"TEPOS - Dispositif - Chaleur renouvelable | SMAPS | Syndicat Mixte de l'Avant-Pays Savoyard - Territoire \u00e0 \u00e9nergie positive","robots":{"index":"index","follow":"follow","max-snippet":"max-snippet:-1","max-image-preview":"max-image-preview:large","max-video-preview":"max-video-preview:-1"},"canonical":"https:\/\/www.avant-pays-savoyard.com\/smaps\/project\/chaleur_renouvelable\/","og_locale":"fr_FR","og_type":"article","og_title":"TEPOS - Dispositif - Chaleur renouvelable | SMAPS - Avant-Pays Savoyard","og_description":"TEPOS - Dispositif - Chaleur renouvelable | SMAPS | Syndicat Mixte de l'Avant-Pays Savoyard - Territoire \u00e0 \u00e9nergie positive","og_url":"https:\/\/www.avant-pays-savoyard.com\/smaps\/project\/chaleur_renouvelable\/","og_site_name":"Syndicat Mixte Avant-Pays Savoyard","article_publisher":"https:\/\/www.facebook.com\/philippe.smaps?eid=ARBa3pcAa8gXFS8WNK_PRvsO8QdGpgIOahlkYUZ_fHoQSowEaz5KpN0GqL0PUxNL0ZbTsFwcVmpWqAsm","article_modified_time":"2023-05-31T09:07:23+00:00","og_image":[{"width":875,"height":1241,"url":"https:\/\/www.avant-pays-savoyard.com\/smaps\/wp-content\/uploads\/2021\/11\/Flyer_general_PCR_V4_page-0001.jpg","type":"image\/jpeg"}],"twitter_card":"summary_large_image","twitter_misc":{"Dur\u00e9e de lecture estim\u00e9e":"5 minutes"},"schema":{"@context":"https:\/\/schema.org","@graph":[{"@type":"WebPage","@id":"https:\/\/www.avant-pays-savoyard.com\/smaps\/project\/chaleur_renouvelable\/","url":"https:\/\/www.avant-pays-savoyard.com\/smaps\/project\/chaleur_renouvelable\/","name":"TEPOS - Dispositif - Chaleur renouvelable | SMAPS - Avant-Pays Savoyard","isPartOf":{"@id":"https:\/\/www.avant-pays-savoyard.com\/smaps\/#website"},"primaryImageOfPage":{"@id":"https:\/\/www.avant-pays-savoyard.com\/smaps\/project\/chaleur_renouvelable\/#primaryimage"},"image":{"@id":"https:\/\/www.avant-pays-savoyard.com\/smaps\/project\/chaleur_renouvelable\/#primaryimage"},"thumbnailUrl":"https:\/\/www.avant-pays-savoyard.com\/smaps\/wp-content\/uploads\/2021\/11\/Flyer_general_PCR_V4_page-0001.jpg","datePublished":"2021-11-24T09:41:27+00:00","dateModified":"2023-05-31T09:07:23+00:00","description":"TEPOS - Dispositif - Chaleur renouvelable | SMAPS | Syndicat Mixte de l'Avant-Pays Savoyard - Territoire \u00e0 \u00e9nergie positive","breadcrumb":{"@id":"https:\/\/www.avant-pays-savoyard.com\/smaps\/project\/chaleur_renouvelable\/#breadcrumb"},"inLanguage":"fr-FR","potentialAction":[{"@type":"ReadAction","target":["https:\/\/www.avant-pays-savoyard.com\/smaps\/project\/chaleur_renouvelable\/"]}]},{"@type":"ImageObject","inLanguage":"fr-FR","@id":"https:\/\/www.avant-pays-savoyard.com\/smaps\/project\/chaleur_renouvelable\/#primaryimage","url":"https:\/\/www.avant-pays-savoyard.com\/smaps\/wp-content\/uploads\/2021\/11\/Flyer_general_PCR_V4_page-0001.jpg","contentUrl":"https:\/\/www.avant-pays-savoyard.com\/smaps\/wp-content\/uploads\/2021\/11\/Flyer_general_PCR_V4_page-0001.jpg","width":875,"height":1241},{"@type":"BreadcrumbList","@id":"https:\/\/www.avant-pays-savoyard.com\/smaps\/project\/chaleur_renouvelable\/#breadcrumb","itemListElement":[{"@type":"ListItem","position":1,"name":"Accueil","item":"https:\/\/www.avant-pays-savoyard.com\/smaps\/"},{"@type":"ListItem","position":2,"name":"Projets","item":"https:\/\/www.avant-pays-savoyard.com\/smaps\/project\/"},{"@type":"ListItem","position":3,"name":"Programmes d'accompagnement","item":"https:\/\/www.avant-pays-savoyard.com\/smaps\/project_category\/accompagnement\/"},{"@type":"ListItem","position":4,"name":"TEPOS &#8211; Dispositif &#8211; Chaleur renouvelable"}]},{"@type":"WebSite","@id":"https:\/\/www.avant-pays-savoyard.com\/smaps\/#website","url":"https:\/\/www.avant-pays-savoyard.com\/smaps\/","name":"Syndicat Mixte Avant-Pays Savoyard","description":"Site du SMAPS","publisher":{"@id":"https:\/\/www.avant-pays-savoyard.com\/smaps\/#organization"},"potentialAction":[{"@type":"SearchAction","target":{"@type":"EntryPoint","urlTemplate":"https:\/\/www.avant-pays-savoyard.com\/smaps\/?s={search_term_string}"},"query-input":{"@type":"PropertyValueSpecification","valueRequired":true,"valueName":"search_term_string"}}],"inLanguage":"fr-FR"},{"@type":"Organization","@id":"https:\/\/www.avant-pays-savoyard.com\/smaps\/#organization","name":"Avant Pays Savoyard","url":"https:\/\/www.avant-pays-savoyard.com\/smaps\/","logo":{"@type":"ImageObject","inLanguage":"fr-FR","@id":"https:\/\/www.avant-pays-savoyard.com\/smaps\/#\/schema\/logo\/image\/","url":"https:\/\/www.avant-pays-savoyard.com\/smaps\/wp-content\/uploads\/2020\/11\/logo-smaps.png","contentUrl":"https:\/\/www.avant-pays-savoyard.com\/smaps\/wp-content\/uploads\/2020\/11\/logo-smaps.png","width":1617,"height":738,"caption":"Avant Pays Savoyard"},"image":{"@id":"https:\/\/www.avant-pays-savoyard.com\/smaps\/#\/schema\/logo\/image\/"},"sameAs":["https:\/\/www.facebook.com\/philippe.smaps?eid=ARBa3pcAa8gXFS8WNK_PRvsO8QdGpgIOahlkYUZ_fHoQSowEaz5KpN0GqL0PUxNL0ZbTsFwcVmpWqAsm"]}]}},"publishpress_future_workflow_manual_trigger":{"enabledWorkflows":[]},"_links":{"self":[{"href":"https:\/\/www.avant-pays-savoyard.com\/smaps\/wp-json\/wp\/v2\/project\/3764","targetHints":{"allow":["GET"]}}],"collection":[{"href":"https:\/\/www.avant-pays-savoyard.com\/smaps\/wp-json\/wp\/v2\/project"}],"about":[{"href":"https:\/\/www.avant-pays-savoyard.com\/smaps\/wp-json\/wp\/v2\/types\/project"}],"author":[{"embeddable":true,"href":"https:\/\/www.avant-pays-savoyard.com\/smaps\/wp-json\/wp\/v2\/users\/2"}],"replies":[{"embeddable":true,"href":"https:\/\/www.avant-pays-savoyard.com\/smaps\/wp-json\/wp\/v2\/comments?post=3764"}],"version-history":[{"count":40,"href":"https:\/\/www.avant-pays-savoyard.com\/smaps\/wp-json\/wp\/v2\/project\/3764\/revisions"}],"predecessor-version":[{"id":5151,"href":"https:\/\/www.avant-pays-savoyard.com\/smaps\/wp-json\/wp\/v2\/project\/3764\/revisions\/5151"}],"wp:featuredmedia":[{"embeddable":true,"href":"https:\/\/www.avant-pays-savoyard.com\/smaps\/wp-json\/wp\/v2\/media\/4891"}],"wp:attachment":[{"href":"https:\/\/www.avant-pays-savoyard.com\/smaps\/wp-json\/wp\/v2\/media?parent=3764"}],"wp:term":[{"taxonomy":"project_category","embeddable":true,"href":"https:\/\/www.avant-pays-savoyard.com\/smaps\/wp-json\/wp\/v2\/project_category?post=3764"},{"taxonomy":"project_tag","embeddable":true,"href":"https:\/\/www.avant-pays-savoyard.com\/smaps\/wp-json\/wp\/v2\/project_tag?post=3764"}],"curies":[{"name":"wp","href":"https:\/\/api.w.org\/{rel}","templated":true}]}}